{"id":2291,"date":"2025-10-21T14:23:36","date_gmt":"2025-10-21T12:23:36","guid":{"rendered":"https:\/\/mecatek.eu\/?post_type=product&#038;p=2291"},"modified":"2026-01-28T10:43:41","modified_gmt":"2026-01-28T09:43:41","slug":"frame-extensions-for-motorbike-and-bicycle-racks","status":"publish","type":"product","link":"https:\/\/mecatek.eu\/en\/product\/frame-extensions-for-motorbike-and-bicycle-racks\/","title":{"rendered":"Frame extensions for motorbike and bicycle racks"},"content":{"rendered":"<div data-elementor-type=\"product-post\" data-elementor-id=\"2291\" class=\"elementor elementor-2291\" data-elementor-post-type=\"product\">\n\t\t\t\t<div class=\"elementor-element elementor-element-6f4f5a9a e-flex e-con-boxed e-con e-parent\" data-id=\"6f4f5a9a\" data-element_type=\"container\" data-e-type=\"container\">\n\t\t\t\t\t<div class=\"e-con-inner\">\n\t\t<div class=\"elementor-element elementor-element-83688fd e-con-full e-flex e-con e-child\" data-id=\"83688fd\" data-element_type=\"container\" data-e-type=\"container\">\n\t\t<div class=\"elementor-element elementor-element-ed055c2 e-con-full e-flex e-con e-child\" data-id=\"ed055c2\" data-element_type=\"container\" data-e-type=\"container\">\n\t\t\t\t<div class=\"elementor-element elementor-element-4be79c3 elementor-widget elementor-widget-text-editor\" data-id=\"4be79c3\" data-element_type=\"widget\" data-e-type=\"widget\" data-widget_type=\"text-editor.default\">\n\t\t\t\t\t\t\t\t\t<h2>Motorhome chassis extensions<\/h2>\t\t\t\t\t\t\t\t<\/div>\n\t\t\t\t<div class=\"elementor-element elementor-element-7923784 elementor-widget elementor-widget-text-editor\" data-id=\"7923784\" data-element_type=\"widget\" data-e-type=\"widget\" data-widget_type=\"text-editor.default\">\n\t\t\t\t\t\t\t\t\t<p>Many vehicles are not fitted with a chassis extension as standard, so fitting a trailer hitch, bike carrier or motorbike carrier can be a complex process. You need to turn to a professional to offer you a chassis extension and brackets that are perfectly suited to the characteristics of your vehicle (permissible laden weight, chassis configuration, existing equipment, etc.).<\/p><p>Our team of specialists will advise you and provide you with the right technical solution for your vehicle.<\/p><ul><li>Extension for Fiat Ducato X250 \/ X290 chassis<\/li><li>Extension for Fiat Ducato X244 chassis<\/li><li>Extension for Mercedes Sprinter NCV3 chassis<\/li><li>Extension for Renault Master chassis<\/li><\/ul>\t\t\t\t\t\t\t\t<\/div>\n\t\t<div class=\"elementor-element elementor-element-f31dd4d e-grid e-con-full e-con e-child\" data-id=\"f31dd4d\" data-element_type=\"container\" data-e-type=\"container\">\n\t\t\t\t<div class=\"elementor-element elementor-element-919e48b elementor-position-top elementor-widget elementor-widget-image-box\" data-id=\"919e48b\" data-element_type=\"widget\" data-e-type=\"widget\" data-widget_type=\"image-box.default\">\n\t\t\t\t\t<div class=\"elementor-image-box-wrapper\"><figure class=\"elementor-image-box-img\"><img fetchpriority=\"high\" decoding=\"async\" width=\"800\" height=\"800\" src=\"https:\/\/mecatek.eu\/wp-content\/uploads\/2025\/12\/supports-porte-velos-moto.jpg\" class=\"attachment-full size-full wp-image-2305\" alt=\"Bike and\/or motorbike racks\" srcset=\"https:\/\/mecatek.eu\/wp-content\/uploads\/2025\/12\/supports-porte-velos-moto.jpg 800w, https:\/\/mecatek.eu\/wp-content\/uploads\/2025\/12\/supports-porte-velos-moto-300x300.jpg 300w, https:\/\/mecatek.eu\/wp-content\/uploads\/2025\/12\/supports-porte-velos-moto-80x80.jpg 80w, https:\/\/mecatek.eu\/wp-content\/uploads\/2025\/12\/supports-porte-velos-moto-500x500.jpg 500w\" sizes=\"(max-width: 800px) 100vw, 800px\" \/><\/figure><div class=\"elementor-image-box-content\"><p class=\"elementor-image-box-title\">Bike and\/or motorbike racks<\/p><\/div><\/div>\t\t\t\t<\/div>\n\t\t\t\t<div class=\"elementor-element elementor-element-3e95299 elementor-position-top elementor-widget elementor-widget-image-box\" data-id=\"3e95299\" data-element_type=\"widget\" data-e-type=\"widget\" data-widget_type=\"image-box.default\">\n\t\t\t\t\t<div class=\"elementor-image-box-wrapper\"><figure class=\"elementor-image-box-img\"><img decoding=\"async\" width=\"800\" height=\"800\" src=\"https:\/\/mecatek.eu\/wp-content\/uploads\/2025\/12\/pieces-de-renfort.jpg\" class=\"attachment-full size-full wp-image-2304\" alt=\"Reinforcement parts\" srcset=\"https:\/\/mecatek.eu\/wp-content\/uploads\/2025\/12\/pieces-de-renfort.jpg 800w, https:\/\/mecatek.eu\/wp-content\/uploads\/2025\/12\/pieces-de-renfort-300x300.jpg 300w, https:\/\/mecatek.eu\/wp-content\/uploads\/2025\/12\/pieces-de-renfort-80x80.jpg 80w, https:\/\/mecatek.eu\/wp-content\/uploads\/2025\/12\/pieces-de-renfort-500x500.jpg 500w\" sizes=\"(max-width: 800px) 100vw, 800px\" \/><\/figure><div class=\"elementor-image-box-content\"><p class=\"elementor-image-box-title\">Reinforcement parts<\/p><\/div><\/div>\t\t\t\t<\/div>\n\t\t\t\t<\/div>\n\t\t\t\t<\/div>\n\t\t<div class=\"elementor-element elementor-element-f2423c9 e-con-full e-flex e-con e-child\" data-id=\"f2423c9\" data-element_type=\"container\" data-e-type=\"container\" data-settings=\"{&quot;background_background&quot;:&quot;classic&quot;}\">\n\t\t\t\t<div class=\"elementor-element elementor-element-fd66873 elementor-widget elementor-widget-image\" data-id=\"fd66873\" data-element_type=\"widget\" data-e-type=\"widget\" data-widget_type=\"image.default\">\n\t\t\t\t\t\t\t\t\t\t\t\t\t\t\t<img decoding=\"async\" width=\"400\" height=\"200\" src=\"https:\/\/mecatek.eu\/wp-content\/uploads\/2025\/11\/Logo-porte-moto-velos.png\" class=\"attachment-full size-full wp-image-1066\" alt=\"\" \/>\t\t\t\t\t\t\t\t\t\t\t\t\t\t\t<\/div>\n\t\t\t\t<div class=\"elementor-element elementor-element-68252b5 elementor-widget elementor-widget-text-editor\" data-id=\"68252b5\" data-element_type=\"widget\" data-e-type=\"widget\" data-widget_type=\"text-editor.default\">\n\t\t\t\t\t\t\t\t\t<p><strong>Technical data :<br \/><\/strong>Other configurations are possible, please contact us for more information.<\/p>\t\t\t\t\t\t\t\t<\/div>\n\t\t\t\t<\/div>\n\t\t\t\t<\/div>\n\t\t\t\t\t<\/div>\n\t\t\t\t<\/div>\n\t\t\t\t<\/div>","protected":false},"excerpt":{"rendered":"<p>Sturdy chassis extensions for securely attaching a motorbike or bike carrier to many motorhomes and vans. They compensate for the lack of original extensions and allow a trailer hitch or load carrier to be fitted.<\/p>","protected":false},"featured_media":2292,"comment_status":"closed","ping_status":"closed","template":"","meta":[],"product_brand":[],"product_cat":[30,31],"product_tag":[],"class_list":{"0":"post-2291","1":"product","2":"type-product","3":"status-publish","4":"has-post-thumbnail","6":"product_cat-porte-velos-camping-car","7":"product_cat-porte-motos-camping-car","9":"first","10":"instock","11":"shipping-taxable","12":"product-type-simple"},"yoast_head":"<!-- This site is optimized with the Yoast SEO plugin v26.9 - https:\/\/yoast.com\/product\/yoast-seo-wordpress\/ -->\n<title>Rallonges de ch\u00e2ssis pour porte-moto et v\u00e9los - Mecatek (ex-Sawiko France)<\/title>\n<meta name=\"description\" content=\"Rallonges de ch\u00e2ssis permettant de fixer solidement une attache\u2011remorque ou un porte-v\u00e9los ou moto sur un camping\u2011car ou un fourgon\" \/>\n<meta name=\"robots\" content=\"index, follow, max-snippet:-1, max-image-preview:large, max-video-preview:-1\" \/>\n<link rel=\"canonical\" href=\"https:\/\/mecatek.eu\/en\/product\/frame-extensions-for-motorbike-and-bicycle-racks\/\" \/>\n<meta property=\"og:locale\" content=\"en_GB\" \/>\n<meta property=\"og:type\" content=\"article\" \/>\n<meta property=\"og:title\" content=\"Rallonges de ch\u00e2ssis pour porte-moto et v\u00e9los - Mecatek (ex-Sawiko France)\" \/>\n<meta property=\"og:description\" content=\"Rallonges de ch\u00e2ssis permettant de fixer solidement une attache\u2011remorque ou un porte-v\u00e9los ou moto sur un camping\u2011car ou un fourgon\" \/>\n<meta property=\"og:url\" content=\"https:\/\/mecatek.eu\/en\/product\/frame-extensions-for-motorbike-and-bicycle-racks\/\" \/>\n<meta property=\"og:site_name\" content=\"Mecatek (ex-Sawiko France)\" \/>\n<meta property=\"article:modified_time\" content=\"2026-01-28T09:43:41+00:00\" \/>\n<meta property=\"og:image\" content=\"http:\/\/mecatek.eu\/wp-content\/uploads\/2026\/01\/rallonge-chassis-camping-car.jpg\" \/>\n\t<meta property=\"og:image:width\" content=\"800\" \/>\n\t<meta property=\"og:image:height\" content=\"800\" \/>\n\t<meta property=\"og:image:type\" content=\"image\/jpeg\" \/>\n<meta name=\"twitter:card\" content=\"summary_large_image\" \/>\n<meta name=\"twitter:label1\" content=\"Estimated reading time\" \/>\n\t<meta name=\"twitter:data1\" content=\"2 minutes\" \/>\n<script type=\"application\/ld+json\" class=\"yoast-schema-graph\">{\"@context\":\"https:\/\/schema.org\",\"@graph\":[{\"@type\":\"WebPage\",\"@id\":\"https:\/\/mecatek.eu\/produit\/rallonges-de-chassis-pour-porte-moto-et-velos\/\",\"url\":\"https:\/\/mecatek.eu\/produit\/rallonges-de-chassis-pour-porte-moto-et-velos\/\",\"name\":\"Rallonges de ch\u00e2ssis pour porte-moto et v\u00e9los - Mecatek (ex-Sawiko France)\",\"isPartOf\":{\"@id\":\"https:\/\/mecatek.eu\/#website\"},\"primaryImageOfPage\":{\"@id\":\"https:\/\/mecatek.eu\/produit\/rallonges-de-chassis-pour-porte-moto-et-velos\/#primaryimage\"},\"image\":{\"@id\":\"https:\/\/mecatek.eu\/produit\/rallonges-de-chassis-pour-porte-moto-et-velos\/#primaryimage\"},\"thumbnailUrl\":\"https:\/\/mecatek.eu\/wp-content\/uploads\/2026\/01\/rallonge-chassis-camping-car.jpg\",\"datePublished\":\"2025-10-21T12:23:36+00:00\",\"dateModified\":\"2026-01-28T09:43:41+00:00\",\"description\":\"Rallonges de ch\u00e2ssis permettant de fixer solidement une attache\u2011remorque ou un porte-v\u00e9los ou moto sur un camping\u2011car ou un fourgon\",\"breadcrumb\":{\"@id\":\"https:\/\/mecatek.eu\/produit\/rallonges-de-chassis-pour-porte-moto-et-velos\/#breadcrumb\"},\"inLanguage\":\"en-GB\",\"potentialAction\":[{\"@type\":\"ReadAction\",\"target\":[\"https:\/\/mecatek.eu\/produit\/rallonges-de-chassis-pour-porte-moto-et-velos\/\"]}]},{\"@type\":\"ImageObject\",\"inLanguage\":\"en-GB\",\"@id\":\"https:\/\/mecatek.eu\/produit\/rallonges-de-chassis-pour-porte-moto-et-velos\/#primaryimage\",\"url\":\"https:\/\/mecatek.eu\/wp-content\/uploads\/2026\/01\/rallonge-chassis-camping-car.jpg\",\"contentUrl\":\"https:\/\/mecatek.eu\/wp-content\/uploads\/2026\/01\/rallonge-chassis-camping-car.jpg\",\"width\":800,\"height\":800,\"caption\":\"Rallonge de ch\u00e2ssis de camping-car pour porte-moto et v\u00e9los\"},{\"@type\":\"BreadcrumbList\",\"@id\":\"https:\/\/mecatek.eu\/produit\/rallonges-de-chassis-pour-porte-moto-et-velos\/#breadcrumb\",\"itemListElement\":[{\"@type\":\"ListItem\",\"position\":1,\"name\":\"Accueil\",\"item\":\"https:\/\/mecatek.eu\/\"},{\"@type\":\"ListItem\",\"position\":2,\"name\":\"Catalogue\",\"item\":\"https:\/\/mecatek.eu\/catalogue\/\"},{\"@type\":\"ListItem\",\"position\":3,\"name\":\"Rallonges de ch\u00e2ssis pour porte-moto et v\u00e9los\"}]},{\"@type\":\"WebSite\",\"@id\":\"https:\/\/mecatek.eu\/#website\",\"url\":\"https:\/\/mecatek.eu\/\",\"name\":\"Mecatek (ex-Sawiko France)\",\"description\":\"Fabricant d&#039;attelages pour camping-car et fourgon - Mecatek\",\"publisher\":{\"@id\":\"https:\/\/mecatek.eu\/#organization\"},\"potentialAction\":[{\"@type\":\"SearchAction\",\"target\":{\"@type\":\"EntryPoint\",\"urlTemplate\":\"https:\/\/mecatek.eu\/?s={search_term_string}\"},\"query-input\":{\"@type\":\"PropertyValueSpecification\",\"valueRequired\":true,\"valueName\":\"search_term_string\"}}],\"inLanguage\":\"en-GB\"},{\"@type\":\"Organization\",\"@id\":\"https:\/\/mecatek.eu\/#organization\",\"name\":\"Mecatek (ex-Sawiko France)\",\"url\":\"https:\/\/mecatek.eu\/\",\"logo\":{\"@type\":\"ImageObject\",\"inLanguage\":\"en-GB\",\"@id\":\"https:\/\/mecatek.eu\/#\/schema\/logo\/image\/\",\"url\":\"http:\/\/mecatek.eu\/wp-content\/uploads\/2026\/01\/Logo-Mecatek-Solutions-techniques-2025-300px.png\",\"contentUrl\":\"http:\/\/mecatek.eu\/wp-content\/uploads\/2026\/01\/Logo-Mecatek-Solutions-techniques-2025-300px.png\",\"width\":400,\"height\":94,\"caption\":\"Mecatek (ex-Sawiko France)\"},\"image\":{\"@id\":\"https:\/\/mecatek.eu\/#\/schema\/logo\/image\/\"}}]}<\/script>\n<!-- \/ Yoast SEO plugin. -->","yoast_head_json":{"title":"Frame extensions for motorbike and bicycle racks - Mecatek (ex-Sawiko France)","description":"Frame extensions for securely attaching a trailer hitch, bike carrier or motorbike carrier to a motorhome or van.","robots":{"index":"index","follow":"follow","max-snippet":"max-snippet:-1","max-image-preview":"max-image-preview:large","max-video-preview":"max-video-preview:-1"},"canonical":"https:\/\/mecatek.eu\/en\/product\/frame-extensions-for-motorbike-and-bicycle-racks\/","og_locale":"en_GB","og_type":"article","og_title":"Rallonges de ch\u00e2ssis pour porte-moto et v\u00e9los - Mecatek (ex-Sawiko France)","og_description":"Rallonges de ch\u00e2ssis permettant de fixer solidement une attache\u2011remorque ou un porte-v\u00e9los ou moto sur un camping\u2011car ou un fourgon","og_url":"https:\/\/mecatek.eu\/en\/product\/frame-extensions-for-motorbike-and-bicycle-racks\/","og_site_name":"Mecatek (ex-Sawiko France)","article_modified_time":"2026-01-28T09:43:41+00:00","og_image":[{"width":800,"height":800,"url":"http:\/\/mecatek.eu\/wp-content\/uploads\/2026\/01\/rallonge-chassis-camping-car.jpg","type":"image\/jpeg"}],"twitter_card":"summary_large_image","twitter_misc":{"Estimated reading time":"2 minutes"},"schema":{"@context":"https:\/\/schema.org","@graph":[{"@type":"WebPage","@id":"https:\/\/mecatek.eu\/produit\/rallonges-de-chassis-pour-porte-moto-et-velos\/","url":"https:\/\/mecatek.eu\/produit\/rallonges-de-chassis-pour-porte-moto-et-velos\/","name":"Frame extensions for motorbike and bicycle racks - Mecatek (ex-Sawiko France)","isPartOf":{"@id":"https:\/\/mecatek.eu\/#website"},"primaryImageOfPage":{"@id":"https:\/\/mecatek.eu\/produit\/rallonges-de-chassis-pour-porte-moto-et-velos\/#primaryimage"},"image":{"@id":"https:\/\/mecatek.eu\/produit\/rallonges-de-chassis-pour-porte-moto-et-velos\/#primaryimage"},"thumbnailUrl":"https:\/\/mecatek.eu\/wp-content\/uploads\/2026\/01\/rallonge-chassis-camping-car.jpg","datePublished":"2025-10-21T12:23:36+00:00","dateModified":"2026-01-28T09:43:41+00:00","description":"Frame extensions for securely attaching a trailer hitch, bike carrier or motorbike carrier to a motorhome or van.","breadcrumb":{"@id":"https:\/\/mecatek.eu\/produit\/rallonges-de-chassis-pour-porte-moto-et-velos\/#breadcrumb"},"inLanguage":"en-GB","potentialAction":[{"@type":"ReadAction","target":["https:\/\/mecatek.eu\/produit\/rallonges-de-chassis-pour-porte-moto-et-velos\/"]}]},{"@type":"ImageObject","inLanguage":"en-GB","@id":"https:\/\/mecatek.eu\/produit\/rallonges-de-chassis-pour-porte-moto-et-velos\/#primaryimage","url":"https:\/\/mecatek.eu\/wp-content\/uploads\/2026\/01\/rallonge-chassis-camping-car.jpg","contentUrl":"https:\/\/mecatek.eu\/wp-content\/uploads\/2026\/01\/rallonge-chassis-camping-car.jpg","width":800,"height":800,"caption":"Rallonge de ch\u00e2ssis de camping-car pour porte-moto et v\u00e9los"},{"@type":"BreadcrumbList","@id":"https:\/\/mecatek.eu\/produit\/rallonges-de-chassis-pour-porte-moto-et-velos\/#breadcrumb","itemListElement":[{"@type":"ListItem","position":1,"name":"Accueil","item":"https:\/\/mecatek.eu\/"},{"@type":"ListItem","position":2,"name":"Catalogue","item":"https:\/\/mecatek.eu\/catalogue\/"},{"@type":"ListItem","position":3,"name":"Rallonges de ch\u00e2ssis pour porte-moto et v\u00e9los"}]},{"@type":"WebSite","@id":"https:\/\/mecatek.eu\/#website","url":"https:\/\/mecatek.eu\/","name":"Mecatek (formerly Sawiko France)","description":"Manufacturer of towbars for motorhomes and vans - Mecatek","publisher":{"@id":"https:\/\/mecatek.eu\/#organization"},"potentialAction":[{"@type":"SearchAction","target":{"@type":"EntryPoint","urlTemplate":"https:\/\/mecatek.eu\/?s={search_term_string}"},"query-input":{"@type":"PropertyValueSpecification","valueRequired":true,"valueName":"search_term_string"}}],"inLanguage":"en-GB"},{"@type":"Organization","@id":"https:\/\/mecatek.eu\/#organization","name":"Mecatek (formerly Sawiko France)","url":"https:\/\/mecatek.eu\/","logo":{"@type":"ImageObject","inLanguage":"en-GB","@id":"https:\/\/mecatek.eu\/#\/schema\/logo\/image\/","url":"http:\/\/mecatek.eu\/wp-content\/uploads\/2026\/01\/Logo-Mecatek-Solutions-techniques-2025-300px.png","contentUrl":"http:\/\/mecatek.eu\/wp-content\/uploads\/2026\/01\/Logo-Mecatek-Solutions-techniques-2025-300px.png","width":400,"height":94,"caption":"Mecatek (ex-Sawiko France)"},"image":{"@id":"https:\/\/mecatek.eu\/#\/schema\/logo\/image\/"}}]}},"_links":{"self":[{"href":"https:\/\/mecatek.eu\/en\/wp-json\/wp\/v2\/product\/2291","targetHints":{"allow":["GET"]}}],"collection":[{"href":"https:\/\/mecatek.eu\/en\/wp-json\/wp\/v2\/product"}],"about":[{"href":"https:\/\/mecatek.eu\/en\/wp-json\/wp\/v2\/types\/product"}],"replies":[{"embeddable":true,"href":"https:\/\/mecatek.eu\/en\/wp-json\/wp\/v2\/comments?post=2291"}],"version-history":[{"count":10,"href":"https:\/\/mecatek.eu\/en\/wp-json\/wp\/v2\/product\/2291\/revisions"}],"predecessor-version":[{"id":2309,"href":"https:\/\/mecatek.eu\/en\/wp-json\/wp\/v2\/product\/2291\/revisions\/2309"}],"wp:featuredmedia":[{"embeddable":true,"href":"https:\/\/mecatek.eu\/en\/wp-json\/wp\/v2\/media\/2292"}],"wp:attachment":[{"href":"https:\/\/mecatek.eu\/en\/wp-json\/wp\/v2\/media?parent=2291"}],"wp:term":[{"taxonomy":"product_brand","embeddable":true,"href":"https:\/\/mecatek.eu\/en\/wp-json\/wp\/v2\/product_brand?post=2291"},{"taxonomy":"product_cat","embeddable":true,"href":"https:\/\/mecatek.eu\/en\/wp-json\/wp\/v2\/product_cat?post=2291"},{"taxonomy":"product_tag","embeddable":true,"href":"https:\/\/mecatek.eu\/en\/wp-json\/wp\/v2\/product_tag?post=2291"}],"curies":[{"name":"wp","href":"https:\/\/api.w.org\/{rel}","templated":true}]}}