{"id":1705,"date":"2025-12-27T12:18:34","date_gmt":"2025-12-27T11:18:34","guid":{"rendered":"https:\/\/mecatek.eu\/?post_type=product&#038;p=1705"},"modified":"2026-01-27T18:37:56","modified_gmt":"2026-01-27T17:37:56","slug":"light-strips-with-bulbs-for-van-bike-racks","status":"publish","type":"product","link":"https:\/\/mecatek.eu\/en\/product\/light-strips-with-bulbs-for-van-bike-racks\/","title":{"rendered":"Bulb light strips for VAN-BIKE bike racks"},"content":{"rendered":"<div data-elementor-type=\"product-post\" data-elementor-id=\"1705\" class=\"elementor elementor-1705\" data-elementor-post-type=\"product\">\n\t\t\t\t<div class=\"elementor-element elementor-element-e56488b e-flex e-con-boxed e-con e-parent\" data-id=\"e56488b\" data-element_type=\"container\" data-e-type=\"container\">\n\t\t\t\t\t<div class=\"e-con-inner\">\n\t\t<div class=\"elementor-element elementor-element-184ac18 e-con-full e-flex e-con e-child\" data-id=\"184ac18\" data-element_type=\"container\" data-e-type=\"container\">\n\t\t<div class=\"elementor-element elementor-element-38242a2 e-con-full e-flex e-con e-child\" data-id=\"38242a2\" data-element_type=\"container\" data-e-type=\"container\">\n\t\t\t\t<div class=\"elementor-element elementor-element-7f7f5ab elementor-widget elementor-widget-text-editor\" data-id=\"7f7f5ab\" data-element_type=\"widget\" data-e-type=\"widget\" data-widget_type=\"text-editor.default\">\n\t\t\t\t\t\t\t\t\t<h2>Bulb light strips for bike racks <span style=\"color: #0079b3;\">VAN-BIKE<\/span><\/h2>\t\t\t\t\t\t\t\t<\/div>\n\t\t\t\t<div class=\"elementor-element elementor-element-d7096b2 elementor-widget elementor-widget-text-editor\" data-id=\"d7096b2\" data-element_type=\"widget\" data-e-type=\"widget\" data-widget_type=\"text-editor.default\">\n\t\t\t\t\t\t\t\t\t<p><strong>References available for VAN-BIKE range bike rack light strips:\u00a0<\/strong><\/p><p>Complete rear fascia with bulbs, grey or black : MCKVB2-15.732<br \/>Bare rear fascia for bulbs, grey or black : MCKVB2- 15.731<br \/>Complete CRYSTAL light bulbs LEFT: MCKVB2-15.734<br \/>Complete CRISTAL bulbs RIGHT: MCKVB2-15.735<br \/>Bulb lights for RUL plate lights: MCKVB2-15.737<\/p>\t\t\t\t\t\t\t\t<\/div>\n\t\t\t\t<\/div>\n\t\t<div class=\"elementor-element elementor-element-485735c e-con-full e-flex e-con e-child\" data-id=\"485735c\" data-element_type=\"container\" data-e-type=\"container\" data-settings=\"{&quot;background_background&quot;:&quot;classic&quot;}\">\n\t\t\t\t<div class=\"elementor-element elementor-element-fa5288c elementor-widget elementor-widget-image\" data-id=\"fa5288c\" data-element_type=\"widget\" data-e-type=\"widget\" data-widget_type=\"image.default\">\n\t\t\t\t\t\t\t\t\t\t\t\t\t\t\t<img fetchpriority=\"high\" decoding=\"async\" width=\"852\" height=\"357\" src=\"https:\/\/mecatek.eu\/wp-content\/uploads\/2025\/10\/Logo-VAN-Bike-2_broderie-dos.jpeg\" class=\"attachment-full size-full wp-image-919 wp-post-image\" alt=\"Van-Bike 2 logo\" srcset=\"https:\/\/mecatek.eu\/wp-content\/uploads\/2025\/10\/Logo-VAN-Bike-2_broderie-dos.jpeg 852w, https:\/\/mecatek.eu\/wp-content\/uploads\/2025\/10\/Logo-VAN-Bike-2_broderie-dos-500x210.jpeg 500w\" sizes=\"(max-width: 852px) 100vw, 852px\" \/>\t\t\t\t\t\t\t\t\t\t\t\t\t\t\t<\/div>\n\t\t\t\t<div class=\"elementor-element elementor-element-01f4716 elementor-widget elementor-widget-text-editor\" data-id=\"01f4716\" data-element_type=\"widget\" data-e-type=\"widget\" data-widget_type=\"text-editor.default\">\n\t\t\t\t\t\t\t\t\t<p><strong>Compatible bike racks :<br \/><\/strong>Van-Bike 2 van bike carrier<br \/>Van-Bike 3 bicycle rack<span style=\"font-family: inherit; font-size: inherit; font-style: inherit; font-variant-ligatures: inherit; font-variant-caps: inherit; font-weight: inherit;\">\u00a0<\/span><\/p>\t\t\t\t\t\t\t\t<\/div>\n\t\t\t\t<\/div>\n\t\t\t\t<\/div>\n\t\t\t\t\t<\/div>\n\t\t\t\t<\/div>\n\t\t\t\t<\/div>","protected":false},"excerpt":{"rendered":"<p>Bandeaux de feux \u00e0 ampoules pour porte-v\u00e9los VAN-BIKE R\u00e9f\u00e9rences disponibles pour les bandeaux de feux des porte-v\u00e9los gamme VAN-BIKE :\u00a0 Bandeau arri\u00e8re complet avec feux ampoules, gris ou noir : MCKVB2-15.732Bandeau arri\u00e8re nu pour feux ampoules, gris ou noir : MCKVB2- 15.731Feux ampoules CRISTAL complet GAUCHE : MCKVB2-15.734Feux ampoules CRISTAL complet DROIT : MCKVB2-15.735Feux ampoules [&hellip;]<\/p>","protected":false},"featured_media":1706,"comment_status":"closed","ping_status":"closed","template":"","meta":[],"product_brand":[63],"product_cat":[86],"product_tag":[],"class_list":{"0":"post-1705","1":"product","2":"type-product","3":"status-publish","4":"has-post-thumbnail","6":"product_brand-mck","7":"product_cat-bandeaux-de-feux-pour-porte-velos","9":"first","10":"instock","11":"shipping-taxable","12":"product-type-simple"},"yoast_head":"<!-- This site is optimized with the Yoast SEO plugin v26.9 - https:\/\/yoast.com\/product\/yoast-seo-wordpress\/ -->\n<title>Bandeaux de feux \u00e0 ampoules pour porte-v\u00e9los VAN-BIKE - Mecatek (ex-Sawiko France)<\/title>\n<meta name=\"description\" content=\"D\u00e9couvrez notre bandeau de feux \u00e0 ampoules pour les porte-v\u00e9los pour fourgon Van-Bike disponible en bandeau d&#039;\u00e9clairage arri\u00e8re complet ou en pi\u00e8ces d\u00e9tach\u00e9es\" \/>\n<meta name=\"robots\" content=\"index, follow, max-snippet:-1, max-image-preview:large, max-video-preview:-1\" \/>\n<link rel=\"canonical\" href=\"https:\/\/mecatek.eu\/en\/product\/light-strips-with-bulbs-for-van-bike-racks\/\" \/>\n<meta property=\"og:locale\" content=\"en_GB\" \/>\n<meta property=\"og:type\" content=\"article\" \/>\n<meta property=\"og:title\" content=\"Bandeaux de feux \u00e0 ampoules pour porte-v\u00e9los VAN-BIKE - Mecatek (ex-Sawiko France)\" \/>\n<meta property=\"og:description\" content=\"D\u00e9couvrez notre bandeau de feux \u00e0 ampoules pour les porte-v\u00e9los pour fourgon Van-Bike disponible en bandeau d&#039;\u00e9clairage arri\u00e8re complet ou en pi\u00e8ces d\u00e9tach\u00e9es\" \/>\n<meta property=\"og:url\" content=\"https:\/\/mecatek.eu\/en\/product\/light-strips-with-bulbs-for-van-bike-racks\/\" \/>\n<meta property=\"og:site_name\" content=\"Mecatek (ex-Sawiko France)\" \/>\n<meta property=\"article:modified_time\" content=\"2026-01-27T17:37:56+00:00\" \/>\n<meta property=\"og:image\" content=\"http:\/\/mecatek.eu\/wp-content\/uploads\/2025\/12\/bandeau-feux-ampoules-van-bike.jpeg\" \/>\n\t<meta property=\"og:image:width\" content=\"1200\" \/>\n\t<meta property=\"og:image:height\" content=\"609\" \/>\n\t<meta property=\"og:image:type\" content=\"image\/jpeg\" \/>\n<meta name=\"twitter:card\" content=\"summary_large_image\" \/>\n<meta name=\"twitter:label1\" content=\"Estimated reading time\" \/>\n\t<meta name=\"twitter:data1\" content=\"1 minute\" \/>\n<script type=\"application\/ld+json\" class=\"yoast-schema-graph\">{\"@context\":\"https:\/\/schema.org\",\"@graph\":[{\"@type\":\"WebPage\",\"@id\":\"https:\/\/mecatek.eu\/produit\/bandeaux-de-feux-a-ampoules-pour-porte-velos-van-bike\/\",\"url\":\"https:\/\/mecatek.eu\/produit\/bandeaux-de-feux-a-ampoules-pour-porte-velos-van-bike\/\",\"name\":\"Bandeaux de feux \u00e0 ampoules pour porte-v\u00e9los VAN-BIKE - Mecatek (ex-Sawiko France)\",\"isPartOf\":{\"@id\":\"https:\/\/mecatek.eu\/#website\"},\"primaryImageOfPage\":{\"@id\":\"https:\/\/mecatek.eu\/produit\/bandeaux-de-feux-a-ampoules-pour-porte-velos-van-bike\/#primaryimage\"},\"image\":{\"@id\":\"https:\/\/mecatek.eu\/produit\/bandeaux-de-feux-a-ampoules-pour-porte-velos-van-bike\/#primaryimage\"},\"thumbnailUrl\":\"https:\/\/mecatek.eu\/wp-content\/uploads\/2025\/12\/bandeau-feux-ampoules-van-bike.jpeg\",\"datePublished\":\"2025-12-27T11:18:34+00:00\",\"dateModified\":\"2026-01-27T17:37:56+00:00\",\"description\":\"D\u00e9couvrez notre bandeau de feux \u00e0 ampoules pour les porte-v\u00e9los pour fourgon Van-Bike disponible en bandeau d'\u00e9clairage arri\u00e8re complet ou en pi\u00e8ces d\u00e9tach\u00e9es\",\"breadcrumb\":{\"@id\":\"https:\/\/mecatek.eu\/produit\/bandeaux-de-feux-a-ampoules-pour-porte-velos-van-bike\/#breadcrumb\"},\"inLanguage\":\"en-GB\",\"potentialAction\":[{\"@type\":\"ReadAction\",\"target\":[\"https:\/\/mecatek.eu\/produit\/bandeaux-de-feux-a-ampoules-pour-porte-velos-van-bike\/\"]}]},{\"@type\":\"ImageObject\",\"inLanguage\":\"en-GB\",\"@id\":\"https:\/\/mecatek.eu\/produit\/bandeaux-de-feux-a-ampoules-pour-porte-velos-van-bike\/#primaryimage\",\"url\":\"https:\/\/mecatek.eu\/wp-content\/uploads\/2025\/12\/bandeau-feux-ampoules-van-bike.jpeg\",\"contentUrl\":\"https:\/\/mecatek.eu\/wp-content\/uploads\/2025\/12\/bandeau-feux-ampoules-van-bike.jpeg\",\"width\":1200,\"height\":609,\"caption\":\"Bandeaux de feux \u00e0 ampoules pour porte-v\u00e9los VAN-BIKE\"},{\"@type\":\"BreadcrumbList\",\"@id\":\"https:\/\/mecatek.eu\/produit\/bandeaux-de-feux-a-ampoules-pour-porte-velos-van-bike\/#breadcrumb\",\"itemListElement\":[{\"@type\":\"ListItem\",\"position\":1,\"name\":\"Accueil\",\"item\":\"https:\/\/mecatek.eu\/\"},{\"@type\":\"ListItem\",\"position\":2,\"name\":\"Catalogue\",\"item\":\"https:\/\/mecatek.eu\/catalogue\/\"},{\"@type\":\"ListItem\",\"position\":3,\"name\":\"Bandeaux de feux \u00e0 ampoules pour porte-v\u00e9los VAN-BIKE\"}]},{\"@type\":\"WebSite\",\"@id\":\"https:\/\/mecatek.eu\/#website\",\"url\":\"https:\/\/mecatek.eu\/\",\"name\":\"Mecatek (ex-Sawiko France)\",\"description\":\"Fabricant d&#039;attelages pour camping-car et fourgon - Mecatek\",\"publisher\":{\"@id\":\"https:\/\/mecatek.eu\/#organization\"},\"potentialAction\":[{\"@type\":\"SearchAction\",\"target\":{\"@type\":\"EntryPoint\",\"urlTemplate\":\"https:\/\/mecatek.eu\/?s={search_term_string}\"},\"query-input\":{\"@type\":\"PropertyValueSpecification\",\"valueRequired\":true,\"valueName\":\"search_term_string\"}}],\"inLanguage\":\"en-GB\"},{\"@type\":\"Organization\",\"@id\":\"https:\/\/mecatek.eu\/#organization\",\"name\":\"Mecatek (ex-Sawiko France)\",\"url\":\"https:\/\/mecatek.eu\/\",\"logo\":{\"@type\":\"ImageObject\",\"inLanguage\":\"en-GB\",\"@id\":\"https:\/\/mecatek.eu\/#\/schema\/logo\/image\/\",\"url\":\"http:\/\/mecatek.eu\/wp-content\/uploads\/2026\/01\/Logo-Mecatek-Solutions-techniques-2025-300px.png\",\"contentUrl\":\"http:\/\/mecatek.eu\/wp-content\/uploads\/2026\/01\/Logo-Mecatek-Solutions-techniques-2025-300px.png\",\"width\":400,\"height\":94,\"caption\":\"Mecatek (ex-Sawiko France)\"},\"image\":{\"@id\":\"https:\/\/mecatek.eu\/#\/schema\/logo\/image\/\"}}]}<\/script>\n<!-- \/ Yoast SEO plugin. -->","yoast_head_json":{"title":"Bulb headlamps for VAN-BIKE bike racks - Mecatek (ex-Sawiko France)","description":"Discover our light strip with bulbs for bike carriers for Van-Bike vans available as a complete rear light strip or as spare parts.","robots":{"index":"index","follow":"follow","max-snippet":"max-snippet:-1","max-image-preview":"max-image-preview:large","max-video-preview":"max-video-preview:-1"},"canonical":"https:\/\/mecatek.eu\/en\/product\/light-strips-with-bulbs-for-van-bike-racks\/","og_locale":"en_GB","og_type":"article","og_title":"Bandeaux de feux \u00e0 ampoules pour porte-v\u00e9los VAN-BIKE - Mecatek (ex-Sawiko France)","og_description":"D\u00e9couvrez notre bandeau de feux \u00e0 ampoules pour les porte-v\u00e9los pour fourgon Van-Bike disponible en bandeau d'\u00e9clairage arri\u00e8re complet ou en pi\u00e8ces d\u00e9tach\u00e9es","og_url":"https:\/\/mecatek.eu\/en\/product\/light-strips-with-bulbs-for-van-bike-racks\/","og_site_name":"Mecatek (ex-Sawiko France)","article_modified_time":"2026-01-27T17:37:56+00:00","og_image":[{"width":1200,"height":609,"url":"http:\/\/mecatek.eu\/wp-content\/uploads\/2025\/12\/bandeau-feux-ampoules-van-bike.jpeg","type":"image\/jpeg"}],"twitter_card":"summary_large_image","twitter_misc":{"Estimated reading time":"1 minute"},"schema":{"@context":"https:\/\/schema.org","@graph":[{"@type":"WebPage","@id":"https:\/\/mecatek.eu\/produit\/bandeaux-de-feux-a-ampoules-pour-porte-velos-van-bike\/","url":"https:\/\/mecatek.eu\/produit\/bandeaux-de-feux-a-ampoules-pour-porte-velos-van-bike\/","name":"Bulb headlamps for VAN-BIKE bike racks - Mecatek (ex-Sawiko France)","isPartOf":{"@id":"https:\/\/mecatek.eu\/#website"},"primaryImageOfPage":{"@id":"https:\/\/mecatek.eu\/produit\/bandeaux-de-feux-a-ampoules-pour-porte-velos-van-bike\/#primaryimage"},"image":{"@id":"https:\/\/mecatek.eu\/produit\/bandeaux-de-feux-a-ampoules-pour-porte-velos-van-bike\/#primaryimage"},"thumbnailUrl":"https:\/\/mecatek.eu\/wp-content\/uploads\/2025\/12\/bandeau-feux-ampoules-van-bike.jpeg","datePublished":"2025-12-27T11:18:34+00:00","dateModified":"2026-01-27T17:37:56+00:00","description":"Discover our light strip with bulbs for bike carriers for Van-Bike vans available as a complete rear light strip or as spare parts.","breadcrumb":{"@id":"https:\/\/mecatek.eu\/produit\/bandeaux-de-feux-a-ampoules-pour-porte-velos-van-bike\/#breadcrumb"},"inLanguage":"en-GB","potentialAction":[{"@type":"ReadAction","target":["https:\/\/mecatek.eu\/produit\/bandeaux-de-feux-a-ampoules-pour-porte-velos-van-bike\/"]}]},{"@type":"ImageObject","inLanguage":"en-GB","@id":"https:\/\/mecatek.eu\/produit\/bandeaux-de-feux-a-ampoules-pour-porte-velos-van-bike\/#primaryimage","url":"https:\/\/mecatek.eu\/wp-content\/uploads\/2025\/12\/bandeau-feux-ampoules-van-bike.jpeg","contentUrl":"https:\/\/mecatek.eu\/wp-content\/uploads\/2025\/12\/bandeau-feux-ampoules-van-bike.jpeg","width":1200,"height":609,"caption":"Bandeaux de feux \u00e0 ampoules pour porte-v\u00e9los VAN-BIKE"},{"@type":"BreadcrumbList","@id":"https:\/\/mecatek.eu\/produit\/bandeaux-de-feux-a-ampoules-pour-porte-velos-van-bike\/#breadcrumb","itemListElement":[{"@type":"ListItem","position":1,"name":"Accueil","item":"https:\/\/mecatek.eu\/"},{"@type":"ListItem","position":2,"name":"Catalogue","item":"https:\/\/mecatek.eu\/catalogue\/"},{"@type":"ListItem","position":3,"name":"Bandeaux de feux \u00e0 ampoules pour porte-v\u00e9los VAN-BIKE"}]},{"@type":"WebSite","@id":"https:\/\/mecatek.eu\/#website","url":"https:\/\/mecatek.eu\/","name":"Mecatek (formerly Sawiko France)","description":"Manufacturer of towbars for motorhomes and vans - Mecatek","publisher":{"@id":"https:\/\/mecatek.eu\/#organization"},"potentialAction":[{"@type":"SearchAction","target":{"@type":"EntryPoint","urlTemplate":"https:\/\/mecatek.eu\/?s={search_term_string}"},"query-input":{"@type":"PropertyValueSpecification","valueRequired":true,"valueName":"search_term_string"}}],"inLanguage":"en-GB"},{"@type":"Organization","@id":"https:\/\/mecatek.eu\/#organization","name":"Mecatek (formerly Sawiko France)","url":"https:\/\/mecatek.eu\/","logo":{"@type":"ImageObject","inLanguage":"en-GB","@id":"https:\/\/mecatek.eu\/#\/schema\/logo\/image\/","url":"http:\/\/mecatek.eu\/wp-content\/uploads\/2026\/01\/Logo-Mecatek-Solutions-techniques-2025-300px.png","contentUrl":"http:\/\/mecatek.eu\/wp-content\/uploads\/2026\/01\/Logo-Mecatek-Solutions-techniques-2025-300px.png","width":400,"height":94,"caption":"Mecatek (ex-Sawiko France)"},"image":{"@id":"https:\/\/mecatek.eu\/#\/schema\/logo\/image\/"}}]}},"_links":{"self":[{"href":"https:\/\/mecatek.eu\/en\/wp-json\/wp\/v2\/product\/1705","targetHints":{"allow":["GET"]}}],"collection":[{"href":"https:\/\/mecatek.eu\/en\/wp-json\/wp\/v2\/product"}],"about":[{"href":"https:\/\/mecatek.eu\/en\/wp-json\/wp\/v2\/types\/product"}],"replies":[{"embeddable":true,"href":"https:\/\/mecatek.eu\/en\/wp-json\/wp\/v2\/comments?post=1705"}],"version-history":[{"count":4,"href":"https:\/\/mecatek.eu\/en\/wp-json\/wp\/v2\/product\/1705\/revisions"}],"predecessor-version":[{"id":1712,"href":"https:\/\/mecatek.eu\/en\/wp-json\/wp\/v2\/product\/1705\/revisions\/1712"}],"wp:featuredmedia":[{"embeddable":true,"href":"https:\/\/mecatek.eu\/en\/wp-json\/wp\/v2\/media\/1706"}],"wp:attachment":[{"href":"https:\/\/mecatek.eu\/en\/wp-json\/wp\/v2\/media?parent=1705"}],"wp:term":[{"taxonomy":"product_brand","embeddable":true,"href":"https:\/\/mecatek.eu\/en\/wp-json\/wp\/v2\/product_brand?post=1705"},{"taxonomy":"product_cat","embeddable":true,"href":"https:\/\/mecatek.eu\/en\/wp-json\/wp\/v2\/product_cat?post=1705"},{"taxonomy":"product_tag","embeddable":true,"href":"https:\/\/mecatek.eu\/en\/wp-json\/wp\/v2\/product_tag?post=1705"}],"curies":[{"name":"wp","href":"https:\/\/api.w.org\/{rel}","templated":true}]}}