{"id":1634,"date":"2025-11-22T11:10:40","date_gmt":"2025-11-22T10:10:40","guid":{"rendered":"https:\/\/mecatek.eu\/?post_type=product&#038;p=1634"},"modified":"2026-01-23T14:10:26","modified_gmt":"2026-01-23T13:10:26","slug":"agito-top-van-bike-rack","status":"publish","type":"product","link":"https:\/\/mecatek.eu\/en\/product\/agito-top-van-bike-rack\/","title":{"rendered":"Agito Top van bike carrier"},"content":{"rendered":"<div data-elementor-type=\"product-post\" data-elementor-id=\"1634\" class=\"elementor elementor-1634\" data-elementor-post-type=\"product\">\n\t\t\t\t<div class=\"elementor-element elementor-element-49abec95 e-flex e-con-boxed e-con e-parent\" data-id=\"49abec95\" data-element_type=\"container\" data-e-type=\"container\">\n\t\t\t\t\t<div class=\"e-con-inner\">\n\t\t<div class=\"elementor-element elementor-element-734f38a e-con-full e-flex e-con e-child\" data-id=\"734f38a\" data-element_type=\"container\" data-e-type=\"container\">\n\t\t<div class=\"elementor-element elementor-element-800b55a e-con-full e-flex e-con e-child\" data-id=\"800b55a\" data-element_type=\"container\" data-e-type=\"container\">\n\t\t\t\t<div class=\"elementor-element elementor-element-e105f42 elementor-widget elementor-widget-text-editor\" data-id=\"e105f42\" data-element_type=\"widget\" data-e-type=\"widget\" data-widget_type=\"text-editor.default\">\n\t\t\t\t\t\t\t\t\t<h2>Bike carrier for vans <span style=\"color: #0079b3;\">AGITO TOP<\/span><\/h2>\t\t\t\t\t\t\t\t<\/div>\n\t\t\t\t<div class=\"elementor-element elementor-element-725bb62 elementor-widget elementor-widget-text-editor\" data-id=\"725bb62\" data-element_type=\"widget\" data-e-type=\"widget\" data-widget_type=\"text-editor.default\">\n\t\t\t\t\t\t\t\t\t<p>New variant of <a href=\"https:\/\/mecatek.eu\/en\/product\/motorbike-carrier-for-agito-1-van\/\">Agito motorbike carrier<\/a>, the\u00a0<strong>Agito Top bike carrier<\/strong>\u00a0has a swivel and jockey wheel function. Once on the ground, the bike rack can pivot to provide access to the vehicle's rear doors.<\/p><p>Designed to accommodate up to <strong>2 electric bikes or 3 standard bikes<\/strong>, What's more, it can be fully folded down when not in use.<\/p><p><strong>Can be dismantled without tools.<\/strong><\/p><p><strong>Available in :<\/strong><\/p><ul><li>2 bicycles<\/li><li>3 bicycles\u00a0<\/li><\/ul><p><strong>Good to know:<\/strong><br \/>Are you looking for a bike carrier for a FIAT DUCATO, PEUGEOT BOXER or CITROEN JUMPER van? Discover also the\u00a0<a href=\"https:\/\/mecatek.eu\/en\/product\/bike-racks-for-van-bike-2-vans\/\">VAN-BIKE 2 bike carrier<\/a>.<\/p>\t\t\t\t\t\t\t\t<\/div>\n\t\t\t\t<\/div>\n\t\t<div class=\"elementor-element elementor-element-c6b916a e-con-full e-flex e-con e-child\" data-id=\"c6b916a\" data-element_type=\"container\" data-e-type=\"container\" data-settings=\"{&quot;background_background&quot;:&quot;classic&quot;}\">\n\t\t\t\t<div class=\"elementor-element elementor-element-0863d17 elementor-widget elementor-widget-image\" data-id=\"0863d17\" data-element_type=\"widget\" data-e-type=\"widget\" data-widget_type=\"image.default\">\n\t\t\t\t\t\t\t\t\t\t\t\t\t\t\t<img fetchpriority=\"high\" decoding=\"async\" width=\"400\" height=\"200\" src=\"https:\/\/mecatek.eu\/wp-content\/uploads\/2025\/12\/Logo-Marque-Sawiko-de.png\" class=\"attachment-full size-full wp-image-1013\" alt=\"Sawiko logo\" \/>\t\t\t\t\t\t\t\t\t\t\t\t\t\t\t<\/div>\n\t\t\t\t<div class=\"elementor-element elementor-element-6070c35 elementor-widget elementor-widget-text-editor\" data-id=\"6070c35\" data-element_type=\"widget\" data-e-type=\"widget\" data-widget_type=\"text-editor.default\">\n\t\t\t\t\t\t\t\t\t<p><strong>Technical data :<br \/><\/strong>Payload: 80 kg<br \/>Material: Aluminium<\/p><p><strong>Com vehicles<\/strong><strong>patibles :<br \/><\/strong>- Renault<br \/>- Mercedes<br \/>- VW<br \/>- Man<br \/>- Iveco<\/p>\t\t\t\t\t\t\t\t<\/div>\n\t\t\t\t<div class=\"elementor-element elementor-element-195acaf elementor-widget elementor-widget-gallery\" data-id=\"195acaf\" data-element_type=\"widget\" data-e-type=\"widget\" data-settings=\"{&quot;columns&quot;:2,&quot;columns_mobile&quot;:2,&quot;gap&quot;:{&quot;unit&quot;:&quot;px&quot;,&quot;size&quot;:5,&quot;sizes&quot;:[]},&quot;image_hover_animation&quot;:&quot;grow&quot;,&quot;lazyload&quot;:&quot;yes&quot;,&quot;gallery_layout&quot;:&quot;grid&quot;,&quot;columns_tablet&quot;:2,&quot;gap_tablet&quot;:{&quot;unit&quot;:&quot;px&quot;,&quot;size&quot;:10,&quot;sizes&quot;:[]},&quot;gap_mobile&quot;:{&quot;unit&quot;:&quot;px&quot;,&quot;size&quot;:10,&quot;sizes&quot;:[]},&quot;aspect_ratio&quot;:&quot;3:2&quot;,&quot;content_hover_animation&quot;:&quot;fade-in&quot;}\" data-widget_type=\"gallery.default\">\n\t\t\t\t\t\t\t<div class=\"elementor-gallery__container\">\n\t\t\t\t\t\t\t<div class=\"e-gallery-item elementor-gallery-item elementor-animated-content\">\n\t\t\t\t\t<div class=\"e-gallery-image elementor-gallery-item__image\" data-thumbnail=\"https:\/\/mecatek.eu\/wp-content\/uploads\/2025\/11\/logo-renault.jpg\" data-width=\"300\" data-height=\"200\" aria-label=\"Renault logo\" role=\"img\" ><\/div>\n\t\t\t\t\t\t\t\t\t\t\t\t\t\t<\/div>\n\t\t\t\t\t\t\t<div class=\"e-gallery-item elementor-gallery-item elementor-animated-content\">\n\t\t\t\t\t<div class=\"e-gallery-image elementor-gallery-item__image\" data-thumbnail=\"https:\/\/mecatek.eu\/wp-content\/uploads\/2025\/11\/logo-mercedes.jpg\" data-width=\"300\" data-height=\"200\" aria-label=\"Mercedes logo\" role=\"img\" ><\/div>\n\t\t\t\t\t\t\t\t\t\t\t\t\t\t<\/div>\n\t\t\t\t\t\t\t<div class=\"e-gallery-item elementor-gallery-item elementor-animated-content\">\n\t\t\t\t\t<div class=\"e-gallery-image elementor-gallery-item__image\" data-thumbnail=\"https:\/\/mecatek.eu\/wp-content\/uploads\/2025\/11\/logo-vw.jpg\" data-width=\"300\" data-height=\"200\" aria-label=\"VW logo\" role=\"img\" ><\/div>\n\t\t\t\t\t\t\t\t\t\t\t\t\t\t<\/div>\n\t\t\t\t\t\t\t<div class=\"e-gallery-item elementor-gallery-item elementor-animated-content\">\n\t\t\t\t\t<div class=\"e-gallery-image elementor-gallery-item__image\" data-thumbnail=\"https:\/\/mecatek.eu\/wp-content\/uploads\/2025\/11\/logo-man.jpg\" data-width=\"300\" data-height=\"200\" aria-label=\"MAN logo\" role=\"img\" ><\/div>\n\t\t\t\t\t\t\t\t\t\t\t\t\t\t<\/div>\n\t\t\t\t\t\t\t<div class=\"e-gallery-item elementor-gallery-item elementor-animated-content\">\n\t\t\t\t\t<div class=\"e-gallery-image elementor-gallery-item__image\" data-thumbnail=\"https:\/\/mecatek.eu\/wp-content\/uploads\/2025\/11\/logo-iveco.jpg\" data-width=\"300\" data-height=\"200\" aria-label=\"IVECO logo\" role=\"img\" ><\/div>\n\t\t\t\t\t\t\t\t\t\t\t\t\t\t<\/div>\n\t\t\t\t\t<\/div>\n\t\t\t\t\t<\/div>\n\t\t\t\t<\/div>\n\t\t\t\t<\/div>\n\t\t\t\t\t<\/div>\n\t\t\t\t<\/div>\n\t\t\t\t<\/div>","protected":false},"excerpt":{"rendered":"<p>A variant of the Agito motorbike carrier, the Agito Top bike carrier has a pivot and a jockey wheel for easy access to the vehicle's rear doors. Designed for 2 electric bikes or 3 standard bikes, it folds down completely when empty and can be dismantled without tools. Available in 2-bike or 3-bike versions.<\/p>","protected":false},"featured_media":1635,"comment_status":"closed","ping_status":"closed","template":"","meta":[],"product_brand":[68],"product_cat":[57],"product_tag":[],"class_list":{"0":"post-1634","1":"product","2":"type-product","3":"status-publish","4":"has-post-thumbnail","6":"product_brand-sawiko","7":"product_cat-porte-velos-fourgon","9":"first","10":"instock","11":"shipping-taxable","12":"product-type-simple"},"yoast_head":"<!-- This site is optimized with the Yoast SEO plugin v26.9 - https:\/\/yoast.com\/product\/yoast-seo-wordpress\/ -->\n<title>Porte-v\u00e9los fourgon Agito Top - Mecatek (ex-Sawiko France)<\/title>\n<meta name=\"description\" content=\"Le porte-v\u00e9los Agito Top pivote et lib\u00e8re l\u2019acc\u00e8s aux portes arri\u00e8re du fourgon. Il est con\u00e7u pour accueillir 2 v\u00e9los \u00e9lectriques ou 3 v\u00e9los standards\" \/>\n<meta name=\"robots\" content=\"index, follow, max-snippet:-1, max-image-preview:large, max-video-preview:-1\" \/>\n<link rel=\"canonical\" href=\"https:\/\/mecatek.eu\/en\/product\/agito-top-van-bike-rack\/\" \/>\n<meta property=\"og:locale\" content=\"en_GB\" \/>\n<meta property=\"og:type\" content=\"article\" \/>\n<meta property=\"og:title\" content=\"Porte-v\u00e9los fourgon Agito Top - Mecatek (ex-Sawiko France)\" \/>\n<meta property=\"og:description\" content=\"Le porte-v\u00e9los Agito Top pivote et lib\u00e8re l\u2019acc\u00e8s aux portes arri\u00e8re du fourgon. Il est con\u00e7u pour accueillir 2 v\u00e9los \u00e9lectriques ou 3 v\u00e9los standards\" \/>\n<meta property=\"og:url\" content=\"https:\/\/mecatek.eu\/en\/product\/agito-top-van-bike-rack\/\" \/>\n<meta property=\"og:site_name\" content=\"Mecatek (ex-Sawiko France)\" \/>\n<meta property=\"article:modified_time\" content=\"2026-01-23T13:10:26+00:00\" \/>\n<meta property=\"og:image\" content=\"http:\/\/mecatek.eu\/wp-content\/uploads\/2025\/12\/porte-velos-fourgon-sawiko-agito-top-1.jpg\" \/>\n\t<meta property=\"og:image:width\" content=\"800\" \/>\n\t<meta property=\"og:image:height\" content=\"800\" \/>\n\t<meta property=\"og:image:type\" content=\"image\/jpeg\" \/>\n<meta name=\"twitter:card\" content=\"summary_large_image\" \/>\n<meta name=\"twitter:label1\" content=\"Estimated reading time\" \/>\n\t<meta name=\"twitter:data1\" content=\"1 minute\" \/>\n<script type=\"application\/ld+json\" class=\"yoast-schema-graph\">{\"@context\":\"https:\/\/schema.org\",\"@graph\":[{\"@type\":\"WebPage\",\"@id\":\"https:\/\/mecatek.eu\/produit\/porte-velos-fourgon-agito-top\/\",\"url\":\"https:\/\/mecatek.eu\/produit\/porte-velos-fourgon-agito-top\/\",\"name\":\"Porte-v\u00e9los fourgon Agito Top - Mecatek (ex-Sawiko France)\",\"isPartOf\":{\"@id\":\"https:\/\/mecatek.eu\/#website\"},\"primaryImageOfPage\":{\"@id\":\"https:\/\/mecatek.eu\/produit\/porte-velos-fourgon-agito-top\/#primaryimage\"},\"image\":{\"@id\":\"https:\/\/mecatek.eu\/produit\/porte-velos-fourgon-agito-top\/#primaryimage\"},\"thumbnailUrl\":\"https:\/\/mecatek.eu\/wp-content\/uploads\/2025\/12\/porte-velos-fourgon-sawiko-agito-top-1.jpg\",\"datePublished\":\"2025-11-22T10:10:40+00:00\",\"dateModified\":\"2026-01-23T13:10:26+00:00\",\"description\":\"Le porte-v\u00e9los Agito Top pivote et lib\u00e8re l\u2019acc\u00e8s aux portes arri\u00e8re du fourgon. Il est con\u00e7u pour accueillir 2 v\u00e9los \u00e9lectriques ou 3 v\u00e9los standards\",\"breadcrumb\":{\"@id\":\"https:\/\/mecatek.eu\/produit\/porte-velos-fourgon-agito-top\/#breadcrumb\"},\"inLanguage\":\"en-GB\",\"potentialAction\":[{\"@type\":\"ReadAction\",\"target\":[\"https:\/\/mecatek.eu\/produit\/porte-velos-fourgon-agito-top\/\"]}]},{\"@type\":\"ImageObject\",\"inLanguage\":\"en-GB\",\"@id\":\"https:\/\/mecatek.eu\/produit\/porte-velos-fourgon-agito-top\/#primaryimage\",\"url\":\"https:\/\/mecatek.eu\/wp-content\/uploads\/2025\/12\/porte-velos-fourgon-sawiko-agito-top-1.jpg\",\"contentUrl\":\"https:\/\/mecatek.eu\/wp-content\/uploads\/2025\/12\/porte-velos-fourgon-sawiko-agito-top-1.jpg\",\"width\":800,\"height\":800,\"caption\":\"Porte-v\u00e9los fourgon Agito Top avec roue jockey\"},{\"@type\":\"BreadcrumbList\",\"@id\":\"https:\/\/mecatek.eu\/produit\/porte-velos-fourgon-agito-top\/#breadcrumb\",\"itemListElement\":[{\"@type\":\"ListItem\",\"position\":1,\"name\":\"Accueil\",\"item\":\"https:\/\/mecatek.eu\/\"},{\"@type\":\"ListItem\",\"position\":2,\"name\":\"Catalogue\",\"item\":\"https:\/\/mecatek.eu\/catalogue\/\"},{\"@type\":\"ListItem\",\"position\":3,\"name\":\"Porte-v\u00e9los fourgon Agito Top\"}]},{\"@type\":\"WebSite\",\"@id\":\"https:\/\/mecatek.eu\/#website\",\"url\":\"https:\/\/mecatek.eu\/\",\"name\":\"Mecatek (ex-Sawiko France)\",\"description\":\"Fabricant d&#039;attelages pour camping-car et fourgon - Mecatek\",\"publisher\":{\"@id\":\"https:\/\/mecatek.eu\/#organization\"},\"potentialAction\":[{\"@type\":\"SearchAction\",\"target\":{\"@type\":\"EntryPoint\",\"urlTemplate\":\"https:\/\/mecatek.eu\/?s={search_term_string}\"},\"query-input\":{\"@type\":\"PropertyValueSpecification\",\"valueRequired\":true,\"valueName\":\"search_term_string\"}}],\"inLanguage\":\"en-GB\"},{\"@type\":\"Organization\",\"@id\":\"https:\/\/mecatek.eu\/#organization\",\"name\":\"Mecatek (ex-Sawiko France)\",\"url\":\"https:\/\/mecatek.eu\/\",\"logo\":{\"@type\":\"ImageObject\",\"inLanguage\":\"en-GB\",\"@id\":\"https:\/\/mecatek.eu\/#\/schema\/logo\/image\/\",\"url\":\"http:\/\/mecatek.eu\/wp-content\/uploads\/2026\/01\/Logo-Mecatek-Solutions-techniques-2025-300px.png\",\"contentUrl\":\"http:\/\/mecatek.eu\/wp-content\/uploads\/2026\/01\/Logo-Mecatek-Solutions-techniques-2025-300px.png\",\"width\":400,\"height\":94,\"caption\":\"Mecatek (ex-Sawiko France)\"},\"image\":{\"@id\":\"https:\/\/mecatek.eu\/#\/schema\/logo\/image\/\"}}]}<\/script>\n<!-- \/ Yoast SEO plugin. -->","yoast_head_json":{"title":"Agito Top van bike carrier - Mecatek (ex-Sawiko France)","description":"The Agito Top bike carrier swivels to give free access to the rear doors of the van. It is designed to hold 2 electric bikes or 3 standard bikes.","robots":{"index":"index","follow":"follow","max-snippet":"max-snippet:-1","max-image-preview":"max-image-preview:large","max-video-preview":"max-video-preview:-1"},"canonical":"https:\/\/mecatek.eu\/en\/product\/agito-top-van-bike-rack\/","og_locale":"en_GB","og_type":"article","og_title":"Porte-v\u00e9los fourgon Agito Top - Mecatek (ex-Sawiko France)","og_description":"Le porte-v\u00e9los Agito Top pivote et lib\u00e8re l\u2019acc\u00e8s aux portes arri\u00e8re du fourgon. Il est con\u00e7u pour accueillir 2 v\u00e9los \u00e9lectriques ou 3 v\u00e9los standards","og_url":"https:\/\/mecatek.eu\/en\/product\/agito-top-van-bike-rack\/","og_site_name":"Mecatek (ex-Sawiko France)","article_modified_time":"2026-01-23T13:10:26+00:00","og_image":[{"width":800,"height":800,"url":"http:\/\/mecatek.eu\/wp-content\/uploads\/2025\/12\/porte-velos-fourgon-sawiko-agito-top-1.jpg","type":"image\/jpeg"}],"twitter_card":"summary_large_image","twitter_misc":{"Estimated reading time":"1 minute"},"schema":{"@context":"https:\/\/schema.org","@graph":[{"@type":"WebPage","@id":"https:\/\/mecatek.eu\/produit\/porte-velos-fourgon-agito-top\/","url":"https:\/\/mecatek.eu\/produit\/porte-velos-fourgon-agito-top\/","name":"Agito Top van bike carrier - Mecatek (ex-Sawiko France)","isPartOf":{"@id":"https:\/\/mecatek.eu\/#website"},"primaryImageOfPage":{"@id":"https:\/\/mecatek.eu\/produit\/porte-velos-fourgon-agito-top\/#primaryimage"},"image":{"@id":"https:\/\/mecatek.eu\/produit\/porte-velos-fourgon-agito-top\/#primaryimage"},"thumbnailUrl":"https:\/\/mecatek.eu\/wp-content\/uploads\/2025\/12\/porte-velos-fourgon-sawiko-agito-top-1.jpg","datePublished":"2025-11-22T10:10:40+00:00","dateModified":"2026-01-23T13:10:26+00:00","description":"The Agito Top bike carrier swivels to give free access to the rear doors of the van. It is designed to hold 2 electric bikes or 3 standard bikes.","breadcrumb":{"@id":"https:\/\/mecatek.eu\/produit\/porte-velos-fourgon-agito-top\/#breadcrumb"},"inLanguage":"en-GB","potentialAction":[{"@type":"ReadAction","target":["https:\/\/mecatek.eu\/produit\/porte-velos-fourgon-agito-top\/"]}]},{"@type":"ImageObject","inLanguage":"en-GB","@id":"https:\/\/mecatek.eu\/produit\/porte-velos-fourgon-agito-top\/#primaryimage","url":"https:\/\/mecatek.eu\/wp-content\/uploads\/2025\/12\/porte-velos-fourgon-sawiko-agito-top-1.jpg","contentUrl":"https:\/\/mecatek.eu\/wp-content\/uploads\/2025\/12\/porte-velos-fourgon-sawiko-agito-top-1.jpg","width":800,"height":800,"caption":"Porte-v\u00e9los fourgon Agito Top avec roue jockey"},{"@type":"BreadcrumbList","@id":"https:\/\/mecatek.eu\/produit\/porte-velos-fourgon-agito-top\/#breadcrumb","itemListElement":[{"@type":"ListItem","position":1,"name":"Accueil","item":"https:\/\/mecatek.eu\/"},{"@type":"ListItem","position":2,"name":"Catalogue","item":"https:\/\/mecatek.eu\/catalogue\/"},{"@type":"ListItem","position":3,"name":"Porte-v\u00e9los fourgon Agito Top"}]},{"@type":"WebSite","@id":"https:\/\/mecatek.eu\/#website","url":"https:\/\/mecatek.eu\/","name":"Mecatek (formerly Sawiko France)","description":"Manufacturer of towbars for motorhomes and vans - Mecatek","publisher":{"@id":"https:\/\/mecatek.eu\/#organization"},"potentialAction":[{"@type":"SearchAction","target":{"@type":"EntryPoint","urlTemplate":"https:\/\/mecatek.eu\/?s={search_term_string}"},"query-input":{"@type":"PropertyValueSpecification","valueRequired":true,"valueName":"search_term_string"}}],"inLanguage":"en-GB"},{"@type":"Organization","@id":"https:\/\/mecatek.eu\/#organization","name":"Mecatek (formerly Sawiko France)","url":"https:\/\/mecatek.eu\/","logo":{"@type":"ImageObject","inLanguage":"en-GB","@id":"https:\/\/mecatek.eu\/#\/schema\/logo\/image\/","url":"http:\/\/mecatek.eu\/wp-content\/uploads\/2026\/01\/Logo-Mecatek-Solutions-techniques-2025-300px.png","contentUrl":"http:\/\/mecatek.eu\/wp-content\/uploads\/2026\/01\/Logo-Mecatek-Solutions-techniques-2025-300px.png","width":400,"height":94,"caption":"Mecatek (ex-Sawiko France)"},"image":{"@id":"https:\/\/mecatek.eu\/#\/schema\/logo\/image\/"}}]}},"_links":{"self":[{"href":"https:\/\/mecatek.eu\/en\/wp-json\/wp\/v2\/product\/1634","targetHints":{"allow":["GET"]}}],"collection":[{"href":"https:\/\/mecatek.eu\/en\/wp-json\/wp\/v2\/product"}],"about":[{"href":"https:\/\/mecatek.eu\/en\/wp-json\/wp\/v2\/types\/product"}],"replies":[{"embeddable":true,"href":"https:\/\/mecatek.eu\/en\/wp-json\/wp\/v2\/comments?post=1634"}],"version-history":[{"count":5,"href":"https:\/\/mecatek.eu\/en\/wp-json\/wp\/v2\/product\/1634\/revisions"}],"predecessor-version":[{"id":2467,"href":"https:\/\/mecatek.eu\/en\/wp-json\/wp\/v2\/product\/1634\/revisions\/2467"}],"wp:featuredmedia":[{"embeddable":true,"href":"https:\/\/mecatek.eu\/en\/wp-json\/wp\/v2\/media\/1635"}],"wp:attachment":[{"href":"https:\/\/mecatek.eu\/en\/wp-json\/wp\/v2\/media?parent=1634"}],"wp:term":[{"taxonomy":"product_brand","embeddable":true,"href":"https:\/\/mecatek.eu\/en\/wp-json\/wp\/v2\/product_brand?post=1634"},{"taxonomy":"product_cat","embeddable":true,"href":"https:\/\/mecatek.eu\/en\/wp-json\/wp\/v2\/product_cat?post=1634"},{"taxonomy":"product_tag","embeddable":true,"href":"https:\/\/mecatek.eu\/en\/wp-json\/wp\/v2\/product_tag?post=1634"}],"curies":[{"name":"wp","href":"https:\/\/api.w.org\/{rel}","templated":true}]}}