{"id":1094,"date":"2025-11-09T09:09:38","date_gmt":"2025-11-09T08:09:38","guid":{"rendered":"https:\/\/mecatek.eu\/?post_type=product&#038;p=1094"},"modified":"2026-01-24T13:42:58","modified_gmt":"2026-01-24T12:42:58","slug":"bicycle-rack-for-motorhome-bikey","status":"publish","type":"product","link":"https:\/\/mecatek.eu\/en\/product\/bicycle-rack-for-motorhome-bikey\/","title":{"rendered":"Bikey load carrier with tarpaulin for motorhomes"},"content":{"rendered":"<div data-elementor-type=\"product-post\" data-elementor-id=\"1094\" class=\"elementor elementor-1094\" data-elementor-post-type=\"product\">\n\t\t\t\t<div class=\"elementor-element elementor-element-37f30e2b e-flex e-con-boxed e-con e-parent\" data-id=\"37f30e2b\" data-element_type=\"container\" data-e-type=\"container\">\n\t\t\t\t\t<div class=\"e-con-inner\">\n\t\t<div class=\"elementor-element elementor-element-7d8a4fe e-con-full e-flex e-con e-child\" data-id=\"7d8a4fe\" data-element_type=\"container\" data-e-type=\"container\">\n\t\t<div class=\"elementor-element elementor-element-312f75e e-con-full e-flex e-con e-child\" data-id=\"312f75e\" data-element_type=\"container\" data-e-type=\"container\">\n\t\t\t\t<div class=\"elementor-element elementor-element-4bc3060 elementor-widget elementor-widget-text-editor\" data-id=\"4bc3060\" data-element_type=\"widget\" data-e-type=\"widget\" data-widget_type=\"text-editor.default\">\n\t\t\t\t\t\t\t\t\t<h2>Motorhome bike racks <span style=\"color: #0079b3;\">Bikey<\/span><\/h2>\t\t\t\t\t\t\t\t<\/div>\n\t\t\t\t<div class=\"elementor-element elementor-element-ad6015a elementor-widget elementor-widget-text-editor\" data-id=\"ad6015a\" data-element_type=\"widget\" data-e-type=\"widget\" data-widget_type=\"text-editor.default\">\n\t\t\t\t\t\t\t\t\t<p>Light, the <strong>Bikey bike rack <\/strong>can be installed on most motor homes. Its Airtex quality cover guarantees protection against dust, dirt and splashes. It can be opened from the side or rear.<\/p>\t\t\t\t\t\t\t\t<\/div>\n\t\t\t\t<\/div>\n\t\t<div class=\"elementor-element elementor-element-082ed5d e-con-full e-flex e-con e-child\" data-id=\"082ed5d\" data-element_type=\"container\" data-e-type=\"container\" data-settings=\"{&quot;background_background&quot;:&quot;classic&quot;}\">\n\t\t\t\t<div class=\"elementor-element elementor-element-6a7b939 elementor-widget elementor-widget-image\" data-id=\"6a7b939\" data-element_type=\"widget\" data-e-type=\"widget\" data-widget_type=\"image.default\">\n\t\t\t\t\t\t\t\t\t\t\t\t\t\t\t<img fetchpriority=\"high\" decoding=\"async\" width=\"400\" height=\"200\" src=\"https:\/\/mecatek.eu\/wp-content\/uploads\/2025\/12\/Logo-Marque-Sawiko-de.png\" class=\"attachment-full size-full wp-image-1013\" alt=\"Sawiko logo\" \/>\t\t\t\t\t\t\t\t\t\t\t\t\t\t\t<\/div>\n\t\t\t\t<div class=\"elementor-element elementor-element-af192d9 elementor-widget elementor-widget-text-editor\" data-id=\"af192d9\" data-element_type=\"widget\" data-e-type=\"widget\" data-widget_type=\"text-editor.default\">\n\t\t\t\t\t\t\t\t\t<p><strong>Technical data :<\/strong><\/p><ul><li>Length: 2000 mm<\/li><li>Width: 800 mm<\/li><li>Height: 1350 mm<\/li><li>Empty weight: 12 Kg without stand<\/li><\/ul>\t\t\t\t\t\t\t\t<\/div>\n\t\t\t\t<\/div>\n\t\t\t\t<\/div>\n\t\t\t\t\t<\/div>\n\t\t\t\t<\/div>\n\t\t\t\t<\/div>","protected":false},"excerpt":{"rendered":"<p>Lightweight, the Bikey bike carrier can be fitted to most vehicles and will protect your bikes effectively.<\/p>","protected":false},"featured_media":1097,"comment_status":"closed","ping_status":"closed","template":"","meta":[],"product_brand":[68],"product_cat":[30,70],"product_tag":[],"class_list":{"0":"post-1094","1":"product","2":"type-product","3":"status-publish","4":"has-post-thumbnail","6":"product_brand-sawiko","7":"product_cat-porte-velos-camping-car","8":"product_cat-porte-velos-sawiko","10":"first","11":"instock","12":"shipping-taxable","13":"product-type-simple"},"yoast_head":"<!-- This site is optimized with the Yoast SEO plugin v26.9 - https:\/\/yoast.com\/product\/yoast-seo-wordpress\/ -->\n<title>Porte-charges avec b\u00e2che pour camping-car Bikey - Mecatek (ex-Sawiko France)<\/title>\n<meta name=\"description\" content=\"L\u00e9ger, le porte-v\u00e9los avec b\u00e2che Bikey pour camping-car peut \u00eatre install\u00e9 sur la plupart des v\u00e9hicules.\" \/>\n<meta name=\"robots\" content=\"index, follow, max-snippet:-1, max-image-preview:large, max-video-preview:-1\" \/>\n<link rel=\"canonical\" href=\"https:\/\/mecatek.eu\/en\/product\/bicycle-rack-for-motorhome-bikey\/\" \/>\n<meta property=\"og:locale\" content=\"en_GB\" \/>\n<meta property=\"og:type\" content=\"article\" \/>\n<meta property=\"og:title\" content=\"Porte-charges avec b\u00e2che pour camping-car Bikey - Mecatek (ex-Sawiko France)\" \/>\n<meta property=\"og:description\" content=\"L\u00e9ger, le porte-v\u00e9los avec b\u00e2che Bikey pour camping-car peut \u00eatre install\u00e9 sur la plupart des v\u00e9hicules.\" \/>\n<meta property=\"og:url\" content=\"https:\/\/mecatek.eu\/en\/product\/bicycle-rack-for-motorhome-bikey\/\" \/>\n<meta property=\"og:site_name\" content=\"Mecatek (ex-Sawiko France)\" \/>\n<meta property=\"article:modified_time\" content=\"2026-01-24T12:42:58+00:00\" \/>\n<meta property=\"og:image\" content=\"http:\/\/mecatek.eu\/wp-content\/uploads\/2025\/12\/bikey-3.jpg\" \/>\n\t<meta property=\"og:image:width\" content=\"800\" \/>\n\t<meta property=\"og:image:height\" content=\"800\" \/>\n\t<meta property=\"og:image:type\" content=\"image\/jpeg\" \/>\n<meta name=\"twitter:card\" content=\"summary_large_image\" \/>\n<meta name=\"twitter:label1\" content=\"Estimated reading time\" \/>\n\t<meta name=\"twitter:data1\" content=\"1 minute\" \/>\n<script type=\"application\/ld+json\" class=\"yoast-schema-graph\">{\"@context\":\"https:\/\/schema.org\",\"@graph\":[{\"@type\":\"WebPage\",\"@id\":\"https:\/\/mecatek.eu\/produit\/porte-velos-pour-camping-car-bikey\/\",\"url\":\"https:\/\/mecatek.eu\/produit\/porte-velos-pour-camping-car-bikey\/\",\"name\":\"Porte-charges avec b\u00e2che pour camping-car Bikey - Mecatek (ex-Sawiko France)\",\"isPartOf\":{\"@id\":\"https:\/\/mecatek.eu\/#website\"},\"primaryImageOfPage\":{\"@id\":\"https:\/\/mecatek.eu\/produit\/porte-velos-pour-camping-car-bikey\/#primaryimage\"},\"image\":{\"@id\":\"https:\/\/mecatek.eu\/produit\/porte-velos-pour-camping-car-bikey\/#primaryimage\"},\"thumbnailUrl\":\"https:\/\/mecatek.eu\/wp-content\/uploads\/2025\/12\/bikey-3.jpg\",\"datePublished\":\"2025-11-09T08:09:38+00:00\",\"dateModified\":\"2026-01-24T12:42:58+00:00\",\"description\":\"L\u00e9ger, le porte-v\u00e9los avec b\u00e2che Bikey pour camping-car peut \u00eatre install\u00e9 sur la plupart des v\u00e9hicules.\",\"breadcrumb\":{\"@id\":\"https:\/\/mecatek.eu\/produit\/porte-velos-pour-camping-car-bikey\/#breadcrumb\"},\"inLanguage\":\"en-GB\",\"potentialAction\":[{\"@type\":\"ReadAction\",\"target\":[\"https:\/\/mecatek.eu\/produit\/porte-velos-pour-camping-car-bikey\/\"]}]},{\"@type\":\"ImageObject\",\"inLanguage\":\"en-GB\",\"@id\":\"https:\/\/mecatek.eu\/produit\/porte-velos-pour-camping-car-bikey\/#primaryimage\",\"url\":\"https:\/\/mecatek.eu\/wp-content\/uploads\/2025\/12\/bikey-3.jpg\",\"contentUrl\":\"https:\/\/mecatek.eu\/wp-content\/uploads\/2025\/12\/bikey-3.jpg\",\"width\":800,\"height\":800,\"caption\":\"Porte-v\u00e9los avec b\u00e2che Bikey pour camping-car\"},{\"@type\":\"BreadcrumbList\",\"@id\":\"https:\/\/mecatek.eu\/produit\/porte-velos-pour-camping-car-bikey\/#breadcrumb\",\"itemListElement\":[{\"@type\":\"ListItem\",\"position\":1,\"name\":\"Accueil\",\"item\":\"https:\/\/mecatek.eu\/\"},{\"@type\":\"ListItem\",\"position\":2,\"name\":\"Catalogue\",\"item\":\"https:\/\/mecatek.eu\/catalogue\/\"},{\"@type\":\"ListItem\",\"position\":3,\"name\":\"Porte-charges avec b\u00e2che pour camping-car Bikey\"}]},{\"@type\":\"WebSite\",\"@id\":\"https:\/\/mecatek.eu\/#website\",\"url\":\"https:\/\/mecatek.eu\/\",\"name\":\"Mecatek (ex-Sawiko France)\",\"description\":\"Fabricant d&#039;attelages pour camping-car et fourgon - Mecatek\",\"publisher\":{\"@id\":\"https:\/\/mecatek.eu\/#organization\"},\"potentialAction\":[{\"@type\":\"SearchAction\",\"target\":{\"@type\":\"EntryPoint\",\"urlTemplate\":\"https:\/\/mecatek.eu\/?s={search_term_string}\"},\"query-input\":{\"@type\":\"PropertyValueSpecification\",\"valueRequired\":true,\"valueName\":\"search_term_string\"}}],\"inLanguage\":\"en-GB\"},{\"@type\":\"Organization\",\"@id\":\"https:\/\/mecatek.eu\/#organization\",\"name\":\"Mecatek (ex-Sawiko France)\",\"url\":\"https:\/\/mecatek.eu\/\",\"logo\":{\"@type\":\"ImageObject\",\"inLanguage\":\"en-GB\",\"@id\":\"https:\/\/mecatek.eu\/#\/schema\/logo\/image\/\",\"url\":\"http:\/\/mecatek.eu\/wp-content\/uploads\/2026\/01\/Logo-Mecatek-Solutions-techniques-2025-300px.png\",\"contentUrl\":\"http:\/\/mecatek.eu\/wp-content\/uploads\/2026\/01\/Logo-Mecatek-Solutions-techniques-2025-300px.png\",\"width\":400,\"height\":94,\"caption\":\"Mecatek (ex-Sawiko France)\"},\"image\":{\"@id\":\"https:\/\/mecatek.eu\/#\/schema\/logo\/image\/\"}}]}<\/script>\n<!-- \/ Yoast SEO plugin. -->","yoast_head_json":{"title":"Bikey motorhome load carrier with tarpaulin - Mecatek (ex-Sawiko France)","description":"The lightweight Bikey motorhome bike carrier with tarpaulin can be fitted to most vehicles.","robots":{"index":"index","follow":"follow","max-snippet":"max-snippet:-1","max-image-preview":"max-image-preview:large","max-video-preview":"max-video-preview:-1"},"canonical":"https:\/\/mecatek.eu\/en\/product\/bicycle-rack-for-motorhome-bikey\/","og_locale":"en_GB","og_type":"article","og_title":"Porte-charges avec b\u00e2che pour camping-car Bikey - Mecatek (ex-Sawiko France)","og_description":"L\u00e9ger, le porte-v\u00e9los avec b\u00e2che Bikey pour camping-car peut \u00eatre install\u00e9 sur la plupart des v\u00e9hicules.","og_url":"https:\/\/mecatek.eu\/en\/product\/bicycle-rack-for-motorhome-bikey\/","og_site_name":"Mecatek (ex-Sawiko France)","article_modified_time":"2026-01-24T12:42:58+00:00","og_image":[{"width":800,"height":800,"url":"http:\/\/mecatek.eu\/wp-content\/uploads\/2025\/12\/bikey-3.jpg","type":"image\/jpeg"}],"twitter_card":"summary_large_image","twitter_misc":{"Estimated reading time":"1 minute"},"schema":{"@context":"https:\/\/schema.org","@graph":[{"@type":"WebPage","@id":"https:\/\/mecatek.eu\/produit\/porte-velos-pour-camping-car-bikey\/","url":"https:\/\/mecatek.eu\/produit\/porte-velos-pour-camping-car-bikey\/","name":"Bikey motorhome load carrier with tarpaulin - Mecatek (ex-Sawiko France)","isPartOf":{"@id":"https:\/\/mecatek.eu\/#website"},"primaryImageOfPage":{"@id":"https:\/\/mecatek.eu\/produit\/porte-velos-pour-camping-car-bikey\/#primaryimage"},"image":{"@id":"https:\/\/mecatek.eu\/produit\/porte-velos-pour-camping-car-bikey\/#primaryimage"},"thumbnailUrl":"https:\/\/mecatek.eu\/wp-content\/uploads\/2025\/12\/bikey-3.jpg","datePublished":"2025-11-09T08:09:38+00:00","dateModified":"2026-01-24T12:42:58+00:00","description":"The lightweight Bikey motorhome bike carrier with tarpaulin can be fitted to most vehicles.","breadcrumb":{"@id":"https:\/\/mecatek.eu\/produit\/porte-velos-pour-camping-car-bikey\/#breadcrumb"},"inLanguage":"en-GB","potentialAction":[{"@type":"ReadAction","target":["https:\/\/mecatek.eu\/produit\/porte-velos-pour-camping-car-bikey\/"]}]},{"@type":"ImageObject","inLanguage":"en-GB","@id":"https:\/\/mecatek.eu\/produit\/porte-velos-pour-camping-car-bikey\/#primaryimage","url":"https:\/\/mecatek.eu\/wp-content\/uploads\/2025\/12\/bikey-3.jpg","contentUrl":"https:\/\/mecatek.eu\/wp-content\/uploads\/2025\/12\/bikey-3.jpg","width":800,"height":800,"caption":"Porte-v\u00e9los avec b\u00e2che Bikey pour camping-car"},{"@type":"BreadcrumbList","@id":"https:\/\/mecatek.eu\/produit\/porte-velos-pour-camping-car-bikey\/#breadcrumb","itemListElement":[{"@type":"ListItem","position":1,"name":"Accueil","item":"https:\/\/mecatek.eu\/"},{"@type":"ListItem","position":2,"name":"Catalogue","item":"https:\/\/mecatek.eu\/catalogue\/"},{"@type":"ListItem","position":3,"name":"Porte-charges avec b\u00e2che pour camping-car Bikey"}]},{"@type":"WebSite","@id":"https:\/\/mecatek.eu\/#website","url":"https:\/\/mecatek.eu\/","name":"Mecatek (formerly Sawiko France)","description":"Manufacturer of towbars for motorhomes and vans - Mecatek","publisher":{"@id":"https:\/\/mecatek.eu\/#organization"},"potentialAction":[{"@type":"SearchAction","target":{"@type":"EntryPoint","urlTemplate":"https:\/\/mecatek.eu\/?s={search_term_string}"},"query-input":{"@type":"PropertyValueSpecification","valueRequired":true,"valueName":"search_term_string"}}],"inLanguage":"en-GB"},{"@type":"Organization","@id":"https:\/\/mecatek.eu\/#organization","name":"Mecatek (formerly Sawiko France)","url":"https:\/\/mecatek.eu\/","logo":{"@type":"ImageObject","inLanguage":"en-GB","@id":"https:\/\/mecatek.eu\/#\/schema\/logo\/image\/","url":"http:\/\/mecatek.eu\/wp-content\/uploads\/2026\/01\/Logo-Mecatek-Solutions-techniques-2025-300px.png","contentUrl":"http:\/\/mecatek.eu\/wp-content\/uploads\/2026\/01\/Logo-Mecatek-Solutions-techniques-2025-300px.png","width":400,"height":94,"caption":"Mecatek (ex-Sawiko France)"},"image":{"@id":"https:\/\/mecatek.eu\/#\/schema\/logo\/image\/"}}]}},"_links":{"self":[{"href":"https:\/\/mecatek.eu\/en\/wp-json\/wp\/v2\/product\/1094","targetHints":{"allow":["GET"]}}],"collection":[{"href":"https:\/\/mecatek.eu\/en\/wp-json\/wp\/v2\/product"}],"about":[{"href":"https:\/\/mecatek.eu\/en\/wp-json\/wp\/v2\/types\/product"}],"replies":[{"embeddable":true,"href":"https:\/\/mecatek.eu\/en\/wp-json\/wp\/v2\/comments?post=1094"}],"version-history":[{"count":12,"href":"https:\/\/mecatek.eu\/en\/wp-json\/wp\/v2\/product\/1094\/revisions"}],"predecessor-version":[{"id":2279,"href":"https:\/\/mecatek.eu\/en\/wp-json\/wp\/v2\/product\/1094\/revisions\/2279"}],"wp:featuredmedia":[{"embeddable":true,"href":"https:\/\/mecatek.eu\/en\/wp-json\/wp\/v2\/media\/1097"}],"wp:attachment":[{"href":"https:\/\/mecatek.eu\/en\/wp-json\/wp\/v2\/media?parent=1094"}],"wp:term":[{"taxonomy":"product_brand","embeddable":true,"href":"https:\/\/mecatek.eu\/en\/wp-json\/wp\/v2\/product_brand?post=1094"},{"taxonomy":"product_cat","embeddable":true,"href":"https:\/\/mecatek.eu\/en\/wp-json\/wp\/v2\/product_cat?post=1094"},{"taxonomy":"product_tag","embeddable":true,"href":"https:\/\/mecatek.eu\/en\/wp-json\/wp\/v2\/product_tag?post=1094"}],"curies":[{"name":"wp","href":"https:\/\/api.w.org\/{rel}","templated":true}]}}