{"id":86,"date":"2025-12-21T15:28:33","date_gmt":"2025-12-21T14:28:33","guid":{"rendered":"https:\/\/mecatek.eu\/?post_type=product&#038;p=86"},"modified":"2026-01-28T12:46:23","modified_gmt":"2026-01-28T11:46:23","slug":"fahrradtrager-fur-lieferwagen-van-bike-2","status":"publish","type":"product","link":"https:\/\/mecatek.eu\/de\/produkt\/fahrradtrager-fur-lieferwagen-van-bike-2\/","title":{"rendered":"Fahrradtr\u00e4ger f\u00fcr Lieferwagen VAN-BIKE 2"},"content":{"rendered":"<div data-elementor-type=\"product-post\" data-elementor-id=\"86\" class=\"elementor elementor-86\" data-elementor-post-type=\"product\">\n\t\t\t\t<div class=\"elementor-element elementor-element-1ef1e3d1 e-flex e-con-boxed e-con e-parent\" data-id=\"1ef1e3d1\" data-element_type=\"container\" data-e-type=\"container\" data-settings=\"{&quot;background_background&quot;:&quot;classic&quot;}\">\n\t\t\t\t\t<div class=\"e-con-inner\">\n\t\t<div class=\"elementor-element elementor-element-33b8e68 e-con-full e-flex e-con e-child\" data-id=\"33b8e68\" data-element_type=\"container\" data-e-type=\"container\">\n\t\t<div class=\"elementor-element elementor-element-1ee0aad e-con-full e-flex e-con e-child\" data-id=\"1ee0aad\" data-element_type=\"container\" data-e-type=\"container\">\n\t\t\t\t<div class=\"elementor-element elementor-element-eb5ef74 elementor-widget elementor-widget-text-editor\" data-id=\"eb5ef74\" data-element_type=\"widget\" data-e-type=\"widget\" data-widget_type=\"text-editor.default\">\n\t\t\t\t\t\t\t\t\t<h2>Fahrradtr\u00e4ger <span style=\"color: #0079b3;\">Van-Bike 2<\/span><\/h2>\t\t\t\t\t\t\t\t<\/div>\n\t\t\t\t<div class=\"elementor-element elementor-element-6d0b9cbe elementor-widget elementor-widget-text-editor\" data-id=\"6d0b9cbe\" data-element_type=\"widget\" data-e-type=\"widget\" data-widget_type=\"text-editor.default\">\n\t\t\t\t\t\t\t\t\t<h3>Die ideale L\u00f6sung f\u00fcr den Transport Ihrer Elektrofahrr\u00e4der!<\/h3><p>Eine echte Innovation auf dem Gebiet der Fahrradtr\u00e4ger f\u00fcr Lieferwagen ist der\u00a0<strong>Fahrradtr\u00e4ger VAN-BIKE 2<\/strong>\u00a0wird Sie mit seinen zahlreichen Vorz\u00fcgen begeistern:<\/p><ul><li>Sein Drehsystem erm\u00f6glicht eine vollst\u00e4ndige \u00d6ffnung (90\u00b0) der Hintert\u00fcren Ihres Vans und erleichtert Ihnen somit den Zugang zu Ihrem Innenraum erheblich.<\/li><li>Er bietet Ihnen eine niedrige Ladeh\u00f6he, so dass Sie die Fahrr\u00e4der ohne besondere Anstrengung leicht ein- und ausladen k\u00f6nnen.<\/li><li>Dieses Befestigungssystem erm\u00f6glicht es dem\u00a0<strong>Fahrradtr\u00e4ger VAN-BIKE 2<\/strong>\u00a0auch im unbeladenen Zustand auf der R\u00fcckseite Ihres Fahrzeugs in Position zu bleiben.<\/li><li>Er ist f\u00fcr 2 Elektrofahrr\u00e4der ausgelegt (Option 3 bis 4 Standardfahrr\u00e4der: bitte anfragen) und l\u00e4sst sich zudem vollst\u00e4ndig umklappen, wenn er nicht beladen ist.<\/li><\/ul><p><strong>F\u00fcr die Versionen mit 3 bis 4 Fahrr\u00e4dern wenden Sie sich bitte an uns, um die Machbarkeit zu best\u00e4tigen.<\/strong><\/p>\t\t\t\t\t\t\t\t<\/div>\n\t\t<div class=\"elementor-element elementor-element-2cd1e58 e-con-full e-flex e-con e-child\" data-id=\"2cd1e58\" data-element_type=\"container\" data-e-type=\"container\">\n\t\t<div class=\"elementor-element elementor-element-8b96ee6 e-con-full e-flex e-con e-child\" data-id=\"8b96ee6\" data-element_type=\"container\" data-e-type=\"container\">\n\t\t\t\t<div class=\"elementor-element elementor-element-d203b1f elementor-widget elementor-widget-video\" data-id=\"d203b1f\" data-element_type=\"widget\" data-e-type=\"widget\" data-settings=\"{&quot;youtube_url&quot;:&quot;https:\\\/\\\/youtu.be\\\/EsImlptfnYc&quot;,&quot;video_type&quot;:&quot;youtube&quot;,&quot;controls&quot;:&quot;yes&quot;}\" data-widget_type=\"video.default\">\n\t\t\t\t\t\t\t<div class=\"elementor-wrapper elementor-open-inline\">\n\t\t\t<div class=\"elementor-video\"><\/div>\t\t<\/div>\n\t\t\t\t\t\t<\/div>\n\t\t\t\t<div class=\"elementor-element elementor-element-1ffb048 elementor-widget elementor-widget-text-editor\" data-id=\"1ffb048\" data-element_type=\"widget\" data-e-type=\"widget\" data-widget_type=\"text-editor.default\">\n\t\t\t\t\t\t\t\t\t<p>L<b>Die Presse berichtet: Van Bike 2, ein schwenkbarer und robuster Fahrradtr\u00e4ger f\u00fcr Lieferwagen.<\/b> Sehen Sie sich das Video der Zeitschrift \u00abLe Monde du Camping-car\u00bb \u00fcber den Fahrradtr\u00e4ger f\u00fcr Kastenwagen VAN-Bike 2 an.\u00a0<\/p>\t\t\t\t\t\t\t\t<\/div>\n\t\t\t\t<\/div>\n\t\t<div class=\"elementor-element elementor-element-6599538 e-con-full e-flex e-con e-child\" data-id=\"6599538\" data-element_type=\"container\" data-e-type=\"container\">\n\t\t\t\t<div class=\"elementor-element elementor-element-5ffc876 elementor-widget elementor-widget-video\" data-id=\"5ffc876\" data-element_type=\"widget\" data-e-type=\"widget\" data-settings=\"{&quot;youtube_url&quot;:&quot;https:\\\/\\\/youtu.be\\\/fo9dn2MjNnI&quot;,&quot;video_type&quot;:&quot;youtube&quot;,&quot;controls&quot;:&quot;yes&quot;}\" data-widget_type=\"video.default\">\n\t\t\t\t\t\t\t<div class=\"elementor-wrapper elementor-open-inline\">\n\t\t\t<div class=\"elementor-video\"><\/div>\t\t<\/div>\n\t\t\t\t\t\t<\/div>\n\t\t\t\t<div class=\"elementor-element elementor-element-699627f elementor-widget elementor-widget-text-editor\" data-id=\"699627f\" data-element_type=\"widget\" data-e-type=\"widget\" data-widget_type=\"text-editor.default\">\n\t\t\t\t\t\t\t\t\t<p><strong>Sehen Sie sich den Fahrradtr\u00e4ger VAN-BIKE 2 im Video an<\/strong><\/p>\t\t\t\t\t\t\t\t<\/div>\n\t\t\t\t<\/div>\n\t\t\t\t<\/div>\n\t\t\t\t<\/div>\n\t\t<div class=\"elementor-element elementor-element-8733aa7 e-con-full e-flex e-con e-child\" data-id=\"8733aa7\" data-element_type=\"container\" data-e-type=\"container\" data-settings=\"{&quot;background_background&quot;:&quot;classic&quot;}\">\n\t\t\t\t<div class=\"elementor-element elementor-element-5506771 elementor-widget elementor-widget-image\" data-id=\"5506771\" data-element_type=\"widget\" data-e-type=\"widget\" data-widget_type=\"image.default\">\n\t\t\t\t\t\t\t\t\t\t\t\t\t\t\t<img fetchpriority=\"high\" decoding=\"async\" width=\"852\" height=\"357\" src=\"https:\/\/mecatek.eu\/wp-content\/uploads\/2025\/10\/Logo-VAN-Bike-2_broderie-dos.jpeg\" class=\"attachment-full size-full wp-image-919\" alt=\"Van-Bike-Logo 2\" srcset=\"https:\/\/mecatek.eu\/wp-content\/uploads\/2025\/10\/Logo-VAN-Bike-2_broderie-dos.jpeg 852w, https:\/\/mecatek.eu\/wp-content\/uploads\/2025\/10\/Logo-VAN-Bike-2_broderie-dos-500x210.jpeg 500w\" sizes=\"(max-width: 852px) 100vw, 852px\" \/>\t\t\t\t\t\t\t\t\t\t\t\t\t\t\t<\/div>\n\t\t\t\t<div class=\"elementor-element elementor-element-55bf3cf elementor-widget elementor-widget-text-editor\" data-id=\"55bf3cf\" data-element_type=\"widget\" data-e-type=\"widget\" data-widget_type=\"text-editor.default\">\n\t\t\t\t\t\t\t\t\t<p><strong>Technische Daten :<br \/><\/strong>Leergewicht: 25 kg<br \/>Nutzlast: 80 kg<\/p><p><strong>Fahrzeuge com<\/strong><strong>geduldig :<br \/><\/strong>- Fiat Ducato<br \/>- Peugeot Boxer<br \/>- Citro\u00ebn Jumper<br \/>- Opel Movano (ab 2022)<\/p>\t\t\t\t\t\t\t\t<\/div>\n\t\t\t\t<div class=\"elementor-element elementor-element-b8f34c6 elementor-widget elementor-widget-gallery\" data-id=\"b8f34c6\" data-element_type=\"widget\" data-e-type=\"widget\" data-settings=\"{&quot;columns&quot;:2,&quot;columns_mobile&quot;:2,&quot;gap&quot;:{&quot;unit&quot;:&quot;px&quot;,&quot;size&quot;:5,&quot;sizes&quot;:[]},&quot;image_hover_animation&quot;:&quot;grow&quot;,&quot;lazyload&quot;:&quot;yes&quot;,&quot;gallery_layout&quot;:&quot;grid&quot;,&quot;columns_tablet&quot;:2,&quot;gap_tablet&quot;:{&quot;unit&quot;:&quot;px&quot;,&quot;size&quot;:10,&quot;sizes&quot;:[]},&quot;gap_mobile&quot;:{&quot;unit&quot;:&quot;px&quot;,&quot;size&quot;:10,&quot;sizes&quot;:[]},&quot;aspect_ratio&quot;:&quot;3:2&quot;,&quot;content_hover_animation&quot;:&quot;fade-in&quot;}\" data-widget_type=\"gallery.default\">\n\t\t\t\t\t\t\t<div class=\"elementor-gallery__container\">\n\t\t\t\t\t\t\t<div class=\"e-gallery-item elementor-gallery-item elementor-animated-content\">\n\t\t\t\t\t<div class=\"e-gallery-image elementor-gallery-item__image\" data-thumbnail=\"https:\/\/mecatek.eu\/wp-content\/uploads\/2025\/11\/logo-fiat.jpg\" data-width=\"300\" data-height=\"200\" aria-label=\"Fiat-Logo\" role=\"img\" ><\/div>\n\t\t\t\t\t\t\t\t\t\t\t\t\t\t<\/div>\n\t\t\t\t\t\t\t<div class=\"e-gallery-item elementor-gallery-item elementor-animated-content\">\n\t\t\t\t\t<div class=\"e-gallery-image elementor-gallery-item__image\" data-thumbnail=\"https:\/\/mecatek.eu\/wp-content\/uploads\/2025\/11\/logo-peugeot.jpg\" data-width=\"300\" data-height=\"200\" aria-label=\"Peugeot-Logo\" role=\"img\" ><\/div>\n\t\t\t\t\t\t\t\t\t\t\t\t\t\t<\/div>\n\t\t\t\t\t\t\t<div class=\"e-gallery-item elementor-gallery-item elementor-animated-content\">\n\t\t\t\t\t<div class=\"e-gallery-image elementor-gallery-item__image\" data-thumbnail=\"https:\/\/mecatek.eu\/wp-content\/uploads\/2025\/11\/logo-citroen.jpg\" data-width=\"300\" data-height=\"200\" aria-label=\"Citro\u00ebn-Logo\" role=\"img\" ><\/div>\n\t\t\t\t\t\t\t\t\t\t\t\t\t\t<\/div>\n\t\t\t\t\t\t\t<div class=\"e-gallery-item elementor-gallery-item elementor-animated-content\">\n\t\t\t\t\t<div class=\"e-gallery-image elementor-gallery-item__image\" data-thumbnail=\"https:\/\/mecatek.eu\/wp-content\/uploads\/2025\/11\/logo-opel.jpg\" data-width=\"300\" data-height=\"200\" aria-label=\"Opel-Logo\" role=\"img\" ><\/div>\n\t\t\t\t\t\t\t\t\t\t\t\t\t\t<\/div>\n\t\t\t\t\t<\/div>\n\t\t\t\t\t<\/div>\n\t\t\t\t<\/div>\n\t\t\t\t<\/div>\n\t\t\t\t\t<\/div>\n\t\t\t\t<\/div>\n\t\t\t\t<\/div>","protected":false},"excerpt":{"rendered":"<p>Eine echte Innovation auf dem Gebiet der Fahrradtr\u00e4ger f\u00fcr Lieferwagen ist der\u00a0<strong>Fahrradtr\u00e4ger VAN-BIKE 2<\/strong>\u00a0wird Sie mit seinen zahlreichen Vorz\u00fcgen begeistern.<\/p>","protected":false},"featured_media":96,"comment_status":"closed","ping_status":"closed","template":"","meta":[],"product_brand":[63],"product_cat":[57],"product_tag":[],"class_list":{"0":"post-86","1":"product","2":"type-product","3":"status-publish","4":"has-post-thumbnail","6":"product_brand-mck","7":"product_cat-porte-velos-fourgon","9":"first","10":"instock","11":"featured","12":"shipping-taxable","13":"product-type-simple"},"yoast_head":"<!-- This site is optimized with the Yoast SEO plugin v26.9 - https:\/\/yoast.com\/product\/yoast-seo-wordpress\/ -->\n<title>Porte-v\u00e9los pour fourgons VAN-BIKE 2 - Mecatek (ex-Sawiko France)<\/title>\n<meta name=\"description\" content=\"V\u00e9ritable innovation dans le domaine du porte-v\u00e9los pour fourgon, le porte-v\u00e9los VAN-BIKE 2 vous s\u00e9duira par ses nombreux atouts.\" \/>\n<meta name=\"robots\" content=\"index, follow, max-snippet:-1, max-image-preview:large, max-video-preview:-1\" \/>\n<link rel=\"canonical\" href=\"https:\/\/mecatek.eu\/de\/produkt\/fahrradtrager-fur-lieferwagen-van-bike-2\/\" \/>\n<meta property=\"og:locale\" content=\"de_DE\" \/>\n<meta property=\"og:type\" content=\"article\" \/>\n<meta property=\"og:title\" content=\"Porte-v\u00e9los pour fourgons VAN-BIKE 2 - Mecatek (ex-Sawiko France)\" \/>\n<meta property=\"og:description\" content=\"V\u00e9ritable innovation dans le domaine du porte-v\u00e9los pour fourgon, le porte-v\u00e9los VAN-BIKE 2 vous s\u00e9duira par ses nombreux atouts.\" \/>\n<meta property=\"og:url\" content=\"https:\/\/mecatek.eu\/de\/produkt\/fahrradtrager-fur-lieferwagen-van-bike-2\/\" \/>\n<meta property=\"og:site_name\" content=\"Mecatek (ex-Sawiko France)\" \/>\n<meta property=\"article:modified_time\" content=\"2026-01-28T11:46:23+00:00\" \/>\n<meta property=\"og:image\" content=\"http:\/\/mecatek.eu\/wp-content\/uploads\/2025\/10\/Van-Bike-2_Fiat-Ducato_1200px.png\" \/>\n\t<meta property=\"og:image:width\" content=\"1200\" \/>\n\t<meta property=\"og:image:height\" content=\"827\" \/>\n\t<meta property=\"og:image:type\" content=\"image\/png\" \/>\n<meta name=\"twitter:card\" content=\"summary_large_image\" \/>\n<meta name=\"twitter:label1\" content=\"Gesch\u00e4tzte Lesezeit\" \/>\n\t<meta name=\"twitter:data1\" content=\"2\u00a0Minuten\" \/>\n<script type=\"application\/ld+json\" class=\"yoast-schema-graph\">{\"@context\":\"https:\/\/schema.org\",\"@graph\":[{\"@type\":\"WebPage\",\"@id\":\"https:\/\/mecatek.eu\/produit\/porte-velos-pour-fourgons-van-bike-2\/\",\"url\":\"https:\/\/mecatek.eu\/produit\/porte-velos-pour-fourgons-van-bike-2\/\",\"name\":\"Porte-v\u00e9los pour fourgons VAN-BIKE 2 - Mecatek (ex-Sawiko France)\",\"isPartOf\":{\"@id\":\"https:\/\/mecatek.eu\/#website\"},\"primaryImageOfPage\":{\"@id\":\"https:\/\/mecatek.eu\/produit\/porte-velos-pour-fourgons-van-bike-2\/#primaryimage\"},\"image\":{\"@id\":\"https:\/\/mecatek.eu\/produit\/porte-velos-pour-fourgons-van-bike-2\/#primaryimage\"},\"thumbnailUrl\":\"https:\/\/mecatek.eu\/wp-content\/uploads\/2025\/10\/Van-Bike-2_Fiat-Ducato_1200px.png\",\"datePublished\":\"2025-12-21T14:28:33+00:00\",\"dateModified\":\"2026-01-28T11:46:23+00:00\",\"description\":\"V\u00e9ritable innovation dans le domaine du porte-v\u00e9los pour fourgon, le porte-v\u00e9los VAN-BIKE 2 vous s\u00e9duira par ses nombreux atouts.\",\"breadcrumb\":{\"@id\":\"https:\/\/mecatek.eu\/produit\/porte-velos-pour-fourgons-van-bike-2\/#breadcrumb\"},\"inLanguage\":\"de\",\"potentialAction\":[{\"@type\":\"ReadAction\",\"target\":[\"https:\/\/mecatek.eu\/produit\/porte-velos-pour-fourgons-van-bike-2\/\"]}]},{\"@type\":\"ImageObject\",\"inLanguage\":\"de\",\"@id\":\"https:\/\/mecatek.eu\/produit\/porte-velos-pour-fourgons-van-bike-2\/#primaryimage\",\"url\":\"https:\/\/mecatek.eu\/wp-content\/uploads\/2025\/10\/Van-Bike-2_Fiat-Ducato_1200px.png\",\"contentUrl\":\"https:\/\/mecatek.eu\/wp-content\/uploads\/2025\/10\/Van-Bike-2_Fiat-Ducato_1200px.png\",\"width\":1200,\"height\":827,\"caption\":\"Porte-v\u00e9los pour fourgons VAN-BIKE 2 avec porte arri\u00e8re ouverte\"},{\"@type\":\"BreadcrumbList\",\"@id\":\"https:\/\/mecatek.eu\/produit\/porte-velos-pour-fourgons-van-bike-2\/#breadcrumb\",\"itemListElement\":[{\"@type\":\"ListItem\",\"position\":1,\"name\":\"Accueil\",\"item\":\"https:\/\/mecatek.eu\/\"},{\"@type\":\"ListItem\",\"position\":2,\"name\":\"Catalogue\",\"item\":\"https:\/\/mecatek.eu\/catalogue\/\"},{\"@type\":\"ListItem\",\"position\":3,\"name\":\"Porte-v\u00e9los pour fourgons VAN-BIKE 2\"}]},{\"@type\":\"WebSite\",\"@id\":\"https:\/\/mecatek.eu\/#website\",\"url\":\"https:\/\/mecatek.eu\/\",\"name\":\"Mecatek (ex-Sawiko France)\",\"description\":\"Fabricant d&#039;attelages pour camping-car et fourgon - Mecatek\",\"publisher\":{\"@id\":\"https:\/\/mecatek.eu\/#organization\"},\"potentialAction\":[{\"@type\":\"SearchAction\",\"target\":{\"@type\":\"EntryPoint\",\"urlTemplate\":\"https:\/\/mecatek.eu\/?s={search_term_string}\"},\"query-input\":{\"@type\":\"PropertyValueSpecification\",\"valueRequired\":true,\"valueName\":\"search_term_string\"}}],\"inLanguage\":\"de\"},{\"@type\":\"Organization\",\"@id\":\"https:\/\/mecatek.eu\/#organization\",\"name\":\"Mecatek (ex-Sawiko France)\",\"url\":\"https:\/\/mecatek.eu\/\",\"logo\":{\"@type\":\"ImageObject\",\"inLanguage\":\"de\",\"@id\":\"https:\/\/mecatek.eu\/#\/schema\/logo\/image\/\",\"url\":\"http:\/\/mecatek.eu\/wp-content\/uploads\/2026\/01\/Logo-Mecatek-Solutions-techniques-2025-300px.png\",\"contentUrl\":\"http:\/\/mecatek.eu\/wp-content\/uploads\/2026\/01\/Logo-Mecatek-Solutions-techniques-2025-300px.png\",\"width\":400,\"height\":94,\"caption\":\"Mecatek (ex-Sawiko France)\"},\"image\":{\"@id\":\"https:\/\/mecatek.eu\/#\/schema\/logo\/image\/\"}}]}<\/script>\n<!-- \/ Yoast SEO plugin. -->","yoast_head_json":{"title":"Fahrradtr\u00e4ger f\u00fcr Lieferwagen VAN-BIKE 2 - Mecatek (ehemals Sawiko Deutschland)","description":"Der Fahrradtr\u00e4ger VAN-BIKE 2 ist eine echte Innovation im Bereich der Fahrradtr\u00e4ger f\u00fcr Lieferwagen und wird Sie mit seinen zahlreichen Vorteilen begeistern.","robots":{"index":"index","follow":"follow","max-snippet":"max-snippet:-1","max-image-preview":"max-image-preview:large","max-video-preview":"max-video-preview:-1"},"canonical":"https:\/\/mecatek.eu\/de\/produkt\/fahrradtrager-fur-lieferwagen-van-bike-2\/","og_locale":"de_DE","og_type":"article","og_title":"Porte-v\u00e9los pour fourgons VAN-BIKE 2 - Mecatek (ex-Sawiko France)","og_description":"V\u00e9ritable innovation dans le domaine du porte-v\u00e9los pour fourgon, le porte-v\u00e9los VAN-BIKE 2 vous s\u00e9duira par ses nombreux atouts.","og_url":"https:\/\/mecatek.eu\/de\/produkt\/fahrradtrager-fur-lieferwagen-van-bike-2\/","og_site_name":"Mecatek (ex-Sawiko France)","article_modified_time":"2026-01-28T11:46:23+00:00","og_image":[{"width":1200,"height":827,"url":"http:\/\/mecatek.eu\/wp-content\/uploads\/2025\/10\/Van-Bike-2_Fiat-Ducato_1200px.png","type":"image\/png"}],"twitter_card":"summary_large_image","twitter_misc":{"Gesch\u00e4tzte Lesezeit":"2\u00a0Minuten"},"schema":{"@context":"https:\/\/schema.org","@graph":[{"@type":"WebPage","@id":"https:\/\/mecatek.eu\/produit\/porte-velos-pour-fourgons-van-bike-2\/","url":"https:\/\/mecatek.eu\/produit\/porte-velos-pour-fourgons-van-bike-2\/","name":"Fahrradtr\u00e4ger f\u00fcr Lieferwagen VAN-BIKE 2 - Mecatek (ehemals Sawiko Deutschland)","isPartOf":{"@id":"https:\/\/mecatek.eu\/#website"},"primaryImageOfPage":{"@id":"https:\/\/mecatek.eu\/produit\/porte-velos-pour-fourgons-van-bike-2\/#primaryimage"},"image":{"@id":"https:\/\/mecatek.eu\/produit\/porte-velos-pour-fourgons-van-bike-2\/#primaryimage"},"thumbnailUrl":"https:\/\/mecatek.eu\/wp-content\/uploads\/2025\/10\/Van-Bike-2_Fiat-Ducato_1200px.png","datePublished":"2025-12-21T14:28:33+00:00","dateModified":"2026-01-28T11:46:23+00:00","description":"Der Fahrradtr\u00e4ger VAN-BIKE 2 ist eine echte Innovation im Bereich der Fahrradtr\u00e4ger f\u00fcr Lieferwagen und wird Sie mit seinen zahlreichen Vorteilen begeistern.","breadcrumb":{"@id":"https:\/\/mecatek.eu\/produit\/porte-velos-pour-fourgons-van-bike-2\/#breadcrumb"},"inLanguage":"de","potentialAction":[{"@type":"ReadAction","target":["https:\/\/mecatek.eu\/produit\/porte-velos-pour-fourgons-van-bike-2\/"]}]},{"@type":"ImageObject","inLanguage":"de","@id":"https:\/\/mecatek.eu\/produit\/porte-velos-pour-fourgons-van-bike-2\/#primaryimage","url":"https:\/\/mecatek.eu\/wp-content\/uploads\/2025\/10\/Van-Bike-2_Fiat-Ducato_1200px.png","contentUrl":"https:\/\/mecatek.eu\/wp-content\/uploads\/2025\/10\/Van-Bike-2_Fiat-Ducato_1200px.png","width":1200,"height":827,"caption":"Porte-v\u00e9los pour fourgons VAN-BIKE 2 avec porte arri\u00e8re ouverte"},{"@type":"BreadcrumbList","@id":"https:\/\/mecatek.eu\/produit\/porte-velos-pour-fourgons-van-bike-2\/#breadcrumb","itemListElement":[{"@type":"ListItem","position":1,"name":"Accueil","item":"https:\/\/mecatek.eu\/"},{"@type":"ListItem","position":2,"name":"Catalogue","item":"https:\/\/mecatek.eu\/catalogue\/"},{"@type":"ListItem","position":3,"name":"Porte-v\u00e9los pour fourgons VAN-BIKE 2"}]},{"@type":"WebSite","@id":"https:\/\/mecatek.eu\/#website","url":"https:\/\/mecatek.eu\/","name":"Mecatek (ehemals Sawiko Frankreich)","description":"Hersteller von Anh\u00e4ngerkupplungen f\u00fcr Wohnmobile und Lieferwagen - Mecatek","publisher":{"@id":"https:\/\/mecatek.eu\/#organization"},"potentialAction":[{"@type":"SearchAction","target":{"@type":"EntryPoint","urlTemplate":"https:\/\/mecatek.eu\/?s={search_term_string}"},"query-input":{"@type":"PropertyValueSpecification","valueRequired":true,"valueName":"search_term_string"}}],"inLanguage":"de"},{"@type":"Organization","@id":"https:\/\/mecatek.eu\/#organization","name":"Mecatek (ehemals Sawiko Frankreich)","url":"https:\/\/mecatek.eu\/","logo":{"@type":"ImageObject","inLanguage":"de","@id":"https:\/\/mecatek.eu\/#\/schema\/logo\/image\/","url":"http:\/\/mecatek.eu\/wp-content\/uploads\/2026\/01\/Logo-Mecatek-Solutions-techniques-2025-300px.png","contentUrl":"http:\/\/mecatek.eu\/wp-content\/uploads\/2026\/01\/Logo-Mecatek-Solutions-techniques-2025-300px.png","width":400,"height":94,"caption":"Mecatek (ex-Sawiko France)"},"image":{"@id":"https:\/\/mecatek.eu\/#\/schema\/logo\/image\/"}}]}},"_links":{"self":[{"href":"https:\/\/mecatek.eu\/de\/wp-json\/wp\/v2\/product\/86","targetHints":{"allow":["GET"]}}],"collection":[{"href":"https:\/\/mecatek.eu\/de\/wp-json\/wp\/v2\/product"}],"about":[{"href":"https:\/\/mecatek.eu\/de\/wp-json\/wp\/v2\/types\/product"}],"replies":[{"embeddable":true,"href":"https:\/\/mecatek.eu\/de\/wp-json\/wp\/v2\/comments?post=86"}],"version-history":[{"count":45,"href":"https:\/\/mecatek.eu\/de\/wp-json\/wp\/v2\/product\/86\/revisions"}],"predecessor-version":[{"id":2437,"href":"https:\/\/mecatek.eu\/de\/wp-json\/wp\/v2\/product\/86\/revisions\/2437"}],"wp:featuredmedia":[{"embeddable":true,"href":"https:\/\/mecatek.eu\/de\/wp-json\/wp\/v2\/media\/96"}],"wp:attachment":[{"href":"https:\/\/mecatek.eu\/de\/wp-json\/wp\/v2\/media?parent=86"}],"wp:term":[{"taxonomy":"product_brand","embeddable":true,"href":"https:\/\/mecatek.eu\/de\/wp-json\/wp\/v2\/product_brand?post=86"},{"taxonomy":"product_cat","embeddable":true,"href":"https:\/\/mecatek.eu\/de\/wp-json\/wp\/v2\/product_cat?post=86"},{"taxonomy":"product_tag","embeddable":true,"href":"https:\/\/mecatek.eu\/de\/wp-json\/wp\/v2\/product_tag?post=86"}],"curies":[{"name":"wp","href":"https:\/\/api.w.org\/{rel}","templated":true}]}}