{"id":1713,"date":"2025-11-27T12:22:35","date_gmt":"2025-11-27T11:22:35","guid":{"rendered":"https:\/\/mecatek.eu\/?post_type=product&#038;p=1713"},"modified":"2026-01-27T18:41:58","modified_gmt":"2026-01-27T17:41:58","slug":"led-scheinwerferstreifen-fur-fahrradtrager-van-bike","status":"publish","type":"product","link":"https:\/\/mecatek.eu\/de\/produkt\/led-scheinwerferstreifen-fur-fahrradtrager-van-bike\/","title":{"rendered":"LED-Leuchtenb\u00e4nder f\u00fcr Fahrradtr\u00e4ger VAN-BIKE"},"content":{"rendered":"<div data-elementor-type=\"product-post\" data-elementor-id=\"1713\" class=\"elementor elementor-1713\" data-elementor-post-type=\"product\">\n\t\t\t\t<div class=\"elementor-element elementor-element-76b1b9aa e-flex e-con-boxed e-con e-parent\" data-id=\"76b1b9aa\" data-element_type=\"container\" data-e-type=\"container\">\n\t\t\t\t\t<div class=\"e-con-inner\">\n\t\t<div class=\"elementor-element elementor-element-2bc418c e-con-full e-flex e-con e-child\" data-id=\"2bc418c\" data-element_type=\"container\" data-e-type=\"container\">\n\t\t<div class=\"elementor-element elementor-element-8d357a1 e-con-full e-flex e-con e-child\" data-id=\"8d357a1\" data-element_type=\"container\" data-e-type=\"container\">\n\t\t\t\t<div class=\"elementor-element elementor-element-002f594 elementor-widget elementor-widget-text-editor\" data-id=\"002f594\" data-element_type=\"widget\" data-e-type=\"widget\" data-widget_type=\"text-editor.default\">\n\t\t\t\t\t\t\t\t\t<h2>LED-Leuchtenb\u00e4nder f\u00fcr Fahrradtr\u00e4ger <span style=\"color: #0079b3;\">VAN-BIKE<\/span><\/h2>\t\t\t\t\t\t\t\t<\/div>\n\t\t\t\t<div class=\"elementor-element elementor-element-b0640e7 elementor-widget elementor-widget-text-editor\" data-id=\"b0640e7\" data-element_type=\"widget\" data-e-type=\"widget\" data-widget_type=\"text-editor.default\">\n\t\t\t\t\t\t\t\t\t<p><strong>Verf\u00fcgbare Referenzen f\u00fcr die Lichtb\u00e4nder der Fahrradtr\u00e4ger der VAN-BIKE-Reihe :\u00a0<\/strong><\/p><p>Komplette Heckblende mit LED-Leuchten, grau oder schwarz : MCKVB2-15.732-LED<br \/>Blanke Heckblende f\u00fcr LED-Leuchten, grau oder schwarz : MCKVB2-15.731-LED<br \/>LED-Leuchten komplett LINKS oder RECHTS: VXH0332<br \/>LED-Leuchten f\u00fcr Kennzeichenbeleuchtung: VXH0333<br \/>Verkabelte Scheinwerfereinheit mit LED-Anschluss: MCKVB2-15.799-V3.0<\/p>\t\t\t\t\t\t\t\t<\/div>\n\t\t\t\t<\/div>\n\t\t<div class=\"elementor-element elementor-element-a51d822 e-con-full e-flex e-con e-child\" data-id=\"a51d822\" data-element_type=\"container\" data-e-type=\"container\" data-settings=\"{&quot;background_background&quot;:&quot;classic&quot;}\">\n\t\t\t\t<div class=\"elementor-element elementor-element-b1cea14 elementor-widget elementor-widget-image\" data-id=\"b1cea14\" data-element_type=\"widget\" data-e-type=\"widget\" data-widget_type=\"image.default\">\n\t\t\t\t\t\t\t\t\t\t\t\t\t\t\t<img fetchpriority=\"high\" decoding=\"async\" width=\"852\" height=\"357\" src=\"https:\/\/mecatek.eu\/wp-content\/uploads\/2025\/10\/Logo-VAN-Bike-2_broderie-dos.jpeg\" class=\"attachment-full size-full wp-image-919 wp-post-image\" alt=\"Van-Bike-Logo 2\" srcset=\"https:\/\/mecatek.eu\/wp-content\/uploads\/2025\/10\/Logo-VAN-Bike-2_broderie-dos.jpeg 852w, https:\/\/mecatek.eu\/wp-content\/uploads\/2025\/10\/Logo-VAN-Bike-2_broderie-dos-500x210.jpeg 500w\" sizes=\"(max-width: 852px) 100vw, 852px\" \/>\t\t\t\t\t\t\t\t\t\t\t\t\t\t\t<\/div>\n\t\t\t\t<div class=\"elementor-element elementor-element-1bbe1e1 elementor-widget elementor-widget-text-editor\" data-id=\"1bbe1e1\" data-element_type=\"widget\" data-e-type=\"widget\" data-widget_type=\"text-editor.default\">\n\t\t\t\t\t\t\t\t\t<p><strong>Kompatible Fahrradtr\u00e4ger :<br \/><\/strong>Fahrradtr\u00e4ger Kastenwagen Van-Bike 2<br \/>Van-Bike-Fahrradtr\u00e4ger Van-Bike 3<span style=\"font-family: inherit; font-size: inherit; font-style: inherit; font-variant-ligatures: inherit; font-variant-caps: inherit; font-weight: inherit;\">\u00a0<\/span><\/p>\t\t\t\t\t\t\t\t<\/div>\n\t\t\t\t<\/div>\n\t\t\t\t<\/div>\n\t\t\t\t\t<\/div>\n\t\t\t\t<\/div>\n\t\t\t\t<\/div>","protected":false},"excerpt":{"rendered":"<p>Bandeaux de feux \u00e0 LED pour porte-v\u00e9los VAN-BIKE R\u00e9f\u00e9rences disponibles pour les bandeaux de feux des porte-v\u00e9los gamme VAN-BIKE :\u00a0 Bandeau arri\u00e8re complet avec feux LED, gris ou noir : MCKVB2-15.732-LEDBandeau arri\u00e8re nu pour feux LED, gris ou noir : MCKVB2-15.731-LEDFeux LED complet GAUCHE ou DROIT : VXH0332Feux LED pour \u00e9clairage de plaque : VXH0333Ensemble [&hellip;]<\/p>","protected":false},"featured_media":1707,"comment_status":"closed","ping_status":"closed","template":"","meta":[],"product_brand":[63],"product_cat":[86],"product_tag":[],"class_list":{"0":"post-1713","1":"product","2":"type-product","3":"status-publish","4":"has-post-thumbnail","6":"product_brand-mck","7":"product_cat-bandeaux-de-feux-pour-porte-velos","9":"first","10":"instock","11":"shipping-taxable","12":"product-type-simple"},"yoast_head":"<!-- This site is optimized with the Yoast SEO plugin v26.9 - https:\/\/yoast.com\/product\/yoast-seo-wordpress\/ -->\n<title>Bandeaux de feux \u00e0 LED pour porte-v\u00e9los VAN-BIKE - Mecatek (ex-Sawiko France)<\/title>\n<meta name=\"description\" content=\"Bandeau de feux \u00e0 LED pour les porte-v\u00e9los sp\u00e9cial fourgon de la gamme Van-Bike disponible en bandeau d&#039;\u00e9clairage arri\u00e8re complet ou en pi\u00e8ces d\u00e9tach\u00e9es\" \/>\n<meta name=\"robots\" content=\"index, follow, max-snippet:-1, max-image-preview:large, max-video-preview:-1\" \/>\n<link rel=\"canonical\" href=\"https:\/\/mecatek.eu\/de\/produkt\/led-scheinwerferstreifen-fur-fahrradtrager-van-bike\/\" \/>\n<meta property=\"og:locale\" content=\"de_DE\" \/>\n<meta property=\"og:type\" content=\"article\" \/>\n<meta property=\"og:title\" content=\"Bandeaux de feux \u00e0 LED pour porte-v\u00e9los VAN-BIKE - Mecatek (ex-Sawiko France)\" \/>\n<meta property=\"og:description\" content=\"Bandeau de feux \u00e0 LED pour les porte-v\u00e9los sp\u00e9cial fourgon de la gamme Van-Bike disponible en bandeau d&#039;\u00e9clairage arri\u00e8re complet ou en pi\u00e8ces d\u00e9tach\u00e9es\" \/>\n<meta property=\"og:url\" content=\"https:\/\/mecatek.eu\/de\/produkt\/led-scheinwerferstreifen-fur-fahrradtrager-van-bike\/\" \/>\n<meta property=\"og:site_name\" content=\"Mecatek (ex-Sawiko France)\" \/>\n<meta property=\"article:modified_time\" content=\"2026-01-27T17:41:58+00:00\" \/>\n<meta property=\"og:image\" content=\"http:\/\/mecatek.eu\/wp-content\/uploads\/2025\/12\/bandeaux-feux-LED-Van-Bike.png\" \/>\n\t<meta property=\"og:image:width\" content=\"1024\" \/>\n\t<meta property=\"og:image:height\" content=\"500\" \/>\n\t<meta property=\"og:image:type\" content=\"image\/png\" \/>\n<meta name=\"twitter:card\" content=\"summary_large_image\" \/>\n<meta name=\"twitter:label1\" content=\"Gesch\u00e4tzte Lesezeit\" \/>\n\t<meta name=\"twitter:data1\" content=\"1\u00a0Minute\" \/>\n<script type=\"application\/ld+json\" class=\"yoast-schema-graph\">{\"@context\":\"https:\/\/schema.org\",\"@graph\":[{\"@type\":\"WebPage\",\"@id\":\"https:\/\/mecatek.eu\/produit\/bandeaux-de-feux-a-led-pour-porte-velos-van-bike\/\",\"url\":\"https:\/\/mecatek.eu\/produit\/bandeaux-de-feux-a-led-pour-porte-velos-van-bike\/\",\"name\":\"Bandeaux de feux \u00e0 LED pour porte-v\u00e9los VAN-BIKE - Mecatek (ex-Sawiko France)\",\"isPartOf\":{\"@id\":\"https:\/\/mecatek.eu\/#website\"},\"primaryImageOfPage\":{\"@id\":\"https:\/\/mecatek.eu\/produit\/bandeaux-de-feux-a-led-pour-porte-velos-van-bike\/#primaryimage\"},\"image\":{\"@id\":\"https:\/\/mecatek.eu\/produit\/bandeaux-de-feux-a-led-pour-porte-velos-van-bike\/#primaryimage\"},\"thumbnailUrl\":\"https:\/\/mecatek.eu\/wp-content\/uploads\/2025\/12\/bandeaux-feux-LED-Van-Bike.png\",\"datePublished\":\"2025-11-27T11:22:35+00:00\",\"dateModified\":\"2026-01-27T17:41:58+00:00\",\"description\":\"Bandeau de feux \u00e0 LED pour les porte-v\u00e9los sp\u00e9cial fourgon de la gamme Van-Bike disponible en bandeau d'\u00e9clairage arri\u00e8re complet ou en pi\u00e8ces d\u00e9tach\u00e9es\",\"breadcrumb\":{\"@id\":\"https:\/\/mecatek.eu\/produit\/bandeaux-de-feux-a-led-pour-porte-velos-van-bike\/#breadcrumb\"},\"inLanguage\":\"de\",\"potentialAction\":[{\"@type\":\"ReadAction\",\"target\":[\"https:\/\/mecatek.eu\/produit\/bandeaux-de-feux-a-led-pour-porte-velos-van-bike\/\"]}]},{\"@type\":\"ImageObject\",\"inLanguage\":\"de\",\"@id\":\"https:\/\/mecatek.eu\/produit\/bandeaux-de-feux-a-led-pour-porte-velos-van-bike\/#primaryimage\",\"url\":\"https:\/\/mecatek.eu\/wp-content\/uploads\/2025\/12\/bandeaux-feux-LED-Van-Bike.png\",\"contentUrl\":\"https:\/\/mecatek.eu\/wp-content\/uploads\/2025\/12\/bandeaux-feux-LED-Van-Bike.png\",\"width\":1024,\"height\":500,\"caption\":\"Bandeau de feux \u00e0 LED pour porte-v\u00e9los VAN-BIKE\"},{\"@type\":\"BreadcrumbList\",\"@id\":\"https:\/\/mecatek.eu\/produit\/bandeaux-de-feux-a-led-pour-porte-velos-van-bike\/#breadcrumb\",\"itemListElement\":[{\"@type\":\"ListItem\",\"position\":1,\"name\":\"Accueil\",\"item\":\"https:\/\/mecatek.eu\/\"},{\"@type\":\"ListItem\",\"position\":2,\"name\":\"Catalogue\",\"item\":\"https:\/\/mecatek.eu\/catalogue\/\"},{\"@type\":\"ListItem\",\"position\":3,\"name\":\"Bandeaux de feux \u00e0 LED pour porte-v\u00e9los VAN-BIKE\"}]},{\"@type\":\"WebSite\",\"@id\":\"https:\/\/mecatek.eu\/#website\",\"url\":\"https:\/\/mecatek.eu\/\",\"name\":\"Mecatek (ex-Sawiko France)\",\"description\":\"Fabricant d&#039;attelages pour camping-car et fourgon - Mecatek\",\"publisher\":{\"@id\":\"https:\/\/mecatek.eu\/#organization\"},\"potentialAction\":[{\"@type\":\"SearchAction\",\"target\":{\"@type\":\"EntryPoint\",\"urlTemplate\":\"https:\/\/mecatek.eu\/?s={search_term_string}\"},\"query-input\":{\"@type\":\"PropertyValueSpecification\",\"valueRequired\":true,\"valueName\":\"search_term_string\"}}],\"inLanguage\":\"de\"},{\"@type\":\"Organization\",\"@id\":\"https:\/\/mecatek.eu\/#organization\",\"name\":\"Mecatek (ex-Sawiko France)\",\"url\":\"https:\/\/mecatek.eu\/\",\"logo\":{\"@type\":\"ImageObject\",\"inLanguage\":\"de\",\"@id\":\"https:\/\/mecatek.eu\/#\/schema\/logo\/image\/\",\"url\":\"http:\/\/mecatek.eu\/wp-content\/uploads\/2026\/01\/Logo-Mecatek-Solutions-techniques-2025-300px.png\",\"contentUrl\":\"http:\/\/mecatek.eu\/wp-content\/uploads\/2026\/01\/Logo-Mecatek-Solutions-techniques-2025-300px.png\",\"width\":400,\"height\":94,\"caption\":\"Mecatek (ex-Sawiko France)\"},\"image\":{\"@id\":\"https:\/\/mecatek.eu\/#\/schema\/logo\/image\/\"}}]}<\/script>\n<!-- \/ Yoast SEO plugin. -->","yoast_head_json":{"title":"LED-Leuchtenb\u00e4nder f\u00fcr VAN-BIKE-Fahrradtr\u00e4ger - Mecatek (ehemals Sawiko Deutschland)","description":"LED-Leuchtenband f\u00fcr spezielle Van-Bike-Fahrradtr\u00e4ger aus dem Van-Bike-Sortiment erh\u00e4ltlich als komplettes R\u00fccklichtband oder als Einzelteile","robots":{"index":"index","follow":"follow","max-snippet":"max-snippet:-1","max-image-preview":"max-image-preview:large","max-video-preview":"max-video-preview:-1"},"canonical":"https:\/\/mecatek.eu\/de\/produkt\/led-scheinwerferstreifen-fur-fahrradtrager-van-bike\/","og_locale":"de_DE","og_type":"article","og_title":"Bandeaux de feux \u00e0 LED pour porte-v\u00e9los VAN-BIKE - Mecatek (ex-Sawiko France)","og_description":"Bandeau de feux \u00e0 LED pour les porte-v\u00e9los sp\u00e9cial fourgon de la gamme Van-Bike disponible en bandeau d'\u00e9clairage arri\u00e8re complet ou en pi\u00e8ces d\u00e9tach\u00e9es","og_url":"https:\/\/mecatek.eu\/de\/produkt\/led-scheinwerferstreifen-fur-fahrradtrager-van-bike\/","og_site_name":"Mecatek (ex-Sawiko France)","article_modified_time":"2026-01-27T17:41:58+00:00","og_image":[{"width":1024,"height":500,"url":"http:\/\/mecatek.eu\/wp-content\/uploads\/2025\/12\/bandeaux-feux-LED-Van-Bike.png","type":"image\/png"}],"twitter_card":"summary_large_image","twitter_misc":{"Gesch\u00e4tzte Lesezeit":"1\u00a0Minute"},"schema":{"@context":"https:\/\/schema.org","@graph":[{"@type":"WebPage","@id":"https:\/\/mecatek.eu\/produit\/bandeaux-de-feux-a-led-pour-porte-velos-van-bike\/","url":"https:\/\/mecatek.eu\/produit\/bandeaux-de-feux-a-led-pour-porte-velos-van-bike\/","name":"LED-Leuchtenb\u00e4nder f\u00fcr VAN-BIKE-Fahrradtr\u00e4ger - Mecatek (ehemals Sawiko Deutschland)","isPartOf":{"@id":"https:\/\/mecatek.eu\/#website"},"primaryImageOfPage":{"@id":"https:\/\/mecatek.eu\/produit\/bandeaux-de-feux-a-led-pour-porte-velos-van-bike\/#primaryimage"},"image":{"@id":"https:\/\/mecatek.eu\/produit\/bandeaux-de-feux-a-led-pour-porte-velos-van-bike\/#primaryimage"},"thumbnailUrl":"https:\/\/mecatek.eu\/wp-content\/uploads\/2025\/12\/bandeaux-feux-LED-Van-Bike.png","datePublished":"2025-11-27T11:22:35+00:00","dateModified":"2026-01-27T17:41:58+00:00","description":"LED-Leuchtenband f\u00fcr spezielle Van-Bike-Fahrradtr\u00e4ger aus dem Van-Bike-Sortiment erh\u00e4ltlich als komplettes R\u00fccklichtband oder als Einzelteile","breadcrumb":{"@id":"https:\/\/mecatek.eu\/produit\/bandeaux-de-feux-a-led-pour-porte-velos-van-bike\/#breadcrumb"},"inLanguage":"de","potentialAction":[{"@type":"ReadAction","target":["https:\/\/mecatek.eu\/produit\/bandeaux-de-feux-a-led-pour-porte-velos-van-bike\/"]}]},{"@type":"ImageObject","inLanguage":"de","@id":"https:\/\/mecatek.eu\/produit\/bandeaux-de-feux-a-led-pour-porte-velos-van-bike\/#primaryimage","url":"https:\/\/mecatek.eu\/wp-content\/uploads\/2025\/12\/bandeaux-feux-LED-Van-Bike.png","contentUrl":"https:\/\/mecatek.eu\/wp-content\/uploads\/2025\/12\/bandeaux-feux-LED-Van-Bike.png","width":1024,"height":500,"caption":"Bandeau de feux \u00e0 LED pour porte-v\u00e9los VAN-BIKE"},{"@type":"BreadcrumbList","@id":"https:\/\/mecatek.eu\/produit\/bandeaux-de-feux-a-led-pour-porte-velos-van-bike\/#breadcrumb","itemListElement":[{"@type":"ListItem","position":1,"name":"Accueil","item":"https:\/\/mecatek.eu\/"},{"@type":"ListItem","position":2,"name":"Catalogue","item":"https:\/\/mecatek.eu\/catalogue\/"},{"@type":"ListItem","position":3,"name":"Bandeaux de feux \u00e0 LED pour porte-v\u00e9los VAN-BIKE"}]},{"@type":"WebSite","@id":"https:\/\/mecatek.eu\/#website","url":"https:\/\/mecatek.eu\/","name":"Mecatek (ehemals Sawiko Frankreich)","description":"Hersteller von Anh\u00e4ngerkupplungen f\u00fcr Wohnmobile und Lieferwagen - Mecatek","publisher":{"@id":"https:\/\/mecatek.eu\/#organization"},"potentialAction":[{"@type":"SearchAction","target":{"@type":"EntryPoint","urlTemplate":"https:\/\/mecatek.eu\/?s={search_term_string}"},"query-input":{"@type":"PropertyValueSpecification","valueRequired":true,"valueName":"search_term_string"}}],"inLanguage":"de"},{"@type":"Organization","@id":"https:\/\/mecatek.eu\/#organization","name":"Mecatek (ehemals Sawiko Frankreich)","url":"https:\/\/mecatek.eu\/","logo":{"@type":"ImageObject","inLanguage":"de","@id":"https:\/\/mecatek.eu\/#\/schema\/logo\/image\/","url":"http:\/\/mecatek.eu\/wp-content\/uploads\/2026\/01\/Logo-Mecatek-Solutions-techniques-2025-300px.png","contentUrl":"http:\/\/mecatek.eu\/wp-content\/uploads\/2026\/01\/Logo-Mecatek-Solutions-techniques-2025-300px.png","width":400,"height":94,"caption":"Mecatek (ex-Sawiko France)"},"image":{"@id":"https:\/\/mecatek.eu\/#\/schema\/logo\/image\/"}}]}},"_links":{"self":[{"href":"https:\/\/mecatek.eu\/de\/wp-json\/wp\/v2\/product\/1713","targetHints":{"allow":["GET"]}}],"collection":[{"href":"https:\/\/mecatek.eu\/de\/wp-json\/wp\/v2\/product"}],"about":[{"href":"https:\/\/mecatek.eu\/de\/wp-json\/wp\/v2\/types\/product"}],"replies":[{"embeddable":true,"href":"https:\/\/mecatek.eu\/de\/wp-json\/wp\/v2\/comments?post=1713"}],"version-history":[{"count":4,"href":"https:\/\/mecatek.eu\/de\/wp-json\/wp\/v2\/product\/1713\/revisions"}],"predecessor-version":[{"id":1717,"href":"https:\/\/mecatek.eu\/de\/wp-json\/wp\/v2\/product\/1713\/revisions\/1717"}],"wp:featuredmedia":[{"embeddable":true,"href":"https:\/\/mecatek.eu\/de\/wp-json\/wp\/v2\/media\/1707"}],"wp:attachment":[{"href":"https:\/\/mecatek.eu\/de\/wp-json\/wp\/v2\/media?parent=1713"}],"wp:term":[{"taxonomy":"product_brand","embeddable":true,"href":"https:\/\/mecatek.eu\/de\/wp-json\/wp\/v2\/product_brand?post=1713"},{"taxonomy":"product_cat","embeddable":true,"href":"https:\/\/mecatek.eu\/de\/wp-json\/wp\/v2\/product_cat?post=1713"},{"taxonomy":"product_tag","embeddable":true,"href":"https:\/\/mecatek.eu\/de\/wp-json\/wp\/v2\/product_tag?post=1713"}],"curies":[{"name":"wp","href":"https:\/\/api.w.org\/{rel}","templated":true}]}}