{"id":1690,"date":"2025-11-23T16:20:07","date_gmt":"2025-11-23T15:20:07","guid":{"rendered":"https:\/\/mecatek.eu\/?post_type=product&#038;p=1690"},"modified":"2026-01-24T13:24:12","modified_gmt":"2026-01-24T12:24:12","slug":"ampelstreifen-ab-2012","status":"publish","type":"product","link":"https:\/\/mecatek.eu\/de\/produkt\/ampelstreifen-ab-2012\/","title":{"rendered":"Lichtband ab 2012"},"content":{"rendered":"<div data-elementor-type=\"product-post\" data-elementor-id=\"1690\" class=\"elementor elementor-1690\" data-elementor-post-type=\"product\">\n\t\t\t\t<div class=\"elementor-element elementor-element-19a89b18 e-flex e-con-boxed e-con e-parent\" data-id=\"19a89b18\" data-element_type=\"container\" data-e-type=\"container\">\n\t\t\t\t\t<div class=\"e-con-inner\">\n\t\t<div class=\"elementor-element elementor-element-e6e1af1 e-con-full e-flex e-con e-child\" data-id=\"e6e1af1\" data-element_type=\"container\" data-e-type=\"container\">\n\t\t<div class=\"elementor-element elementor-element-e9528ca e-con-full e-flex e-con e-child\" data-id=\"e9528ca\" data-element_type=\"container\" data-e-type=\"container\">\n\t\t\t\t<div class=\"elementor-element elementor-element-17606e3 elementor-widget elementor-widget-text-editor\" data-id=\"17606e3\" data-element_type=\"widget\" data-e-type=\"widget\" data-widget_type=\"text-editor.default\">\n\t\t\t\t\t\t\t\t\t<h2>Lichtleiste f\u00fcr Motorradst\u00e4nder<\/h2>\t\t\t\t\t\t\t\t<\/div>\n\t\t\t\t<div class=\"elementor-element elementor-element-c3785e7 elementor-widget elementor-widget-text-editor\" data-id=\"c3785e7\" data-element_type=\"widget\" data-e-type=\"widget\" data-widget_type=\"text-editor.default\">\n\t\t\t\t\t\t\t\t\t<p>Sind f\u00fcr unsere Motorradtr\u00e4ger ab 2012 erh\u00e4ltlich :<\/p><ul><li>Komplette hintere Beleuchtungsleiste mit Leuchten<\/li><li>Komplette hintere Beleuchtungsleiste ohne Leuchten<\/li><li>Vollst\u00e4ndige Leuchte rechts \/ vollst\u00e4ndige Leuchte links<\/li><li>Rechte Cabochon \/ Linke Cabochon<\/li><li>Rote \/ orangefarbene R\u00fcckstrahler<\/li><li>Rechte und linke Abschlusskappen<\/li><\/ul>\t\t\t\t\t\t\t\t<\/div>\n\t\t\t\t<\/div>\n\t\t<div class=\"elementor-element elementor-element-3b9885d e-con-full e-flex e-con e-child\" data-id=\"3b9885d\" data-element_type=\"container\" data-e-type=\"container\" data-settings=\"{&quot;background_background&quot;:&quot;classic&quot;}\">\n\t\t\t\t<div class=\"elementor-element elementor-element-04ad1df elementor-widget elementor-widget-image\" data-id=\"04ad1df\" data-element_type=\"widget\" data-e-type=\"widget\" data-widget_type=\"image.default\">\n\t\t\t\t\t\t\t\t\t\t\t\t\t\t\t<img fetchpriority=\"high\" decoding=\"async\" width=\"400\" height=\"200\" src=\"https:\/\/mecatek.eu\/wp-content\/uploads\/2025\/12\/Logo-Marque-Sawiko-de.png\" class=\"attachment-full size-full wp-image-1013 wp-post-image\" alt=\"Sawiko Logo\" \/>\t\t\t\t\t\t\t\t\t\t\t\t\t\t\t<\/div>\n\t\t\t\t<div class=\"elementor-element elementor-element-7572ee9 elementor-widget elementor-widget-text-editor\" data-id=\"7572ee9\" data-element_type=\"widget\" data-e-type=\"widget\" data-widget_type=\"text-editor.default\">\n\t\t\t\t\t\t\t\t\t<p><strong>Motorradst\u00e4nder com<\/strong><strong>geduldig :<br \/><\/strong>Sawiko-Modelle ab 2012<\/p>\t\t\t\t\t\t\t\t<\/div>\n\t\t\t\t<\/div>\n\t\t\t\t<\/div>\n\t\t\t\t\t<\/div>\n\t\t\t\t<\/div>\n\t\t\t\t<\/div>","protected":false},"excerpt":{"rendered":"<p>Bandeau de feux pour porte-motos Sont disponibles pour nos porte-motos \u00e0 partir de 2012 : Bandeau d&rsquo;\u00e9clairage arri\u00e8re complet avec feux Bandeau d&rsquo;\u00e9clairage arri\u00e8re complet sans feux Feu complet droit \/ feu complet gauche Cabochon droit \/ cabochon gauche Catadioptres rouges \/ orange Capuchons de finition droit et gauche Porte-motos compatibles : Mod\u00e8les Sawiko \u00e0 [&hellip;]<\/p>","protected":false},"featured_media":1691,"comment_status":"closed","ping_status":"closed","template":"","meta":[],"product_brand":[68],"product_cat":[85],"product_tag":[],"class_list":{"0":"post-1690","1":"product","2":"type-product","3":"status-publish","4":"has-post-thumbnail","6":"product_brand-sawiko","7":"product_cat-bandeaux-de-feux-pour-porte-motos","9":"first","10":"instock","11":"shipping-taxable","12":"product-type-simple"},"yoast_head":"<!-- This site is optimized with the Yoast SEO plugin v26.9 - https:\/\/yoast.com\/product\/yoast-seo-wordpress\/ -->\n<title>Bandeau de feux \u00e0 partir de 2012 - Mecatek (ex-Sawiko France)<\/title>\n<meta name=\"description\" content=\"D\u00e9couvrez notre bandeau de feux pour porte moto \u00e0 partir de 2012 disponible en bandeau d&#039;\u00e9clairage arri\u00e8re complet ou en pi\u00e8ces d\u00e9tach\u00e9es\" \/>\n<meta name=\"robots\" content=\"index, follow, max-snippet:-1, max-image-preview:large, max-video-preview:-1\" \/>\n<link rel=\"canonical\" href=\"https:\/\/mecatek.eu\/de\/produkt\/ampelstreifen-ab-2012\/\" \/>\n<meta property=\"og:locale\" content=\"de_DE\" \/>\n<meta property=\"og:type\" content=\"article\" \/>\n<meta property=\"og:title\" content=\"Bandeau de feux \u00e0 partir de 2012 - Mecatek (ex-Sawiko France)\" \/>\n<meta property=\"og:description\" content=\"D\u00e9couvrez notre bandeau de feux pour porte moto \u00e0 partir de 2012 disponible en bandeau d&#039;\u00e9clairage arri\u00e8re complet ou en pi\u00e8ces d\u00e9tach\u00e9es\" \/>\n<meta property=\"og:url\" content=\"https:\/\/mecatek.eu\/de\/produkt\/ampelstreifen-ab-2012\/\" \/>\n<meta property=\"og:site_name\" content=\"Mecatek (ex-Sawiko France)\" \/>\n<meta property=\"article:modified_time\" content=\"2026-01-24T12:24:12+00:00\" \/>\n<meta property=\"og:image\" content=\"http:\/\/mecatek.eu\/wp-content\/uploads\/2025\/12\/bandeau-de-feux-a-partir-de-2012.jpg\" \/>\n\t<meta property=\"og:image:width\" content=\"800\" \/>\n\t<meta property=\"og:image:height\" content=\"800\" \/>\n\t<meta property=\"og:image:type\" content=\"image\/jpeg\" \/>\n<meta name=\"twitter:card\" content=\"summary_large_image\" \/>\n<meta name=\"twitter:label1\" content=\"Gesch\u00e4tzte Lesezeit\" \/>\n\t<meta name=\"twitter:data1\" content=\"1\u00a0Minute\" \/>\n<script type=\"application\/ld+json\" class=\"yoast-schema-graph\">{\"@context\":\"https:\/\/schema.org\",\"@graph\":[{\"@type\":\"WebPage\",\"@id\":\"https:\/\/mecatek.eu\/produit\/bandeau-de-feux-a-partir-de-2012\/\",\"url\":\"https:\/\/mecatek.eu\/produit\/bandeau-de-feux-a-partir-de-2012\/\",\"name\":\"Bandeau de feux \u00e0 partir de 2012 - Mecatek (ex-Sawiko France)\",\"isPartOf\":{\"@id\":\"https:\/\/mecatek.eu\/#website\"},\"primaryImageOfPage\":{\"@id\":\"https:\/\/mecatek.eu\/produit\/bandeau-de-feux-a-partir-de-2012\/#primaryimage\"},\"image\":{\"@id\":\"https:\/\/mecatek.eu\/produit\/bandeau-de-feux-a-partir-de-2012\/#primaryimage\"},\"thumbnailUrl\":\"https:\/\/mecatek.eu\/wp-content\/uploads\/2025\/12\/bandeau-de-feux-a-partir-de-2012.jpg\",\"datePublished\":\"2025-11-23T15:20:07+00:00\",\"dateModified\":\"2026-01-24T12:24:12+00:00\",\"description\":\"D\u00e9couvrez notre bandeau de feux pour porte moto \u00e0 partir de 2012 disponible en bandeau d'\u00e9clairage arri\u00e8re complet ou en pi\u00e8ces d\u00e9tach\u00e9es\",\"breadcrumb\":{\"@id\":\"https:\/\/mecatek.eu\/produit\/bandeau-de-feux-a-partir-de-2012\/#breadcrumb\"},\"inLanguage\":\"de\",\"potentialAction\":[{\"@type\":\"ReadAction\",\"target\":[\"https:\/\/mecatek.eu\/produit\/bandeau-de-feux-a-partir-de-2012\/\"]}]},{\"@type\":\"ImageObject\",\"inLanguage\":\"de\",\"@id\":\"https:\/\/mecatek.eu\/produit\/bandeau-de-feux-a-partir-de-2012\/#primaryimage\",\"url\":\"https:\/\/mecatek.eu\/wp-content\/uploads\/2025\/12\/bandeau-de-feux-a-partir-de-2012.jpg\",\"contentUrl\":\"https:\/\/mecatek.eu\/wp-content\/uploads\/2025\/12\/bandeau-de-feux-a-partir-de-2012.jpg\",\"width\":800,\"height\":800,\"caption\":\"Bandeau de feux \u00e0 partir de 2012\"},{\"@type\":\"BreadcrumbList\",\"@id\":\"https:\/\/mecatek.eu\/produit\/bandeau-de-feux-a-partir-de-2012\/#breadcrumb\",\"itemListElement\":[{\"@type\":\"ListItem\",\"position\":1,\"name\":\"Accueil\",\"item\":\"https:\/\/mecatek.eu\/\"},{\"@type\":\"ListItem\",\"position\":2,\"name\":\"Catalogue\",\"item\":\"https:\/\/mecatek.eu\/catalogue\/\"},{\"@type\":\"ListItem\",\"position\":3,\"name\":\"Bandeau de feux \u00e0 partir de 2012\"}]},{\"@type\":\"WebSite\",\"@id\":\"https:\/\/mecatek.eu\/#website\",\"url\":\"https:\/\/mecatek.eu\/\",\"name\":\"Mecatek (ex-Sawiko France)\",\"description\":\"Fabricant d&#039;attelages pour camping-car et fourgon - Mecatek\",\"publisher\":{\"@id\":\"https:\/\/mecatek.eu\/#organization\"},\"potentialAction\":[{\"@type\":\"SearchAction\",\"target\":{\"@type\":\"EntryPoint\",\"urlTemplate\":\"https:\/\/mecatek.eu\/?s={search_term_string}\"},\"query-input\":{\"@type\":\"PropertyValueSpecification\",\"valueRequired\":true,\"valueName\":\"search_term_string\"}}],\"inLanguage\":\"de\"},{\"@type\":\"Organization\",\"@id\":\"https:\/\/mecatek.eu\/#organization\",\"name\":\"Mecatek (ex-Sawiko France)\",\"url\":\"https:\/\/mecatek.eu\/\",\"logo\":{\"@type\":\"ImageObject\",\"inLanguage\":\"de\",\"@id\":\"https:\/\/mecatek.eu\/#\/schema\/logo\/image\/\",\"url\":\"http:\/\/mecatek.eu\/wp-content\/uploads\/2026\/01\/Logo-Mecatek-Solutions-techniques-2025-300px.png\",\"contentUrl\":\"http:\/\/mecatek.eu\/wp-content\/uploads\/2026\/01\/Logo-Mecatek-Solutions-techniques-2025-300px.png\",\"width\":400,\"height\":94,\"caption\":\"Mecatek (ex-Sawiko France)\"},\"image\":{\"@id\":\"https:\/\/mecatek.eu\/#\/schema\/logo\/image\/\"}}]}<\/script>\n<!-- \/ Yoast SEO plugin. -->","yoast_head_json":{"title":"Feuerband ab 2012 - Mecatek (ehemals Sawiko Frankreich)","description":"Entdecken Sie unsere Lichtleiste f\u00fcr Motorradtr\u00e4ger ab 2012 erh\u00e4ltlich als komplette R\u00fccklichtleiste oder als Ersatzteil.","robots":{"index":"index","follow":"follow","max-snippet":"max-snippet:-1","max-image-preview":"max-image-preview:large","max-video-preview":"max-video-preview:-1"},"canonical":"https:\/\/mecatek.eu\/de\/produkt\/ampelstreifen-ab-2012\/","og_locale":"de_DE","og_type":"article","og_title":"Bandeau de feux \u00e0 partir de 2012 - Mecatek (ex-Sawiko France)","og_description":"D\u00e9couvrez notre bandeau de feux pour porte moto \u00e0 partir de 2012 disponible en bandeau d'\u00e9clairage arri\u00e8re complet ou en pi\u00e8ces d\u00e9tach\u00e9es","og_url":"https:\/\/mecatek.eu\/de\/produkt\/ampelstreifen-ab-2012\/","og_site_name":"Mecatek (ex-Sawiko France)","article_modified_time":"2026-01-24T12:24:12+00:00","og_image":[{"width":800,"height":800,"url":"http:\/\/mecatek.eu\/wp-content\/uploads\/2025\/12\/bandeau-de-feux-a-partir-de-2012.jpg","type":"image\/jpeg"}],"twitter_card":"summary_large_image","twitter_misc":{"Gesch\u00e4tzte Lesezeit":"1\u00a0Minute"},"schema":{"@context":"https:\/\/schema.org","@graph":[{"@type":"WebPage","@id":"https:\/\/mecatek.eu\/produit\/bandeau-de-feux-a-partir-de-2012\/","url":"https:\/\/mecatek.eu\/produit\/bandeau-de-feux-a-partir-de-2012\/","name":"Feuerband ab 2012 - Mecatek (ehemals Sawiko Frankreich)","isPartOf":{"@id":"https:\/\/mecatek.eu\/#website"},"primaryImageOfPage":{"@id":"https:\/\/mecatek.eu\/produit\/bandeau-de-feux-a-partir-de-2012\/#primaryimage"},"image":{"@id":"https:\/\/mecatek.eu\/produit\/bandeau-de-feux-a-partir-de-2012\/#primaryimage"},"thumbnailUrl":"https:\/\/mecatek.eu\/wp-content\/uploads\/2025\/12\/bandeau-de-feux-a-partir-de-2012.jpg","datePublished":"2025-11-23T15:20:07+00:00","dateModified":"2026-01-24T12:24:12+00:00","description":"Entdecken Sie unsere Lichtleiste f\u00fcr Motorradtr\u00e4ger ab 2012 erh\u00e4ltlich als komplette R\u00fccklichtleiste oder als Ersatzteil.","breadcrumb":{"@id":"https:\/\/mecatek.eu\/produit\/bandeau-de-feux-a-partir-de-2012\/#breadcrumb"},"inLanguage":"de","potentialAction":[{"@type":"ReadAction","target":["https:\/\/mecatek.eu\/produit\/bandeau-de-feux-a-partir-de-2012\/"]}]},{"@type":"ImageObject","inLanguage":"de","@id":"https:\/\/mecatek.eu\/produit\/bandeau-de-feux-a-partir-de-2012\/#primaryimage","url":"https:\/\/mecatek.eu\/wp-content\/uploads\/2025\/12\/bandeau-de-feux-a-partir-de-2012.jpg","contentUrl":"https:\/\/mecatek.eu\/wp-content\/uploads\/2025\/12\/bandeau-de-feux-a-partir-de-2012.jpg","width":800,"height":800,"caption":"Bandeau de feux \u00e0 partir de 2012"},{"@type":"BreadcrumbList","@id":"https:\/\/mecatek.eu\/produit\/bandeau-de-feux-a-partir-de-2012\/#breadcrumb","itemListElement":[{"@type":"ListItem","position":1,"name":"Accueil","item":"https:\/\/mecatek.eu\/"},{"@type":"ListItem","position":2,"name":"Catalogue","item":"https:\/\/mecatek.eu\/catalogue\/"},{"@type":"ListItem","position":3,"name":"Bandeau de feux \u00e0 partir de 2012"}]},{"@type":"WebSite","@id":"https:\/\/mecatek.eu\/#website","url":"https:\/\/mecatek.eu\/","name":"Mecatek (ehemals Sawiko Frankreich)","description":"Hersteller von Anh\u00e4ngerkupplungen f\u00fcr Wohnmobile und Lieferwagen - Mecatek","publisher":{"@id":"https:\/\/mecatek.eu\/#organization"},"potentialAction":[{"@type":"SearchAction","target":{"@type":"EntryPoint","urlTemplate":"https:\/\/mecatek.eu\/?s={search_term_string}"},"query-input":{"@type":"PropertyValueSpecification","valueRequired":true,"valueName":"search_term_string"}}],"inLanguage":"de"},{"@type":"Organization","@id":"https:\/\/mecatek.eu\/#organization","name":"Mecatek (ehemals Sawiko Frankreich)","url":"https:\/\/mecatek.eu\/","logo":{"@type":"ImageObject","inLanguage":"de","@id":"https:\/\/mecatek.eu\/#\/schema\/logo\/image\/","url":"http:\/\/mecatek.eu\/wp-content\/uploads\/2026\/01\/Logo-Mecatek-Solutions-techniques-2025-300px.png","contentUrl":"http:\/\/mecatek.eu\/wp-content\/uploads\/2026\/01\/Logo-Mecatek-Solutions-techniques-2025-300px.png","width":400,"height":94,"caption":"Mecatek (ex-Sawiko France)"},"image":{"@id":"https:\/\/mecatek.eu\/#\/schema\/logo\/image\/"}}]}},"_links":{"self":[{"href":"https:\/\/mecatek.eu\/de\/wp-json\/wp\/v2\/product\/1690","targetHints":{"allow":["GET"]}}],"collection":[{"href":"https:\/\/mecatek.eu\/de\/wp-json\/wp\/v2\/product"}],"about":[{"href":"https:\/\/mecatek.eu\/de\/wp-json\/wp\/v2\/types\/product"}],"replies":[{"embeddable":true,"href":"https:\/\/mecatek.eu\/de\/wp-json\/wp\/v2\/comments?post=1690"}],"version-history":[{"count":4,"href":"https:\/\/mecatek.eu\/de\/wp-json\/wp\/v2\/product\/1690\/revisions"}],"predecessor-version":[{"id":1695,"href":"https:\/\/mecatek.eu\/de\/wp-json\/wp\/v2\/product\/1690\/revisions\/1695"}],"wp:featuredmedia":[{"embeddable":true,"href":"https:\/\/mecatek.eu\/de\/wp-json\/wp\/v2\/media\/1691"}],"wp:attachment":[{"href":"https:\/\/mecatek.eu\/de\/wp-json\/wp\/v2\/media?parent=1690"}],"wp:term":[{"taxonomy":"product_brand","embeddable":true,"href":"https:\/\/mecatek.eu\/de\/wp-json\/wp\/v2\/product_brand?post=1690"},{"taxonomy":"product_cat","embeddable":true,"href":"https:\/\/mecatek.eu\/de\/wp-json\/wp\/v2\/product_cat?post=1690"},{"taxonomy":"product_tag","embeddable":true,"href":"https:\/\/mecatek.eu\/de\/wp-json\/wp\/v2\/product_tag?post=1690"}],"curies":[{"name":"wp","href":"https:\/\/api.w.org\/{rel}","templated":true}]}}