{"id":1661,"date":"2025-11-23T14:21:19","date_gmt":"2025-11-23T13:21:19","guid":{"rendered":"https:\/\/mecatek.eu\/?post_type=product&#038;p=1661"},"modified":"2026-01-24T13:10:59","modified_gmt":"2026-01-24T12:10:59","slug":"elektrische-bundel","status":"publish","type":"product","link":"https:\/\/mecatek.eu\/de\/produkt\/elektrische-bundel\/","title":{"rendered":"Elektrische Kabelb\u00e4ume"},"content":{"rendered":"<div data-elementor-type=\"product-post\" data-elementor-id=\"1661\" class=\"elementor elementor-1661\" data-elementor-post-type=\"product\">\n\t\t\t\t<div class=\"elementor-element elementor-element-260c192 e-flex e-con-boxed e-con e-parent\" data-id=\"260c192\" data-element_type=\"container\" data-e-type=\"container\">\n\t\t\t\t\t<div class=\"e-con-inner\">\n\t\t<div class=\"elementor-element elementor-element-dba4904 e-con-full e-flex e-con e-child\" data-id=\"dba4904\" data-element_type=\"container\" data-e-type=\"container\">\n\t\t<div class=\"elementor-element elementor-element-2fa105e e-con-full e-flex e-con e-child\" data-id=\"2fa105e\" data-element_type=\"container\" data-e-type=\"container\">\n\t\t\t\t<div class=\"elementor-element elementor-element-6c769b3 elementor-widget elementor-widget-text-editor\" data-id=\"6c769b3\" data-element_type=\"widget\" data-e-type=\"widget\" data-widget_type=\"text-editor.default\">\n\t\t\t\t\t\t\t\t\t<h2>Elektrische Kabelb\u00e4ume f\u00fcr Wohnmobile und Vans<\/h2>\t\t\t\t\t\t\t\t<\/div>\n\t\t\t\t<div class=\"elementor-element elementor-element-9cb71fb elementor-widget elementor-widget-text-editor\" data-id=\"9cb71fb\" data-element_type=\"widget\" data-e-type=\"widget\" data-widget_type=\"text-editor.default\">\n\t\t\t\t\t\t\t\t\t<p>Zu jedem Fahrzeug geh\u00f6rt ein bestimmter Kabelbaumtyp. Um Ihnen einen optimalen Service zu gew\u00e4hrleisten, m\u00fcssen wir daher den Fahrgestelltyp und das Baujahr Ihres Fahrzeugs kennen. Auf Anfrage: M\u00f6glichkeit von Verl\u00e4ngerungen, Anschl\u00fcssen ...<\/p>\t\t\t\t\t\t\t\t<\/div>\n\t\t\t\t<\/div>\n\t\t<div class=\"elementor-element elementor-element-5610b94 e-con-full e-flex e-con e-child\" data-id=\"5610b94\" data-element_type=\"container\" data-e-type=\"container\" data-settings=\"{&quot;background_background&quot;:&quot;classic&quot;}\">\n\t\t\t\t<div class=\"elementor-element elementor-element-a8fddcc elementor-widget elementor-widget-image\" data-id=\"a8fddcc\" data-element_type=\"widget\" data-e-type=\"widget\" data-widget_type=\"image.default\">\n\t\t\t\t\t\t\t\t\t\t\t\t\t\t\t<img fetchpriority=\"high\" decoding=\"async\" width=\"400\" height=\"200\" src=\"https:\/\/mecatek.eu\/wp-content\/uploads\/2025\/11\/Logo-attelage.png\" class=\"attachment-full size-full wp-image-1064\" alt=\"\" \/>\t\t\t\t\t\t\t\t\t\t\t\t\t\t\t<\/div>\n\t\t\t\t<div class=\"elementor-element elementor-element-96134ed elementor-widget elementor-widget-text-editor\" data-id=\"96134ed\" data-element_type=\"widget\" data-e-type=\"widget\" data-widget_type=\"text-editor.default\">\n\t\t\t\t\t\t\t\t\t<p><strong>Fahrzeuge com<\/strong><strong>geduldig :<br \/><\/strong>- Fiat\u00a0<br \/>- Peugeot\u00a0<br \/>- Citro\u00ebn\u00a0<br \/>- Mercedes<br \/>- Renault<br \/>- Ford<\/p>\t\t\t\t\t\t\t\t<\/div>\n\t\t\t\t<\/div>\n\t\t\t\t<\/div>\n\t\t\t\t\t<\/div>\n\t\t\t\t<\/div>\n\t\t\t\t<\/div>","protected":false},"excerpt":{"rendered":"<p>Die von Mecatek angebotenen Kabelb\u00e4ume sorgen daf\u00fcr, dass die Lichter Ihres Anh\u00e4ngers oder Ihres Lastentr\u00e4gers (Fahrradtr\u00e4ger, Motorradtr\u00e4ger, Zubeh\u00f6rtr\u00e4ger, ...) mit denen Ihres Wohnmobils oder Lieferwagens synchronisiert sind, damit Sie sicher fahren k\u00f6nnen. Sie sind je nach Anzahl der ben\u00f6tigten Verbindungen als 7- oder 13-polige Version erh\u00e4ltlich und passen zu zahlreichen Fahrgestellen (Fiat, Peugeot, Citro\u00ebn, Mercedes, Renault, Ford), um eine zuverl\u00e4ssige Integration in Ihr Fahrzeug zu gew\u00e4hrleisten.<\/p>","protected":false},"featured_media":1662,"comment_status":"closed","ping_status":"closed","template":"","meta":[],"product_brand":[],"product_cat":[84],"product_tag":[],"class_list":{"0":"post-1661","1":"product","2":"type-product","3":"status-publish","4":"has-post-thumbnail","6":"product_cat-faisceaux-electriques","8":"first","9":"instock","10":"shipping-taxable","11":"product-type-simple"},"yoast_head":"<!-- This site is optimized with the Yoast SEO plugin v26.9 - https:\/\/yoast.com\/product\/yoast-seo-wordpress\/ -->\n<title>Faisceaux \u00e9lectriques - Mecatek (ex-Sawiko France)<\/title>\n<meta name=\"description\" content=\"Faisceaux \u00e9lectriques : D\u00e9couvrez nos faisceaux \u00e9lectriques adapt\u00e9s \u00e0 votre v\u00e9hicule. Mecatek s&#039;adapte \u00e0 tous vos besoins de rallonge et de raccordement.\" \/>\n<meta name=\"robots\" content=\"index, follow, max-snippet:-1, max-image-preview:large, max-video-preview:-1\" \/>\n<link rel=\"canonical\" href=\"https:\/\/mecatek.eu\/de\/produkt\/elektrische-bundel\/\" \/>\n<meta property=\"og:locale\" content=\"de_DE\" \/>\n<meta property=\"og:type\" content=\"article\" \/>\n<meta property=\"og:title\" content=\"Faisceaux \u00e9lectriques - Mecatek (ex-Sawiko France)\" \/>\n<meta property=\"og:description\" content=\"Faisceaux \u00e9lectriques : D\u00e9couvrez nos faisceaux \u00e9lectriques adapt\u00e9s \u00e0 votre v\u00e9hicule. Mecatek s&#039;adapte \u00e0 tous vos besoins de rallonge et de raccordement.\" \/>\n<meta property=\"og:url\" content=\"https:\/\/mecatek.eu\/de\/produkt\/elektrische-bundel\/\" \/>\n<meta property=\"og:site_name\" content=\"Mecatek (ex-Sawiko France)\" \/>\n<meta property=\"article:modified_time\" content=\"2026-01-24T12:10:59+00:00\" \/>\n<meta property=\"og:image\" content=\"http:\/\/mecatek.eu\/wp-content\/uploads\/2025\/12\/FAISCEAU-35.400.jpeg\" \/>\n\t<meta property=\"og:image:width\" content=\"1200\" \/>\n\t<meta property=\"og:image:height\" content=\"919\" \/>\n\t<meta property=\"og:image:type\" content=\"image\/jpeg\" \/>\n<meta name=\"twitter:card\" content=\"summary_large_image\" \/>\n<meta name=\"twitter:label1\" content=\"Gesch\u00e4tzte Lesezeit\" \/>\n\t<meta name=\"twitter:data1\" content=\"1\u00a0Minute\" \/>\n<script type=\"application\/ld+json\" class=\"yoast-schema-graph\">{\"@context\":\"https:\/\/schema.org\",\"@graph\":[{\"@type\":\"WebPage\",\"@id\":\"https:\/\/mecatek.eu\/produit\/faisceaux-electriques\/\",\"url\":\"https:\/\/mecatek.eu\/produit\/faisceaux-electriques\/\",\"name\":\"Faisceaux \u00e9lectriques - Mecatek (ex-Sawiko France)\",\"isPartOf\":{\"@id\":\"https:\/\/mecatek.eu\/#website\"},\"primaryImageOfPage\":{\"@id\":\"https:\/\/mecatek.eu\/produit\/faisceaux-electriques\/#primaryimage\"},\"image\":{\"@id\":\"https:\/\/mecatek.eu\/produit\/faisceaux-electriques\/#primaryimage\"},\"thumbnailUrl\":\"https:\/\/mecatek.eu\/wp-content\/uploads\/2025\/12\/FAISCEAU-35.400.jpeg\",\"datePublished\":\"2025-11-23T13:21:19+00:00\",\"dateModified\":\"2026-01-24T12:10:59+00:00\",\"description\":\"Faisceaux \u00e9lectriques : D\u00e9couvrez nos faisceaux \u00e9lectriques adapt\u00e9s \u00e0 votre v\u00e9hicule. Mecatek s'adapte \u00e0 tous vos besoins de rallonge et de raccordement.\",\"breadcrumb\":{\"@id\":\"https:\/\/mecatek.eu\/produit\/faisceaux-electriques\/#breadcrumb\"},\"inLanguage\":\"de\",\"potentialAction\":[{\"@type\":\"ReadAction\",\"target\":[\"https:\/\/mecatek.eu\/produit\/faisceaux-electriques\/\"]}]},{\"@type\":\"ImageObject\",\"inLanguage\":\"de\",\"@id\":\"https:\/\/mecatek.eu\/produit\/faisceaux-electriques\/#primaryimage\",\"url\":\"https:\/\/mecatek.eu\/wp-content\/uploads\/2025\/12\/FAISCEAU-35.400.jpeg\",\"contentUrl\":\"https:\/\/mecatek.eu\/wp-content\/uploads\/2025\/12\/FAISCEAU-35.400.jpeg\",\"width\":1200,\"height\":919,\"caption\":\"Faisceaux \u00e9lectriques pour camping-car et fourgon\"},{\"@type\":\"BreadcrumbList\",\"@id\":\"https:\/\/mecatek.eu\/produit\/faisceaux-electriques\/#breadcrumb\",\"itemListElement\":[{\"@type\":\"ListItem\",\"position\":1,\"name\":\"Accueil\",\"item\":\"https:\/\/mecatek.eu\/\"},{\"@type\":\"ListItem\",\"position\":2,\"name\":\"Catalogue\",\"item\":\"https:\/\/mecatek.eu\/catalogue\/\"},{\"@type\":\"ListItem\",\"position\":3,\"name\":\"Faisceaux \u00e9lectriques\"}]},{\"@type\":\"WebSite\",\"@id\":\"https:\/\/mecatek.eu\/#website\",\"url\":\"https:\/\/mecatek.eu\/\",\"name\":\"Mecatek (ex-Sawiko France)\",\"description\":\"Fabricant d&#039;attelages pour camping-car et fourgon - Mecatek\",\"publisher\":{\"@id\":\"https:\/\/mecatek.eu\/#organization\"},\"potentialAction\":[{\"@type\":\"SearchAction\",\"target\":{\"@type\":\"EntryPoint\",\"urlTemplate\":\"https:\/\/mecatek.eu\/?s={search_term_string}\"},\"query-input\":{\"@type\":\"PropertyValueSpecification\",\"valueRequired\":true,\"valueName\":\"search_term_string\"}}],\"inLanguage\":\"de\"},{\"@type\":\"Organization\",\"@id\":\"https:\/\/mecatek.eu\/#organization\",\"name\":\"Mecatek (ex-Sawiko France)\",\"url\":\"https:\/\/mecatek.eu\/\",\"logo\":{\"@type\":\"ImageObject\",\"inLanguage\":\"de\",\"@id\":\"https:\/\/mecatek.eu\/#\/schema\/logo\/image\/\",\"url\":\"http:\/\/mecatek.eu\/wp-content\/uploads\/2026\/01\/Logo-Mecatek-Solutions-techniques-2025-300px.png\",\"contentUrl\":\"http:\/\/mecatek.eu\/wp-content\/uploads\/2026\/01\/Logo-Mecatek-Solutions-techniques-2025-300px.png\",\"width\":400,\"height\":94,\"caption\":\"Mecatek (ex-Sawiko France)\"},\"image\":{\"@id\":\"https:\/\/mecatek.eu\/#\/schema\/logo\/image\/\"}}]}<\/script>\n<!-- \/ Yoast SEO plugin. -->","yoast_head_json":{"title":"Elektrische Kabelb\u00e4ume - Mecatek (ehemals Sawiko Deutschland)","description":"Kabelb\u00e4ume: Entdecken Sie unsere Kabelb\u00e4ume, die auf Ihr Fahrzeug abgestimmt sind. Mecatek passt sich all Ihren Bed\u00fcrfnissen nach Verl\u00e4ngerungen und Anschl\u00fcssen an.","robots":{"index":"index","follow":"follow","max-snippet":"max-snippet:-1","max-image-preview":"max-image-preview:large","max-video-preview":"max-video-preview:-1"},"canonical":"https:\/\/mecatek.eu\/de\/produkt\/elektrische-bundel\/","og_locale":"de_DE","og_type":"article","og_title":"Faisceaux \u00e9lectriques - Mecatek (ex-Sawiko France)","og_description":"Faisceaux \u00e9lectriques : D\u00e9couvrez nos faisceaux \u00e9lectriques adapt\u00e9s \u00e0 votre v\u00e9hicule. Mecatek s'adapte \u00e0 tous vos besoins de rallonge et de raccordement.","og_url":"https:\/\/mecatek.eu\/de\/produkt\/elektrische-bundel\/","og_site_name":"Mecatek (ex-Sawiko France)","article_modified_time":"2026-01-24T12:10:59+00:00","og_image":[{"width":1200,"height":919,"url":"http:\/\/mecatek.eu\/wp-content\/uploads\/2025\/12\/FAISCEAU-35.400.jpeg","type":"image\/jpeg"}],"twitter_card":"summary_large_image","twitter_misc":{"Gesch\u00e4tzte Lesezeit":"1\u00a0Minute"},"schema":{"@context":"https:\/\/schema.org","@graph":[{"@type":"WebPage","@id":"https:\/\/mecatek.eu\/produit\/faisceaux-electriques\/","url":"https:\/\/mecatek.eu\/produit\/faisceaux-electriques\/","name":"Elektrische Kabelb\u00e4ume - Mecatek (ehemals Sawiko Deutschland)","isPartOf":{"@id":"https:\/\/mecatek.eu\/#website"},"primaryImageOfPage":{"@id":"https:\/\/mecatek.eu\/produit\/faisceaux-electriques\/#primaryimage"},"image":{"@id":"https:\/\/mecatek.eu\/produit\/faisceaux-electriques\/#primaryimage"},"thumbnailUrl":"https:\/\/mecatek.eu\/wp-content\/uploads\/2025\/12\/FAISCEAU-35.400.jpeg","datePublished":"2025-11-23T13:21:19+00:00","dateModified":"2026-01-24T12:10:59+00:00","description":"Kabelb\u00e4ume: Entdecken Sie unsere Kabelb\u00e4ume, die auf Ihr Fahrzeug abgestimmt sind. Mecatek passt sich all Ihren Bed\u00fcrfnissen nach Verl\u00e4ngerungen und Anschl\u00fcssen an.","breadcrumb":{"@id":"https:\/\/mecatek.eu\/produit\/faisceaux-electriques\/#breadcrumb"},"inLanguage":"de","potentialAction":[{"@type":"ReadAction","target":["https:\/\/mecatek.eu\/produit\/faisceaux-electriques\/"]}]},{"@type":"ImageObject","inLanguage":"de","@id":"https:\/\/mecatek.eu\/produit\/faisceaux-electriques\/#primaryimage","url":"https:\/\/mecatek.eu\/wp-content\/uploads\/2025\/12\/FAISCEAU-35.400.jpeg","contentUrl":"https:\/\/mecatek.eu\/wp-content\/uploads\/2025\/12\/FAISCEAU-35.400.jpeg","width":1200,"height":919,"caption":"Faisceaux \u00e9lectriques pour camping-car et fourgon"},{"@type":"BreadcrumbList","@id":"https:\/\/mecatek.eu\/produit\/faisceaux-electriques\/#breadcrumb","itemListElement":[{"@type":"ListItem","position":1,"name":"Accueil","item":"https:\/\/mecatek.eu\/"},{"@type":"ListItem","position":2,"name":"Catalogue","item":"https:\/\/mecatek.eu\/catalogue\/"},{"@type":"ListItem","position":3,"name":"Faisceaux \u00e9lectriques"}]},{"@type":"WebSite","@id":"https:\/\/mecatek.eu\/#website","url":"https:\/\/mecatek.eu\/","name":"Mecatek (ehemals Sawiko Frankreich)","description":"Hersteller von Anh\u00e4ngerkupplungen f\u00fcr Wohnmobile und Lieferwagen - Mecatek","publisher":{"@id":"https:\/\/mecatek.eu\/#organization"},"potentialAction":[{"@type":"SearchAction","target":{"@type":"EntryPoint","urlTemplate":"https:\/\/mecatek.eu\/?s={search_term_string}"},"query-input":{"@type":"PropertyValueSpecification","valueRequired":true,"valueName":"search_term_string"}}],"inLanguage":"de"},{"@type":"Organization","@id":"https:\/\/mecatek.eu\/#organization","name":"Mecatek (ehemals Sawiko Frankreich)","url":"https:\/\/mecatek.eu\/","logo":{"@type":"ImageObject","inLanguage":"de","@id":"https:\/\/mecatek.eu\/#\/schema\/logo\/image\/","url":"http:\/\/mecatek.eu\/wp-content\/uploads\/2026\/01\/Logo-Mecatek-Solutions-techniques-2025-300px.png","contentUrl":"http:\/\/mecatek.eu\/wp-content\/uploads\/2026\/01\/Logo-Mecatek-Solutions-techniques-2025-300px.png","width":400,"height":94,"caption":"Mecatek (ex-Sawiko France)"},"image":{"@id":"https:\/\/mecatek.eu\/#\/schema\/logo\/image\/"}}]}},"_links":{"self":[{"href":"https:\/\/mecatek.eu\/de\/wp-json\/wp\/v2\/product\/1661","targetHints":{"allow":["GET"]}}],"collection":[{"href":"https:\/\/mecatek.eu\/de\/wp-json\/wp\/v2\/product"}],"about":[{"href":"https:\/\/mecatek.eu\/de\/wp-json\/wp\/v2\/types\/product"}],"replies":[{"embeddable":true,"href":"https:\/\/mecatek.eu\/de\/wp-json\/wp\/v2\/comments?post=1661"}],"version-history":[{"count":5,"href":"https:\/\/mecatek.eu\/de\/wp-json\/wp\/v2\/product\/1661\/revisions"}],"predecessor-version":[{"id":2513,"href":"https:\/\/mecatek.eu\/de\/wp-json\/wp\/v2\/product\/1661\/revisions\/2513"}],"wp:featuredmedia":[{"embeddable":true,"href":"https:\/\/mecatek.eu\/de\/wp-json\/wp\/v2\/media\/1662"}],"wp:attachment":[{"href":"https:\/\/mecatek.eu\/de\/wp-json\/wp\/v2\/media?parent=1661"}],"wp:term":[{"taxonomy":"product_brand","embeddable":true,"href":"https:\/\/mecatek.eu\/de\/wp-json\/wp\/v2\/product_brand?post=1661"},{"taxonomy":"product_cat","embeddable":true,"href":"https:\/\/mecatek.eu\/de\/wp-json\/wp\/v2\/product_cat?post=1661"},{"taxonomy":"product_tag","embeddable":true,"href":"https:\/\/mecatek.eu\/de\/wp-json\/wp\/v2\/product_tag?post=1661"}],"curies":[{"name":"wp","href":"https:\/\/api.w.org\/{rel}","templated":true}]}}