{"id":1259,"date":"2025-11-10T18:20:21","date_gmt":"2025-11-10T17:20:21","guid":{"rendered":"https:\/\/mecatek.eu\/?post_type=product&#038;p=1259"},"modified":"2026-01-28T10:36:18","modified_gmt":"2026-01-28T09:36:18","slug":"fahrradtrager-fur-wohnmobile-velo-sawiko","status":"publish","type":"product","link":"https:\/\/mecatek.eu\/de\/produkt\/fahrradtrager-fur-wohnmobile-velo-sawiko\/","title":{"rendered":"Fahrradtr\u00e4ger f\u00fcr Wohnmobile Velo Sawiko"},"content":{"rendered":"<div data-elementor-type=\"product-post\" data-elementor-id=\"1259\" class=\"elementor elementor-1259\" data-elementor-post-type=\"product\">\n\t\t\t\t<div class=\"elementor-element elementor-element-ebdd3fc e-flex e-con-boxed e-con e-parent\" data-id=\"ebdd3fc\" data-element_type=\"container\" data-e-type=\"container\">\n\t\t\t\t\t<div class=\"e-con-inner\">\n\t\t<div class=\"elementor-element elementor-element-6ef7a8a e-con-full e-flex e-con e-child\" data-id=\"6ef7a8a\" data-element_type=\"container\" data-e-type=\"container\">\n\t\t<div class=\"elementor-element elementor-element-22b0a8c e-con-full e-flex e-con e-child\" data-id=\"22b0a8c\" data-element_type=\"container\" data-e-type=\"container\">\n\t\t\t\t<div class=\"elementor-element elementor-element-ed37214 elementor-widget elementor-widget-text-editor\" data-id=\"ed37214\" data-element_type=\"widget\" data-e-type=\"widget\" data-widget_type=\"text-editor.default\">\n\t\t\t\t\t\t\t\t\t<h2>Fahrradtr\u00e4ger Wohnmobil <span style=\"color: #0079b3;\">Fahrrad<\/span><\/h2>\t\t\t\t\t\t\t\t<\/div>\n\t\t\t\t<div class=\"elementor-element elementor-element-024e3f9 elementor-widget elementor-widget-text-editor\" data-id=\"024e3f9\" data-element_type=\"widget\" data-e-type=\"widget\" data-widget_type=\"text-editor.default\">\n\t\t\t\t\t\t\t\t\t<p>Trotz seiner leichten Bauweise zeichnet sich der Fahrradtr\u00e4ger f\u00fcr Wohnmobile VELO durch eine bemerkenswerte Stabilit\u00e4t aus. Seine hohe Tragf\u00e4higkeit von bis zu 80 kg erm\u00f6glicht den sicheren Transport von drei Standardfahrr\u00e4dern oder 2 Elektrofahrr\u00e4dern.<\/p><p><strong>MAXIMALER KOMFORT - ZEITGEM\u00c4SSES DESIGN<\/strong><br \/>Das VELO wurde f\u00fcr die anspruchsvollsten Radfahrer entwickelt und vereint alle Vorteile, die jede Fahrt angenehmer machen. Sein modernes, schlichtes Design besticht ebenso wie seine leichte und robuste Konstruktion, die eine einfache und reibungslose Handhabung garantiert.<\/p><p>Die klappbare Transportplattform l\u00e4sst sich m\u00fchelos einklappen, um den Platzbedarf zu minimieren, wenn sie nicht gebraucht wird. Dank des neuen Einhebel-Faltsystems faltet sich der Fahrradtr\u00e4ger automatisch zusammen und spart so Zeit und bietet optimalen Komfort. Die Ratschengurte an den Haltearmen und Schienen sorgen f\u00fcr eine schnelle und sichere Verriegelung der Fahrr\u00e4der.<\/p><p>Die niedrige Ladeh\u00f6he erleichtert das Aufstellen und Abnehmen von Fahrr\u00e4dern erheblich - ein wertvoller Vorteil bei schweren Elektrofahrr\u00e4dern oder wenn Sie alleine unterwegs sind.<\/p><p>Mit seiner Kombination aus Komfort, Leichtigkeit, Qualit\u00e4t und Eleganz definiert der Fahrradtr\u00e4ger VELO den Begriff des hochwertigen Transports Ihrer Fahrr\u00e4der neu.<\/p>\t\t\t\t\t\t\t\t<\/div>\n\t\t\t\t<\/div>\n\t\t<div class=\"elementor-element elementor-element-7e48612 e-con-full e-flex e-con e-child\" data-id=\"7e48612\" data-element_type=\"container\" data-e-type=\"container\" data-settings=\"{&quot;background_background&quot;:&quot;classic&quot;}\">\n\t\t\t\t<div class=\"elementor-element elementor-element-46b25c7 elementor-widget elementor-widget-image\" data-id=\"46b25c7\" data-element_type=\"widget\" data-e-type=\"widget\" data-widget_type=\"image.default\">\n\t\t\t\t\t\t\t\t\t\t\t\t\t\t\t<img fetchpriority=\"high\" decoding=\"async\" width=\"400\" height=\"200\" src=\"https:\/\/mecatek.eu\/wp-content\/uploads\/2025\/12\/Logo-Marque-Sawiko-de.png\" class=\"attachment-full size-full wp-image-1013\" alt=\"Sawiko Logo\" \/>\t\t\t\t\t\t\t\t\t\t\t\t\t\t\t<\/div>\n\t\t\t\t<div class=\"elementor-element elementor-element-5f3d50c elementor-widget elementor-widget-text-editor\" data-id=\"5f3d50c\" data-element_type=\"widget\" data-e-type=\"widget\" data-widget_type=\"text-editor.default\">\n\t\t\t\t\t\t\t\t\t<p><strong>Technische Daten :<\/strong><\/p><ul><li>Nutzlast: 80 kg max. <\/li><li>F\u00fcr 2 Elektrofahrr\u00e4der oder max. 3 Fahrr\u00e4der. I Klappbare Transportplattform <\/li><li>Der Lampenhalter klappt automatisch herunter I Vollst\u00e4ndig aus Aluminium <\/li><li>Ohne Werkzeug zerlegbar <\/li><li>Standard-Befestigungselemente enthalten<\/li><\/ul>\t\t\t\t\t\t\t\t<\/div>\n\t\t\t\t<\/div>\n\t\t\t\t<\/div>\n\t\t\t\t\t<\/div>\n\t\t\t\t<\/div>\n\t\t\t\t<\/div>","protected":false},"excerpt":{"rendered":"<p>Porte-v\u00e9los camping-car Velo Malgr\u00e9 sa conception l\u00e9g\u00e8re, le porte v\u00e9los pour camping-car VELO se distingue par une stabilit\u00e9 remarquable. Sa capacit\u00e9 de charge \u00e9lev\u00e9e, jusqu\u2019\u00e0 80 kg, permet le transport s\u00e9curis\u00e9 de trois v\u00e9los standards ou 2 v\u00e9los \u00e9lectriques. CONFORT MAXIMAL \u2014 DESIGN CONTEMPORAINCon\u00e7u pour les cyclistes les plus exigeants, le VELO cumule les atouts [&hellip;]<\/p>","protected":false},"featured_media":2187,"comment_status":"closed","ping_status":"closed","template":"","meta":[],"product_brand":[68],"product_cat":[70],"product_tag":[],"class_list":{"0":"post-1259","1":"product","2":"type-product","3":"status-publish","4":"has-post-thumbnail","6":"product_brand-sawiko","7":"product_cat-porte-velos-sawiko","9":"first","10":"instock","11":"shipping-taxable","12":"product-type-simple"},"yoast_head":"<!-- This site is optimized with the Yoast SEO plugin v26.9 - https:\/\/yoast.com\/product\/yoast-seo-wordpress\/ -->\n<title>Porte-v\u00e9los pour camping-car Velo Sawiko - Mecatek (ex-Sawiko France)<\/title>\n<meta name=\"description\" content=\"Porte v\u00e9lo Velo\u202fde la gamme Sawiko : le syst\u00e8me pratique et fiable pour transporter 2 v\u00e9los \u00e9lectriques ou 3 standards gr\u00e2ce \u00e0 sa charge utile de 80kg\" \/>\n<meta name=\"robots\" content=\"index, follow, max-snippet:-1, max-image-preview:large, max-video-preview:-1\" \/>\n<link rel=\"canonical\" href=\"https:\/\/mecatek.eu\/de\/produkt\/fahrradtrager-fur-wohnmobile-velo-sawiko\/\" \/>\n<meta property=\"og:locale\" content=\"de_DE\" \/>\n<meta property=\"og:type\" content=\"article\" \/>\n<meta property=\"og:title\" content=\"Porte-v\u00e9los pour camping-car Velo Sawiko - Mecatek (ex-Sawiko France)\" \/>\n<meta property=\"og:description\" content=\"Porte v\u00e9lo Velo\u202fde la gamme Sawiko : le syst\u00e8me pratique et fiable pour transporter 2 v\u00e9los \u00e9lectriques ou 3 standards gr\u00e2ce \u00e0 sa charge utile de 80kg\" \/>\n<meta property=\"og:url\" content=\"https:\/\/mecatek.eu\/de\/produkt\/fahrradtrager-fur-wohnmobile-velo-sawiko\/\" \/>\n<meta property=\"og:site_name\" content=\"Mecatek (ex-Sawiko France)\" \/>\n<meta property=\"article:modified_time\" content=\"2026-01-28T09:36:18+00:00\" \/>\n<meta property=\"og:image\" content=\"http:\/\/mecatek.eu\/wp-content\/uploads\/2025\/11\/Porte-velos-Velo-Sawiko_001.png\" \/>\n\t<meta property=\"og:image:width\" content=\"800\" \/>\n\t<meta property=\"og:image:height\" content=\"657\" \/>\n\t<meta property=\"og:image:type\" content=\"image\/png\" \/>\n<meta name=\"twitter:card\" content=\"summary_large_image\" \/>\n<meta name=\"twitter:label1\" content=\"Gesch\u00e4tzte Lesezeit\" \/>\n\t<meta name=\"twitter:data1\" content=\"2\u00a0Minuten\" \/>\n<script type=\"application\/ld+json\" class=\"yoast-schema-graph\">{\"@context\":\"https:\/\/schema.org\",\"@graph\":[{\"@type\":\"WebPage\",\"@id\":\"https:\/\/mecatek.eu\/produit\/porte-velos-pour-camping-car-velo-sawiko\/\",\"url\":\"https:\/\/mecatek.eu\/produit\/porte-velos-pour-camping-car-velo-sawiko\/\",\"name\":\"Porte-v\u00e9los pour camping-car Velo Sawiko - Mecatek (ex-Sawiko France)\",\"isPartOf\":{\"@id\":\"https:\/\/mecatek.eu\/#website\"},\"primaryImageOfPage\":{\"@id\":\"https:\/\/mecatek.eu\/produit\/porte-velos-pour-camping-car-velo-sawiko\/#primaryimage\"},\"image\":{\"@id\":\"https:\/\/mecatek.eu\/produit\/porte-velos-pour-camping-car-velo-sawiko\/#primaryimage\"},\"thumbnailUrl\":\"https:\/\/mecatek.eu\/wp-content\/uploads\/2025\/11\/Porte-velos-Velo-Sawiko_001.png\",\"datePublished\":\"2025-11-10T17:20:21+00:00\",\"dateModified\":\"2026-01-28T09:36:18+00:00\",\"description\":\"Porte v\u00e9lo Velo\u202fde la gamme Sawiko : le syst\u00e8me pratique et fiable pour transporter 2 v\u00e9los \u00e9lectriques ou 3 standards gr\u00e2ce \u00e0 sa charge utile de 80kg\",\"breadcrumb\":{\"@id\":\"https:\/\/mecatek.eu\/produit\/porte-velos-pour-camping-car-velo-sawiko\/#breadcrumb\"},\"inLanguage\":\"de\",\"potentialAction\":[{\"@type\":\"ReadAction\",\"target\":[\"https:\/\/mecatek.eu\/produit\/porte-velos-pour-camping-car-velo-sawiko\/\"]}]},{\"@type\":\"ImageObject\",\"inLanguage\":\"de\",\"@id\":\"https:\/\/mecatek.eu\/produit\/porte-velos-pour-camping-car-velo-sawiko\/#primaryimage\",\"url\":\"https:\/\/mecatek.eu\/wp-content\/uploads\/2025\/11\/Porte-velos-Velo-Sawiko_001.png\",\"contentUrl\":\"https:\/\/mecatek.eu\/wp-content\/uploads\/2025\/11\/Porte-velos-Velo-Sawiko_001.png\",\"width\":800,\"height\":657,\"caption\":\"Porte-v\u00e9los Velo Sawiko repli\u00e9\"},{\"@type\":\"BreadcrumbList\",\"@id\":\"https:\/\/mecatek.eu\/produit\/porte-velos-pour-camping-car-velo-sawiko\/#breadcrumb\",\"itemListElement\":[{\"@type\":\"ListItem\",\"position\":1,\"name\":\"Accueil\",\"item\":\"https:\/\/mecatek.eu\/\"},{\"@type\":\"ListItem\",\"position\":2,\"name\":\"Catalogue\",\"item\":\"https:\/\/mecatek.eu\/catalogue\/\"},{\"@type\":\"ListItem\",\"position\":3,\"name\":\"Porte-v\u00e9los pour camping-car Velo Sawiko\"}]},{\"@type\":\"WebSite\",\"@id\":\"https:\/\/mecatek.eu\/#website\",\"url\":\"https:\/\/mecatek.eu\/\",\"name\":\"Mecatek (ex-Sawiko France)\",\"description\":\"Fabricant d&#039;attelages pour camping-car et fourgon - Mecatek\",\"publisher\":{\"@id\":\"https:\/\/mecatek.eu\/#organization\"},\"potentialAction\":[{\"@type\":\"SearchAction\",\"target\":{\"@type\":\"EntryPoint\",\"urlTemplate\":\"https:\/\/mecatek.eu\/?s={search_term_string}\"},\"query-input\":{\"@type\":\"PropertyValueSpecification\",\"valueRequired\":true,\"valueName\":\"search_term_string\"}}],\"inLanguage\":\"de\"},{\"@type\":\"Organization\",\"@id\":\"https:\/\/mecatek.eu\/#organization\",\"name\":\"Mecatek (ex-Sawiko France)\",\"url\":\"https:\/\/mecatek.eu\/\",\"logo\":{\"@type\":\"ImageObject\",\"inLanguage\":\"de\",\"@id\":\"https:\/\/mecatek.eu\/#\/schema\/logo\/image\/\",\"url\":\"http:\/\/mecatek.eu\/wp-content\/uploads\/2026\/01\/Logo-Mecatek-Solutions-techniques-2025-300px.png\",\"contentUrl\":\"http:\/\/mecatek.eu\/wp-content\/uploads\/2026\/01\/Logo-Mecatek-Solutions-techniques-2025-300px.png\",\"width\":400,\"height\":94,\"caption\":\"Mecatek (ex-Sawiko France)\"},\"image\":{\"@id\":\"https:\/\/mecatek.eu\/#\/schema\/logo\/image\/\"}}]}<\/script>\n<!-- \/ Yoast SEO plugin. -->","yoast_head_json":{"title":"Fahrradtr\u00e4ger f\u00fcr Wohnmobile Velo Sawiko - Mecatek (ehemals Sawiko Deutschland)","description":"Fahrradtr\u00e4ger Velo aus dem Sortiment von Sawiko: das praktische und zuverl\u00e4ssige System zum Transport von 2 Elektrofahrr\u00e4dern oder 3 Standardfahrr\u00e4dern dank seiner Nutzlast von 80kg.","robots":{"index":"index","follow":"follow","max-snippet":"max-snippet:-1","max-image-preview":"max-image-preview:large","max-video-preview":"max-video-preview:-1"},"canonical":"https:\/\/mecatek.eu\/de\/produkt\/fahrradtrager-fur-wohnmobile-velo-sawiko\/","og_locale":"de_DE","og_type":"article","og_title":"Porte-v\u00e9los pour camping-car Velo Sawiko - Mecatek (ex-Sawiko France)","og_description":"Porte v\u00e9lo Velo\u202fde la gamme Sawiko : le syst\u00e8me pratique et fiable pour transporter 2 v\u00e9los \u00e9lectriques ou 3 standards gr\u00e2ce \u00e0 sa charge utile de 80kg","og_url":"https:\/\/mecatek.eu\/de\/produkt\/fahrradtrager-fur-wohnmobile-velo-sawiko\/","og_site_name":"Mecatek (ex-Sawiko France)","article_modified_time":"2026-01-28T09:36:18+00:00","og_image":[{"width":800,"height":657,"url":"http:\/\/mecatek.eu\/wp-content\/uploads\/2025\/11\/Porte-velos-Velo-Sawiko_001.png","type":"image\/png"}],"twitter_card":"summary_large_image","twitter_misc":{"Gesch\u00e4tzte Lesezeit":"2\u00a0Minuten"},"schema":{"@context":"https:\/\/schema.org","@graph":[{"@type":"WebPage","@id":"https:\/\/mecatek.eu\/produit\/porte-velos-pour-camping-car-velo-sawiko\/","url":"https:\/\/mecatek.eu\/produit\/porte-velos-pour-camping-car-velo-sawiko\/","name":"Fahrradtr\u00e4ger f\u00fcr Wohnmobile Velo Sawiko - Mecatek (ehemals Sawiko Deutschland)","isPartOf":{"@id":"https:\/\/mecatek.eu\/#website"},"primaryImageOfPage":{"@id":"https:\/\/mecatek.eu\/produit\/porte-velos-pour-camping-car-velo-sawiko\/#primaryimage"},"image":{"@id":"https:\/\/mecatek.eu\/produit\/porte-velos-pour-camping-car-velo-sawiko\/#primaryimage"},"thumbnailUrl":"https:\/\/mecatek.eu\/wp-content\/uploads\/2025\/11\/Porte-velos-Velo-Sawiko_001.png","datePublished":"2025-11-10T17:20:21+00:00","dateModified":"2026-01-28T09:36:18+00:00","description":"Fahrradtr\u00e4ger Velo aus dem Sortiment von Sawiko: das praktische und zuverl\u00e4ssige System zum Transport von 2 Elektrofahrr\u00e4dern oder 3 Standardfahrr\u00e4dern dank seiner Nutzlast von 80kg.","breadcrumb":{"@id":"https:\/\/mecatek.eu\/produit\/porte-velos-pour-camping-car-velo-sawiko\/#breadcrumb"},"inLanguage":"de","potentialAction":[{"@type":"ReadAction","target":["https:\/\/mecatek.eu\/produit\/porte-velos-pour-camping-car-velo-sawiko\/"]}]},{"@type":"ImageObject","inLanguage":"de","@id":"https:\/\/mecatek.eu\/produit\/porte-velos-pour-camping-car-velo-sawiko\/#primaryimage","url":"https:\/\/mecatek.eu\/wp-content\/uploads\/2025\/11\/Porte-velos-Velo-Sawiko_001.png","contentUrl":"https:\/\/mecatek.eu\/wp-content\/uploads\/2025\/11\/Porte-velos-Velo-Sawiko_001.png","width":800,"height":657,"caption":"Porte-v\u00e9los Velo Sawiko repli\u00e9"},{"@type":"BreadcrumbList","@id":"https:\/\/mecatek.eu\/produit\/porte-velos-pour-camping-car-velo-sawiko\/#breadcrumb","itemListElement":[{"@type":"ListItem","position":1,"name":"Accueil","item":"https:\/\/mecatek.eu\/"},{"@type":"ListItem","position":2,"name":"Catalogue","item":"https:\/\/mecatek.eu\/catalogue\/"},{"@type":"ListItem","position":3,"name":"Porte-v\u00e9los pour camping-car Velo Sawiko"}]},{"@type":"WebSite","@id":"https:\/\/mecatek.eu\/#website","url":"https:\/\/mecatek.eu\/","name":"Mecatek (ehemals Sawiko Frankreich)","description":"Hersteller von Anh\u00e4ngerkupplungen f\u00fcr Wohnmobile und Lieferwagen - Mecatek","publisher":{"@id":"https:\/\/mecatek.eu\/#organization"},"potentialAction":[{"@type":"SearchAction","target":{"@type":"EntryPoint","urlTemplate":"https:\/\/mecatek.eu\/?s={search_term_string}"},"query-input":{"@type":"PropertyValueSpecification","valueRequired":true,"valueName":"search_term_string"}}],"inLanguage":"de"},{"@type":"Organization","@id":"https:\/\/mecatek.eu\/#organization","name":"Mecatek (ehemals Sawiko Frankreich)","url":"https:\/\/mecatek.eu\/","logo":{"@type":"ImageObject","inLanguage":"de","@id":"https:\/\/mecatek.eu\/#\/schema\/logo\/image\/","url":"http:\/\/mecatek.eu\/wp-content\/uploads\/2026\/01\/Logo-Mecatek-Solutions-techniques-2025-300px.png","contentUrl":"http:\/\/mecatek.eu\/wp-content\/uploads\/2026\/01\/Logo-Mecatek-Solutions-techniques-2025-300px.png","width":400,"height":94,"caption":"Mecatek (ex-Sawiko France)"},"image":{"@id":"https:\/\/mecatek.eu\/#\/schema\/logo\/image\/"}}]}},"_links":{"self":[{"href":"https:\/\/mecatek.eu\/de\/wp-json\/wp\/v2\/product\/1259","targetHints":{"allow":["GET"]}}],"collection":[{"href":"https:\/\/mecatek.eu\/de\/wp-json\/wp\/v2\/product"}],"about":[{"href":"https:\/\/mecatek.eu\/de\/wp-json\/wp\/v2\/types\/product"}],"replies":[{"embeddable":true,"href":"https:\/\/mecatek.eu\/de\/wp-json\/wp\/v2\/comments?post=1259"}],"version-history":[{"count":5,"href":"https:\/\/mecatek.eu\/de\/wp-json\/wp\/v2\/product\/1259\/revisions"}],"predecessor-version":[{"id":2201,"href":"https:\/\/mecatek.eu\/de\/wp-json\/wp\/v2\/product\/1259\/revisions\/2201"}],"wp:featuredmedia":[{"embeddable":true,"href":"https:\/\/mecatek.eu\/de\/wp-json\/wp\/v2\/media\/2187"}],"wp:attachment":[{"href":"https:\/\/mecatek.eu\/de\/wp-json\/wp\/v2\/media?parent=1259"}],"wp:term":[{"taxonomy":"product_brand","embeddable":true,"href":"https:\/\/mecatek.eu\/de\/wp-json\/wp\/v2\/product_brand?post=1259"},{"taxonomy":"product_cat","embeddable":true,"href":"https:\/\/mecatek.eu\/de\/wp-json\/wp\/v2\/product_cat?post=1259"},{"taxonomy":"product_tag","embeddable":true,"href":"https:\/\/mecatek.eu\/de\/wp-json\/wp\/v2\/product_tag?post=1259"}],"curies":[{"name":"wp","href":"https:\/\/api.w.org\/{rel}","templated":true}]}}