{"id":1255,"date":"2025-11-10T18:19:02","date_gmt":"2025-11-10T17:19:02","guid":{"rendered":"https:\/\/mecatek.eu\/?post_type=product&#038;p=1255"},"modified":"2026-01-28T10:26:38","modified_gmt":"2026-01-28T09:26:38","slug":"fahrrad-und-motorradtrager-fur-wohnmobile-vario","status":"publish","type":"product","link":"https:\/\/mecatek.eu\/de\/produkt\/fahrrad-und-motorradtrager-fur-wohnmobile-vario\/","title":{"rendered":"Fahrrad- und Motorradtr\u00e4ger f\u00fcr Wohnmobile Vario"},"content":{"rendered":"<div data-elementor-type=\"product-post\" data-elementor-id=\"1255\" class=\"elementor elementor-1255\" data-elementor-post-type=\"product\">\n\t\t\t\t<div class=\"elementor-element elementor-element-788c969 e-flex e-con-boxed e-con e-parent\" data-id=\"788c969\" data-element_type=\"container\" data-e-type=\"container\">\n\t\t\t\t\t<div class=\"e-con-inner\">\n\t\t<div class=\"elementor-element elementor-element-5beee62 e-con-full e-flex e-con e-child\" data-id=\"5beee62\" data-element_type=\"container\" data-e-type=\"container\">\n\t\t<div class=\"elementor-element elementor-element-259e7b8 e-con-full e-flex e-con e-child\" data-id=\"259e7b8\" data-element_type=\"container\" data-e-type=\"container\">\n\t\t\t\t<div class=\"elementor-element elementor-element-b614d3d elementor-widget elementor-widget-text-editor\" data-id=\"b614d3d\" data-element_type=\"widget\" data-e-type=\"widget\" data-widget_type=\"text-editor.default\">\n\t\t\t\t\t\t\t\t\t<h2>Fahrrad-, Motorrad- und Rollerhalter Sawiko\u00a0<span style=\"color: #0079b3;\">Vario<\/span><\/h2>\t\t\t\t\t\t\t\t<\/div>\n\t\t\t\t<div class=\"elementor-element elementor-element-00ffea1 elementor-widget elementor-widget-text-editor\" data-id=\"00ffea1\" data-element_type=\"widget\" data-e-type=\"widget\" data-widget_type=\"text-editor.default\">\n\t\t\t\t\t\t\t\t\t<p>Durch die Verbindung von modernem Design, maximaler Flexibilit\u00e4t und intuitiver Bedienung ist der <strong>VARIO<\/strong> definiert die Standards f\u00fcr einen hochwertigen Fahrradtr\u00e4ger neu. Er wurde aus hochwertigen Materialien gefertigt und vereint Leichtigkeit und Robustheit mit einer <strong>beeindruckende Tragf\u00e4higkeit von bis zu 150 kg<\/strong>. Sein ausgekl\u00fcgeltes System mit variabler Ladetiefe, die von 620 bis 800 mm verstellt werden kann, passt sich an viele Transportkonfigurationen an : <strong>klassische Fahrr\u00e4der, E-Bikes, Motorroller, Fat Bikes oder Dreir\u00e4der.<\/strong><\/p><p><strong>MEHR KOMFORT, WENIGER AUFWAND<\/strong><br \/>Dank der faltbaren Transportplattform und der automatisch abklappbaren Lichtleiste kann der <strong>Fahrradst\u00e4nder VARIO<\/strong> l\u00e4sst sich leicht handhaben und im Nu verstauen. Die integrierten Ratschen-Schnellverschl\u00fcsse an den Haltearmen und Fahrradschienen sorgen f\u00fcr eine sichere und schnelle Befestigung und vereinfachen so den t\u00e4glichen Gebrauch.<\/p><p><strong>SICHER UND EINFACH<\/strong><br \/>Das Ratschensystem sorgt f\u00fcr einen optimalen Halt von Fahrr\u00e4dern, w\u00e4hrend die verstellbare Radhalterung die einfache Befestigung eines Rollers erm\u00f6glicht. Die niedrige Ladeh\u00f6he und die optional erh\u00e4ltlichen Rampen erleichtern das Aufstellen der schwersten Fahrr\u00e4der oder E-Bikes.<\/p><p>Ideal f\u00fcr anspruchsvolle Nutzer, die Wert auf Qualit\u00e4t, Komfort und Vielseitigkeit legen, ist der <strong>Fahrrad- und Motorradtr\u00e4ger VARIO<\/strong> vereint Innovation, Design und Praktikabilit\u00e4t in einem einzigen Produkt.<\/p><p><strong>M\u00f6gliche Konfigurationen :<\/strong><\/p><ul><li>1 Roller<\/li><li>1 Roller + 1 Fahrrad<\/li><li>1 Roller + 2 Fahrr\u00e4der<\/li><li>1 Fat Bike + 1 Fahrrad<\/li><li>2 Fat Bikes<\/li><li>2 Fat Bikes + 1 Fahrrad<\/li><li>2 Fahrr\u00e4der<\/li><li>3 Fahrr\u00e4der<\/li><li>4 Fahrr\u00e4der<\/li><li>1 Dreirad<\/li><\/ul>\t\t\t\t\t\t\t\t<\/div>\n\t\t\t\t<div class=\"elementor-element elementor-element-8bb7c9d elementor-widget elementor-widget-video\" data-id=\"8bb7c9d\" data-element_type=\"widget\" data-e-type=\"widget\" data-settings=\"{&quot;youtube_url&quot;:&quot;https:\\\/\\\/youtu.be\\\/ugnV9OiFhrM&quot;,&quot;video_type&quot;:&quot;youtube&quot;,&quot;controls&quot;:&quot;yes&quot;}\" data-widget_type=\"video.default\">\n\t\t\t\t\t\t\t<div class=\"elementor-wrapper elementor-open-inline\">\n\t\t\t<div class=\"elementor-video\"><\/div>\t\t<\/div>\n\t\t\t\t\t\t<\/div>\n\t\t\t\t<\/div>\n\t\t<div class=\"elementor-element elementor-element-a7e7cf4 e-con-full e-flex e-con e-child\" data-id=\"a7e7cf4\" data-element_type=\"container\" data-e-type=\"container\" data-settings=\"{&quot;background_background&quot;:&quot;classic&quot;}\">\n\t\t\t\t<div class=\"elementor-element elementor-element-9db79be elementor-widget elementor-widget-image\" data-id=\"9db79be\" data-element_type=\"widget\" data-e-type=\"widget\" data-widget_type=\"image.default\">\n\t\t\t\t\t\t\t\t\t\t\t\t\t\t\t<img fetchpriority=\"high\" decoding=\"async\" width=\"400\" height=\"200\" src=\"https:\/\/mecatek.eu\/wp-content\/uploads\/2025\/12\/Logo-Marque-Sawiko-de.png\" class=\"attachment-full size-full wp-image-1013\" alt=\"Sawiko Logo\" \/>\t\t\t\t\t\t\t\t\t\t\t\t\t\t\t<\/div>\n\t\t\t\t<div class=\"elementor-element elementor-element-3f57e17 elementor-widget elementor-widget-text-editor\" data-id=\"3f57e17\" data-element_type=\"widget\" data-e-type=\"widget\" data-widget_type=\"text-editor.default\">\n\t\t\t\t\t\t\t\t\t<p><strong>Technische Daten :<\/strong><\/p><ul><li>Nutzlast bis zu 150 kg<\/li><li>EG-Zulassung (EG type approval)<\/li><li>Zahlreiche Transportl\u00f6sungen verf\u00fcgbar<\/li><li>Struktur \u00fcberwiegend aus Aluminium<\/li><li>Demontage ohne Werkzeug<\/li><li>Ergonomisches und hochwertiges Design<\/li><li>Variable Ladetiefe (620 bis 800 mm)<\/li><li>Automatisch klappbare Plattform und Lichtleiste<\/li><li>Schienen und Haltearme mit Klickbefestigung<\/li><li>Standard-Montageelemente enthalten<\/li><li>Version mit LED-Beleuchtung erh\u00e4ltlich<\/li><\/ul>\t\t\t\t\t\t\t\t<\/div>\n\t\t\t\t<\/div>\n\t\t\t\t<\/div>\n\t\t\t\t\t<\/div>\n\t\t\t\t<\/div>\n\t\t\t\t<\/div>","protected":false},"excerpt":{"rendered":"<p>Der VARIO besticht durch sein modernes Design, seine au\u00dfergew\u00f6hnliche Flexibilit\u00e4t und seine einfache Handhabung. Dank seiner leichten Aluminiumstruktur und einer Nutzlast von bis zu 150 kg passt er sich allen Gegebenheiten an: Standard- oder Elektrofahrr\u00e4dern, Rollern, Fat Bikes oder Dreir\u00e4dern. Seine faltbare Plattform und das automatische Lichtband bieten eine m\u00fchelose Handhabung und optimale Platzersparnis, wodurch er ideal f\u00fcr alle ist, die Wert auf Qualit\u00e4t und Benutzerkomfort legen.<\/p>","protected":false},"featured_media":2240,"comment_status":"closed","ping_status":"closed","template":"","meta":[],"product_brand":[68],"product_cat":[70,76],"product_tag":[],"class_list":{"0":"post-1255","1":"product","2":"type-product","3":"status-publish","4":"has-post-thumbnail","6":"product_brand-sawiko","7":"product_cat-porte-velos-sawiko","8":"product_cat-porte-motos-sawiko","10":"first","11":"instock","12":"shipping-taxable","13":"product-type-simple"},"yoast_head":"<!-- This site is optimized with the Yoast SEO plugin v26.9 - https:\/\/yoast.com\/product\/yoast-seo-wordpress\/ -->\n<title>Porte-v\u00e9los et moto pour camping-car Vario - Mecatek (ex-Sawiko France)<\/title>\n<meta name=\"description\" content=\"Porte v\u00e9lo ou moto VARIO\u202fde la gamme Sawiko : gr\u00e2ce \u00e0 sa structure l\u00e9g\u00e8re en alu et \u00e0 sa charge utile allant jusqu\u2019\u00e0 150 kg, c&#039;est la solution ultime pour transporter moto, un scooter, v\u00e9lo ou fat bike \u00e0 l&#039;arri\u00e8re de votre camping-car\" \/>\n<meta name=\"robots\" content=\"index, follow, max-snippet:-1, max-image-preview:large, max-video-preview:-1\" \/>\n<link rel=\"canonical\" href=\"https:\/\/mecatek.eu\/de\/produkt\/fahrrad-und-motorradtrager-fur-wohnmobile-vario\/\" \/>\n<meta property=\"og:locale\" content=\"de_DE\" \/>\n<meta property=\"og:type\" content=\"article\" \/>\n<meta property=\"og:title\" content=\"Porte-v\u00e9los et moto pour camping-car Vario - Mecatek (ex-Sawiko France)\" \/>\n<meta property=\"og:description\" content=\"Porte v\u00e9lo ou moto VARIO\u202fde la gamme Sawiko : gr\u00e2ce \u00e0 sa structure l\u00e9g\u00e8re en alu et \u00e0 sa charge utile allant jusqu\u2019\u00e0 150 kg, c&#039;est la solution ultime pour transporter moto, un scooter, v\u00e9lo ou fat bike \u00e0 l&#039;arri\u00e8re de votre camping-car\" \/>\n<meta property=\"og:url\" content=\"https:\/\/mecatek.eu\/de\/produkt\/fahrrad-und-motorradtrager-fur-wohnmobile-vario\/\" \/>\n<meta property=\"og:site_name\" content=\"Mecatek (ex-Sawiko France)\" \/>\n<meta property=\"article:modified_time\" content=\"2026-01-28T09:26:38+00:00\" \/>\n<meta property=\"og:image\" content=\"http:\/\/mecatek.eu\/wp-content\/uploads\/2025\/11\/Porte-moto-velos-moto-Vario-Sawiko_001.jpg\" \/>\n\t<meta property=\"og:image:width\" content=\"942\" \/>\n\t<meta property=\"og:image:height\" content=\"626\" \/>\n\t<meta property=\"og:image:type\" content=\"image\/jpeg\" \/>\n<meta name=\"twitter:card\" content=\"summary_large_image\" \/>\n<meta name=\"twitter:label1\" content=\"Gesch\u00e4tzte Lesezeit\" \/>\n\t<meta name=\"twitter:data1\" content=\"3\u00a0Minuten\" \/>\n<script type=\"application\/ld+json\" class=\"yoast-schema-graph\">{\"@context\":\"https:\/\/schema.org\",\"@graph\":[{\"@type\":\"WebPage\",\"@id\":\"https:\/\/mecatek.eu\/produit\/porte-velos-et-moto-pour-camping-car-vario\/\",\"url\":\"https:\/\/mecatek.eu\/produit\/porte-velos-et-moto-pour-camping-car-vario\/\",\"name\":\"Porte-v\u00e9los et moto pour camping-car Vario - Mecatek (ex-Sawiko France)\",\"isPartOf\":{\"@id\":\"https:\/\/mecatek.eu\/#website\"},\"primaryImageOfPage\":{\"@id\":\"https:\/\/mecatek.eu\/produit\/porte-velos-et-moto-pour-camping-car-vario\/#primaryimage\"},\"image\":{\"@id\":\"https:\/\/mecatek.eu\/produit\/porte-velos-et-moto-pour-camping-car-vario\/#primaryimage\"},\"thumbnailUrl\":\"https:\/\/mecatek.eu\/wp-content\/uploads\/2025\/11\/Porte-moto-velos-moto-Vario-Sawiko_001.jpg\",\"datePublished\":\"2025-11-10T17:19:02+00:00\",\"dateModified\":\"2026-01-28T09:26:38+00:00\",\"description\":\"Porte v\u00e9lo ou moto VARIO\u202fde la gamme Sawiko : gr\u00e2ce \u00e0 sa structure l\u00e9g\u00e8re en alu et \u00e0 sa charge utile allant jusqu\u2019\u00e0 150 kg, c'est la solution ultime pour transporter moto, un scooter, v\u00e9lo ou fat bike \u00e0 l'arri\u00e8re de votre camping-car\",\"breadcrumb\":{\"@id\":\"https:\/\/mecatek.eu\/produit\/porte-velos-et-moto-pour-camping-car-vario\/#breadcrumb\"},\"inLanguage\":\"de\",\"potentialAction\":[{\"@type\":\"ReadAction\",\"target\":[\"https:\/\/mecatek.eu\/produit\/porte-velos-et-moto-pour-camping-car-vario\/\"]}]},{\"@type\":\"ImageObject\",\"inLanguage\":\"de\",\"@id\":\"https:\/\/mecatek.eu\/produit\/porte-velos-et-moto-pour-camping-car-vario\/#primaryimage\",\"url\":\"https:\/\/mecatek.eu\/wp-content\/uploads\/2025\/11\/Porte-moto-velos-moto-Vario-Sawiko_001.jpg\",\"contentUrl\":\"https:\/\/mecatek.eu\/wp-content\/uploads\/2025\/11\/Porte-moto-velos-moto-Vario-Sawiko_001.jpg\",\"width\":942,\"height\":626,\"caption\":\"Porte-v\u00e9los et moto pour camping-car Vario Sawiko repli\u00e9\"},{\"@type\":\"BreadcrumbList\",\"@id\":\"https:\/\/mecatek.eu\/produit\/porte-velos-et-moto-pour-camping-car-vario\/#breadcrumb\",\"itemListElement\":[{\"@type\":\"ListItem\",\"position\":1,\"name\":\"Accueil\",\"item\":\"https:\/\/mecatek.eu\/\"},{\"@type\":\"ListItem\",\"position\":2,\"name\":\"Catalogue\",\"item\":\"https:\/\/mecatek.eu\/catalogue\/\"},{\"@type\":\"ListItem\",\"position\":3,\"name\":\"Porte-v\u00e9los et moto pour camping-car Vario\"}]},{\"@type\":\"WebSite\",\"@id\":\"https:\/\/mecatek.eu\/#website\",\"url\":\"https:\/\/mecatek.eu\/\",\"name\":\"Mecatek (ex-Sawiko France)\",\"description\":\"Fabricant d&#039;attelages pour camping-car et fourgon - Mecatek\",\"publisher\":{\"@id\":\"https:\/\/mecatek.eu\/#organization\"},\"potentialAction\":[{\"@type\":\"SearchAction\",\"target\":{\"@type\":\"EntryPoint\",\"urlTemplate\":\"https:\/\/mecatek.eu\/?s={search_term_string}\"},\"query-input\":{\"@type\":\"PropertyValueSpecification\",\"valueRequired\":true,\"valueName\":\"search_term_string\"}}],\"inLanguage\":\"de\"},{\"@type\":\"Organization\",\"@id\":\"https:\/\/mecatek.eu\/#organization\",\"name\":\"Mecatek (ex-Sawiko France)\",\"url\":\"https:\/\/mecatek.eu\/\",\"logo\":{\"@type\":\"ImageObject\",\"inLanguage\":\"de\",\"@id\":\"https:\/\/mecatek.eu\/#\/schema\/logo\/image\/\",\"url\":\"http:\/\/mecatek.eu\/wp-content\/uploads\/2026\/01\/Logo-Mecatek-Solutions-techniques-2025-300px.png\",\"contentUrl\":\"http:\/\/mecatek.eu\/wp-content\/uploads\/2026\/01\/Logo-Mecatek-Solutions-techniques-2025-300px.png\",\"width\":400,\"height\":94,\"caption\":\"Mecatek (ex-Sawiko France)\"},\"image\":{\"@id\":\"https:\/\/mecatek.eu\/#\/schema\/logo\/image\/\"}}]}<\/script>\n<!-- \/ Yoast SEO plugin. -->","yoast_head_json":{"title":"Fahrrad- und Motorradtr\u00e4ger f\u00fcr Wohnmobile Vario - Mecatek (ehemals Sawiko Deutschland)","description":"Sawiko VARIO Fahrrad- oder Motorradtr\u00e4ger: Dank seiner leichten Alukonstruktion und einer Nutzlast von bis zu 150 kg ist er die ultimative L\u00f6sung f\u00fcr den Transport von Motorr\u00e4dern, Rollern, Fahrr\u00e4dern oder Fat Bikes auf der R\u00fcckseite Ihres Wohnmobils.","robots":{"index":"index","follow":"follow","max-snippet":"max-snippet:-1","max-image-preview":"max-image-preview:large","max-video-preview":"max-video-preview:-1"},"canonical":"https:\/\/mecatek.eu\/de\/produkt\/fahrrad-und-motorradtrager-fur-wohnmobile-vario\/","og_locale":"de_DE","og_type":"article","og_title":"Porte-v\u00e9los et moto pour camping-car Vario - Mecatek (ex-Sawiko France)","og_description":"Porte v\u00e9lo ou moto VARIO\u202fde la gamme Sawiko : gr\u00e2ce \u00e0 sa structure l\u00e9g\u00e8re en alu et \u00e0 sa charge utile allant jusqu\u2019\u00e0 150 kg, c'est la solution ultime pour transporter moto, un scooter, v\u00e9lo ou fat bike \u00e0 l'arri\u00e8re de votre camping-car","og_url":"https:\/\/mecatek.eu\/de\/produkt\/fahrrad-und-motorradtrager-fur-wohnmobile-vario\/","og_site_name":"Mecatek (ex-Sawiko France)","article_modified_time":"2026-01-28T09:26:38+00:00","og_image":[{"width":942,"height":626,"url":"http:\/\/mecatek.eu\/wp-content\/uploads\/2025\/11\/Porte-moto-velos-moto-Vario-Sawiko_001.jpg","type":"image\/jpeg"}],"twitter_card":"summary_large_image","twitter_misc":{"Gesch\u00e4tzte Lesezeit":"3\u00a0Minuten"},"schema":{"@context":"https:\/\/schema.org","@graph":[{"@type":"WebPage","@id":"https:\/\/mecatek.eu\/produit\/porte-velos-et-moto-pour-camping-car-vario\/","url":"https:\/\/mecatek.eu\/produit\/porte-velos-et-moto-pour-camping-car-vario\/","name":"Fahrrad- und Motorradtr\u00e4ger f\u00fcr Wohnmobile Vario - Mecatek (ehemals Sawiko Deutschland)","isPartOf":{"@id":"https:\/\/mecatek.eu\/#website"},"primaryImageOfPage":{"@id":"https:\/\/mecatek.eu\/produit\/porte-velos-et-moto-pour-camping-car-vario\/#primaryimage"},"image":{"@id":"https:\/\/mecatek.eu\/produit\/porte-velos-et-moto-pour-camping-car-vario\/#primaryimage"},"thumbnailUrl":"https:\/\/mecatek.eu\/wp-content\/uploads\/2025\/11\/Porte-moto-velos-moto-Vario-Sawiko_001.jpg","datePublished":"2025-11-10T17:19:02+00:00","dateModified":"2026-01-28T09:26:38+00:00","description":"Sawiko VARIO Fahrrad- oder Motorradtr\u00e4ger: Dank seiner leichten Alukonstruktion und einer Nutzlast von bis zu 150 kg ist er die ultimative L\u00f6sung f\u00fcr den Transport von Motorr\u00e4dern, Rollern, Fahrr\u00e4dern oder Fat Bikes auf der R\u00fcckseite Ihres Wohnmobils.","breadcrumb":{"@id":"https:\/\/mecatek.eu\/produit\/porte-velos-et-moto-pour-camping-car-vario\/#breadcrumb"},"inLanguage":"de","potentialAction":[{"@type":"ReadAction","target":["https:\/\/mecatek.eu\/produit\/porte-velos-et-moto-pour-camping-car-vario\/"]}]},{"@type":"ImageObject","inLanguage":"de","@id":"https:\/\/mecatek.eu\/produit\/porte-velos-et-moto-pour-camping-car-vario\/#primaryimage","url":"https:\/\/mecatek.eu\/wp-content\/uploads\/2025\/11\/Porte-moto-velos-moto-Vario-Sawiko_001.jpg","contentUrl":"https:\/\/mecatek.eu\/wp-content\/uploads\/2025\/11\/Porte-moto-velos-moto-Vario-Sawiko_001.jpg","width":942,"height":626,"caption":"Porte-v\u00e9los et moto pour camping-car Vario Sawiko repli\u00e9"},{"@type":"BreadcrumbList","@id":"https:\/\/mecatek.eu\/produit\/porte-velos-et-moto-pour-camping-car-vario\/#breadcrumb","itemListElement":[{"@type":"ListItem","position":1,"name":"Accueil","item":"https:\/\/mecatek.eu\/"},{"@type":"ListItem","position":2,"name":"Catalogue","item":"https:\/\/mecatek.eu\/catalogue\/"},{"@type":"ListItem","position":3,"name":"Porte-v\u00e9los et moto pour camping-car Vario"}]},{"@type":"WebSite","@id":"https:\/\/mecatek.eu\/#website","url":"https:\/\/mecatek.eu\/","name":"Mecatek (ehemals Sawiko Frankreich)","description":"Hersteller von Anh\u00e4ngerkupplungen f\u00fcr Wohnmobile und Lieferwagen - Mecatek","publisher":{"@id":"https:\/\/mecatek.eu\/#organization"},"potentialAction":[{"@type":"SearchAction","target":{"@type":"EntryPoint","urlTemplate":"https:\/\/mecatek.eu\/?s={search_term_string}"},"query-input":{"@type":"PropertyValueSpecification","valueRequired":true,"valueName":"search_term_string"}}],"inLanguage":"de"},{"@type":"Organization","@id":"https:\/\/mecatek.eu\/#organization","name":"Mecatek (ehemals Sawiko Frankreich)","url":"https:\/\/mecatek.eu\/","logo":{"@type":"ImageObject","inLanguage":"de","@id":"https:\/\/mecatek.eu\/#\/schema\/logo\/image\/","url":"http:\/\/mecatek.eu\/wp-content\/uploads\/2026\/01\/Logo-Mecatek-Solutions-techniques-2025-300px.png","contentUrl":"http:\/\/mecatek.eu\/wp-content\/uploads\/2026\/01\/Logo-Mecatek-Solutions-techniques-2025-300px.png","width":400,"height":94,"caption":"Mecatek (ex-Sawiko France)"},"image":{"@id":"https:\/\/mecatek.eu\/#\/schema\/logo\/image\/"}}]}},"_links":{"self":[{"href":"https:\/\/mecatek.eu\/de\/wp-json\/wp\/v2\/product\/1255","targetHints":{"allow":["GET"]}}],"collection":[{"href":"https:\/\/mecatek.eu\/de\/wp-json\/wp\/v2\/product"}],"about":[{"href":"https:\/\/mecatek.eu\/de\/wp-json\/wp\/v2\/types\/product"}],"replies":[{"embeddable":true,"href":"https:\/\/mecatek.eu\/de\/wp-json\/wp\/v2\/comments?post=1255"}],"version-history":[{"count":14,"href":"https:\/\/mecatek.eu\/de\/wp-json\/wp\/v2\/product\/1255\/revisions"}],"predecessor-version":[{"id":2265,"href":"https:\/\/mecatek.eu\/de\/wp-json\/wp\/v2\/product\/1255\/revisions\/2265"}],"wp:featuredmedia":[{"embeddable":true,"href":"https:\/\/mecatek.eu\/de\/wp-json\/wp\/v2\/media\/2240"}],"wp:attachment":[{"href":"https:\/\/mecatek.eu\/de\/wp-json\/wp\/v2\/media?parent=1255"}],"wp:term":[{"taxonomy":"product_brand","embeddable":true,"href":"https:\/\/mecatek.eu\/de\/wp-json\/wp\/v2\/product_brand?post=1255"},{"taxonomy":"product_cat","embeddable":true,"href":"https:\/\/mecatek.eu\/de\/wp-json\/wp\/v2\/product_cat?post=1255"},{"taxonomy":"product_tag","embeddable":true,"href":"https:\/\/mecatek.eu\/de\/wp-json\/wp\/v2\/product_tag?post=1255"}],"curies":[{"name":"wp","href":"https:\/\/api.w.org\/{rel}","templated":true}]}}