{"id":1080,"date":"2025-11-08T18:46:18","date_gmt":"2025-11-08T17:46:18","guid":{"rendered":"https:\/\/mecatek.eu\/?post_type=product&#038;p=1080"},"modified":"2026-01-26T17:59:12","modified_gmt":"2026-01-26T16:59:12","slug":"fahrradtrager-auf-kugel-dattelage-p-line","status":"publish","type":"product","link":"https:\/\/mecatek.eu\/de\/produkt\/fahrradtrager-auf-kugel-dattelage-p-line\/","title":{"rendered":"Fahrradtr\u00e4ger auf der P-Line-Kugelkupplung"},"content":{"rendered":"<div data-elementor-type=\"product-post\" data-elementor-id=\"1080\" class=\"elementor elementor-1080\" data-elementor-post-type=\"product\">\n\t\t\t\t<div class=\"elementor-element elementor-element-27da737c e-flex e-con-boxed e-con e-parent\" data-id=\"27da737c\" data-element_type=\"container\" data-e-type=\"container\">\n\t\t\t\t\t<div class=\"e-con-inner\">\n\t\t<div class=\"elementor-element elementor-element-88bc953 e-con-full e-flex e-con e-child\" data-id=\"88bc953\" data-element_type=\"container\" data-e-type=\"container\">\n\t\t<div class=\"elementor-element elementor-element-fbdff43 e-con-full e-flex e-con e-child\" data-id=\"fbdff43\" data-element_type=\"container\" data-e-type=\"container\">\n\t\t\t\t<div class=\"elementor-element elementor-element-dc0b695 elementor-widget elementor-widget-text-editor\" data-id=\"dc0b695\" data-element_type=\"widget\" data-e-type=\"widget\" data-widget_type=\"text-editor.default\">\n\t\t\t\t\t\t\t\t\t<h2>Fahrradtr\u00e4ger auf der Kugel der Anh\u00e4ngerkupplung <span style=\"color: #0079b3;\">P-Line<\/span><\/h2>\t\t\t\t\t\t\t\t<\/div>\n\t\t\t\t<div class=\"elementor-element elementor-element-57ef16e elementor-widget elementor-widget-text-editor\" data-id=\"57ef16e\" data-element_type=\"widget\" data-e-type=\"widget\" data-widget_type=\"text-editor.default\">\n\t\t\t\t\t\t\t\t\t<p class=\"my-2 [&amp;+p]:mt-4 [&amp;_strong:has(+br)]:inline-block [&amp;_strong:has(+br)]:pb-2\">Die\u00a0<strong>Fahrradtr\u00e4ger P-Line<\/strong>\u00a0der Reihe\u00a0<strong>COMPACT-BIKE<\/strong>\u00a0ist f\u00fcr eine schnelle und sichere Installation auf der\u00a0<strong>Kupplungskugel<\/strong>\u00a0Ihres Autos, Vans oder Wohnmobils. Robust und funktional, erm\u00f6glicht er den Transport von\u00a0<strong>2 Fahrr\u00e4der<\/strong>\u00a0(Standard oder elektrisch) f\u00fcr eine maximale Belastung von\u00a0<strong>60 kg<\/strong>, und wiegt dabei nur\u00a0<strong>17 kg<\/strong>.<\/p><p class=\"my-2 [&amp;+p]:mt-4 [&amp;_strong:has(+br)]:inline-block [&amp;_strong:has(+br)]:pb-2\">Das Modell P-Line ist\u00a0<strong>neigbar<\/strong>, Der Kofferraum ist leicht zug\u00e4nglich, ohne dass die Fahrr\u00e4der abmontiert werden m\u00fcssen. Er verf\u00fcgt \u00fcber einen\u00a0<strong>verschlie\u00dfbare Schnellkupplung<\/strong>\u00a0f\u00fcr eine stabile und sichere Befestigung sowie von\u00a0<strong>verschlie\u00dfbare Rahmenklemmen<\/strong>\u00a0mit\u00a0<strong>Spanngurte<\/strong>\u00a0f\u00fcr einen optimalen Schutz der Rahmen.<\/p><p class=\"my-2 [&amp;+p]:mt-4 [&amp;_strong:has(+br)]:inline-block [&amp;_strong:has(+br)]:pb-2\">Seine\u00a0<strong>23 cm Abstand<\/strong>\u00a0zwischen den Fahrr\u00e4dern und eine Nutzl\u00e4nge f\u00fcr Fahrr\u00e4der bis zu\u00a0<strong>135 cm Radstand<\/strong>\u00a0beg\u00fcnstigen die Kompatibilit\u00e4t mit einer Vielzahl von Modellen, insbesondere mit Elektrofahrr\u00e4dern. Der P-Line verf\u00fcgt \u00fcber eine\u00a0<strong>7\/13-poliger Kombistecker<\/strong>,\u00a0<strong>in Europa zugelassen<\/strong>, und kann optional mit einem\u00a0<strong>Aufstiegsrampe<\/strong>\u00a0zum leichteren Einladen.<\/p><p class=\"my-2 [&amp;+p]:mt-4 [&amp;_strong:has(+br)]:inline-block [&amp;_strong:has(+br)]:pb-2\">Sie ist kompakt und faltbar und l\u00e4sst sich bei Nichtgebrauch leicht verstauen, w\u00e4hrend sie das Man\u00f6vrieren des Fahrzeugs erleichtert.<\/p>\t\t\t\t\t\t\t\t<\/div>\n\t\t\t\t<\/div>\n\t\t<div class=\"elementor-element elementor-element-2388a75 e-con-full e-flex e-con e-child\" data-id=\"2388a75\" data-element_type=\"container\" data-e-type=\"container\" data-settings=\"{&quot;background_background&quot;:&quot;classic&quot;}\">\n\t\t\t\t<div class=\"elementor-element elementor-element-1f3978d elementor-widget elementor-widget-image\" data-id=\"1f3978d\" data-element_type=\"widget\" data-e-type=\"widget\" data-widget_type=\"image.default\">\n\t\t\t\t\t\t\t\t\t\t\t\t\t\t\t<img fetchpriority=\"high\" decoding=\"async\" width=\"400\" height=\"200\" src=\"https:\/\/mecatek.eu\/wp-content\/uploads\/2025\/11\/Logo-porte-velos.png\" class=\"attachment-full size-full wp-image-1068\" alt=\"\" \/>\t\t\t\t\t\t\t\t\t\t\t\t\t\t\t<\/div>\n\t\t\t\t<div class=\"elementor-element elementor-element-5e64b6c elementor-widget elementor-widget-text-editor\" data-id=\"5e64b6c\" data-element_type=\"widget\" data-e-type=\"widget\" data-widget_type=\"text-editor.default\">\n\t\t\t\t\t\t\t\t\t<p><strong>Technische Daten :<\/strong><\/p><ul><li>Geeignet f\u00fcr 2 herk\u00f6mmliche Fahrr\u00e4der oder Elektrofahrr\u00e4der (Gewicht 60 kg)<\/li><li>Option 1 Fahrradschiene + zus\u00e4tzliche Arme<\/li><li>Neigbar<\/li><li>Ausgestattet mit einer verschlie\u00dfbaren Schnellkupplung<\/li><li>Abschlie\u00dfbare Rahmenklemmen mit Spanngurten<\/li><li>7\/13-poliger Kombistecker<\/li><li>Europ\u00e4ische Zulassung<\/li><li>Optionale Aufstiegsrampe<\/li><li>Gewicht: 17 kg<\/li><li>Abstand zwischen den Fahrr\u00e4dern: 23 cm<\/li><li>Fahrrad mit maximalem Radstand: 135 cm<\/li><\/ul>\t\t\t\t\t\t\t\t<\/div>\n\t\t\t\t<\/div>\n\t\t\t\t<\/div>\n\t\t\t\t\t<\/div>\n\t\t\t\t<\/div>\n\t\t\t\t<\/div>","protected":false},"excerpt":{"rendered":"<p>Der Fahrradtr\u00e4ger auf der Kugelkopfkupplung <strong>P-Line<\/strong>\u00a0der Reihe\u00a0<strong>COMPACT-BIKE<\/strong>\u00a0ist die ideale L\u00f6sung f\u00fcr den Transport Ihrer Fahrr\u00e4der, egal ob es sich um klassische oder elektrische Fahrr\u00e4der handelt. Er ist einfach auf der Kugel der Anh\u00e4ngerkupplung zu montieren und vereint Stabilit\u00e4t, Sicherheit und Platzersparnis dank seiner\u00a0<strong>Klappsystem<\/strong>. Perfekt f\u00fcr sportliche Eskapaden wie auch f\u00fcr Familienausfl\u00fcge!<\/p>","protected":false},"featured_media":1081,"comment_status":"closed","ping_status":"closed","template":"","meta":[],"product_brand":[],"product_cat":[30,57],"product_tag":[],"class_list":{"0":"post-1080","1":"product","2":"type-product","3":"status-publish","4":"has-post-thumbnail","6":"product_cat-porte-velos-camping-car","7":"product_cat-porte-velos-fourgon","9":"first","10":"instock","11":"shipping-taxable","12":"product-type-simple"},"yoast_head":"<!-- This site is optimized with the Yoast SEO plugin v26.9 - https:\/\/yoast.com\/product\/yoast-seo-wordpress\/ -->\n<title>Porte-v\u00e9los sur boule d&#039;attelage P-Line - Mecatek (ex-Sawiko France)<\/title>\n<meta name=\"description\" content=\"D\u00e9couvrez le porte-v\u00e9los sur boule d&#039;attelage P-Line, id\u00e9ale pour camping-cars et fourgons, pour transporter 2 v\u00e9los en toute s\u00e9curit\u00e9.\" \/>\n<meta name=\"robots\" content=\"index, follow, max-snippet:-1, max-image-preview:large, max-video-preview:-1\" \/>\n<link rel=\"canonical\" href=\"https:\/\/mecatek.eu\/de\/produkt\/fahrradtrager-auf-kugel-dattelage-p-line\/\" \/>\n<meta property=\"og:locale\" content=\"de_DE\" \/>\n<meta property=\"og:type\" content=\"article\" \/>\n<meta property=\"og:title\" content=\"Porte-v\u00e9los sur boule d&#039;attelage P-Line - Mecatek (ex-Sawiko France)\" \/>\n<meta property=\"og:description\" content=\"D\u00e9couvrez le porte-v\u00e9los sur boule d&#039;attelage P-Line, id\u00e9ale pour camping-cars et fourgons, pour transporter 2 v\u00e9los en toute s\u00e9curit\u00e9.\" \/>\n<meta property=\"og:url\" content=\"https:\/\/mecatek.eu\/de\/produkt\/fahrradtrager-auf-kugel-dattelage-p-line\/\" \/>\n<meta property=\"og:site_name\" content=\"Mecatek (ex-Sawiko France)\" \/>\n<meta property=\"article:modified_time\" content=\"2026-01-26T16:59:12+00:00\" \/>\n<meta property=\"og:image\" content=\"http:\/\/mecatek.eu\/wp-content\/uploads\/2025\/12\/porte-velos-sur-boule-d-attelage-p-line-1.jpg\" \/>\n\t<meta property=\"og:image:width\" content=\"800\" \/>\n\t<meta property=\"og:image:height\" content=\"800\" \/>\n\t<meta property=\"og:image:type\" content=\"image\/jpeg\" \/>\n<meta name=\"twitter:card\" content=\"summary_large_image\" \/>\n<meta name=\"twitter:label1\" content=\"Gesch\u00e4tzte Lesezeit\" \/>\n\t<meta name=\"twitter:data1\" content=\"2\u00a0Minuten\" \/>\n<script type=\"application\/ld+json\" class=\"yoast-schema-graph\">{\"@context\":\"https:\/\/schema.org\",\"@graph\":[{\"@type\":\"WebPage\",\"@id\":\"https:\/\/mecatek.eu\/produit\/porte-velos-sur-boule-dattelage-p-line\/\",\"url\":\"https:\/\/mecatek.eu\/produit\/porte-velos-sur-boule-dattelage-p-line\/\",\"name\":\"Porte-v\u00e9los sur boule d'attelage P-Line - Mecatek (ex-Sawiko France)\",\"isPartOf\":{\"@id\":\"https:\/\/mecatek.eu\/#website\"},\"primaryImageOfPage\":{\"@id\":\"https:\/\/mecatek.eu\/produit\/porte-velos-sur-boule-dattelage-p-line\/#primaryimage\"},\"image\":{\"@id\":\"https:\/\/mecatek.eu\/produit\/porte-velos-sur-boule-dattelage-p-line\/#primaryimage\"},\"thumbnailUrl\":\"https:\/\/mecatek.eu\/wp-content\/uploads\/2025\/12\/porte-velos-sur-boule-d-attelage-p-line-1.jpg\",\"datePublished\":\"2025-11-08T17:46:18+00:00\",\"dateModified\":\"2026-01-26T16:59:12+00:00\",\"description\":\"D\u00e9couvrez le porte-v\u00e9los sur boule d'attelage P-Line, id\u00e9ale pour camping-cars et fourgons, pour transporter 2 v\u00e9los en toute s\u00e9curit\u00e9.\",\"breadcrumb\":{\"@id\":\"https:\/\/mecatek.eu\/produit\/porte-velos-sur-boule-dattelage-p-line\/#breadcrumb\"},\"inLanguage\":\"de\",\"potentialAction\":[{\"@type\":\"ReadAction\",\"target\":[\"https:\/\/mecatek.eu\/produit\/porte-velos-sur-boule-dattelage-p-line\/\"]}]},{\"@type\":\"ImageObject\",\"inLanguage\":\"de\",\"@id\":\"https:\/\/mecatek.eu\/produit\/porte-velos-sur-boule-dattelage-p-line\/#primaryimage\",\"url\":\"https:\/\/mecatek.eu\/wp-content\/uploads\/2025\/12\/porte-velos-sur-boule-d-attelage-p-line-1.jpg\",\"contentUrl\":\"https:\/\/mecatek.eu\/wp-content\/uploads\/2025\/12\/porte-velos-sur-boule-d-attelage-p-line-1.jpg\",\"width\":800,\"height\":800,\"caption\":\"Porte-v\u00e9los sur boule d'attelage P-Line\"},{\"@type\":\"BreadcrumbList\",\"@id\":\"https:\/\/mecatek.eu\/produit\/porte-velos-sur-boule-dattelage-p-line\/#breadcrumb\",\"itemListElement\":[{\"@type\":\"ListItem\",\"position\":1,\"name\":\"Accueil\",\"item\":\"https:\/\/mecatek.eu\/\"},{\"@type\":\"ListItem\",\"position\":2,\"name\":\"Catalogue\",\"item\":\"https:\/\/mecatek.eu\/catalogue\/\"},{\"@type\":\"ListItem\",\"position\":3,\"name\":\"Porte-v\u00e9los sur boule d&rsquo;attelage P-Line\"}]},{\"@type\":\"WebSite\",\"@id\":\"https:\/\/mecatek.eu\/#website\",\"url\":\"https:\/\/mecatek.eu\/\",\"name\":\"Mecatek (ex-Sawiko France)\",\"description\":\"Fabricant d&#039;attelages pour camping-car et fourgon - Mecatek\",\"publisher\":{\"@id\":\"https:\/\/mecatek.eu\/#organization\"},\"potentialAction\":[{\"@type\":\"SearchAction\",\"target\":{\"@type\":\"EntryPoint\",\"urlTemplate\":\"https:\/\/mecatek.eu\/?s={search_term_string}\"},\"query-input\":{\"@type\":\"PropertyValueSpecification\",\"valueRequired\":true,\"valueName\":\"search_term_string\"}}],\"inLanguage\":\"de\"},{\"@type\":\"Organization\",\"@id\":\"https:\/\/mecatek.eu\/#organization\",\"name\":\"Mecatek (ex-Sawiko France)\",\"url\":\"https:\/\/mecatek.eu\/\",\"logo\":{\"@type\":\"ImageObject\",\"inLanguage\":\"de\",\"@id\":\"https:\/\/mecatek.eu\/#\/schema\/logo\/image\/\",\"url\":\"http:\/\/mecatek.eu\/wp-content\/uploads\/2026\/01\/Logo-Mecatek-Solutions-techniques-2025-300px.png\",\"contentUrl\":\"http:\/\/mecatek.eu\/wp-content\/uploads\/2026\/01\/Logo-Mecatek-Solutions-techniques-2025-300px.png\",\"width\":400,\"height\":94,\"caption\":\"Mecatek (ex-Sawiko France)\"},\"image\":{\"@id\":\"https:\/\/mecatek.eu\/#\/schema\/logo\/image\/\"}}]}<\/script>\n<!-- \/ Yoast SEO plugin. -->","yoast_head_json":{"title":"Fahrradtr\u00e4ger auf Kugelkopfkupplung P-Line - Mecatek (ehemals Sawiko Deutschland)","description":"Entdecken Sie den Fahrradtr\u00e4ger auf der P-Line-Kugelkupplung, ideal f\u00fcr Wohnmobile und Vans, um 2 Fahrr\u00e4der sicher zu transportieren.","robots":{"index":"index","follow":"follow","max-snippet":"max-snippet:-1","max-image-preview":"max-image-preview:large","max-video-preview":"max-video-preview:-1"},"canonical":"https:\/\/mecatek.eu\/de\/produkt\/fahrradtrager-auf-kugel-dattelage-p-line\/","og_locale":"de_DE","og_type":"article","og_title":"Porte-v\u00e9los sur boule d'attelage P-Line - Mecatek (ex-Sawiko France)","og_description":"D\u00e9couvrez le porte-v\u00e9los sur boule d'attelage P-Line, id\u00e9ale pour camping-cars et fourgons, pour transporter 2 v\u00e9los en toute s\u00e9curit\u00e9.","og_url":"https:\/\/mecatek.eu\/de\/produkt\/fahrradtrager-auf-kugel-dattelage-p-line\/","og_site_name":"Mecatek (ex-Sawiko France)","article_modified_time":"2026-01-26T16:59:12+00:00","og_image":[{"width":800,"height":800,"url":"http:\/\/mecatek.eu\/wp-content\/uploads\/2025\/12\/porte-velos-sur-boule-d-attelage-p-line-1.jpg","type":"image\/jpeg"}],"twitter_card":"summary_large_image","twitter_misc":{"Gesch\u00e4tzte Lesezeit":"2\u00a0Minuten"},"schema":{"@context":"https:\/\/schema.org","@graph":[{"@type":"WebPage","@id":"https:\/\/mecatek.eu\/produit\/porte-velos-sur-boule-dattelage-p-line\/","url":"https:\/\/mecatek.eu\/produit\/porte-velos-sur-boule-dattelage-p-line\/","name":"Fahrradtr\u00e4ger auf Kugelkopfkupplung P-Line - Mecatek (ehemals Sawiko Deutschland)","isPartOf":{"@id":"https:\/\/mecatek.eu\/#website"},"primaryImageOfPage":{"@id":"https:\/\/mecatek.eu\/produit\/porte-velos-sur-boule-dattelage-p-line\/#primaryimage"},"image":{"@id":"https:\/\/mecatek.eu\/produit\/porte-velos-sur-boule-dattelage-p-line\/#primaryimage"},"thumbnailUrl":"https:\/\/mecatek.eu\/wp-content\/uploads\/2025\/12\/porte-velos-sur-boule-d-attelage-p-line-1.jpg","datePublished":"2025-11-08T17:46:18+00:00","dateModified":"2026-01-26T16:59:12+00:00","description":"Entdecken Sie den Fahrradtr\u00e4ger auf der P-Line-Kugelkupplung, ideal f\u00fcr Wohnmobile und Vans, um 2 Fahrr\u00e4der sicher zu transportieren.","breadcrumb":{"@id":"https:\/\/mecatek.eu\/produit\/porte-velos-sur-boule-dattelage-p-line\/#breadcrumb"},"inLanguage":"de","potentialAction":[{"@type":"ReadAction","target":["https:\/\/mecatek.eu\/produit\/porte-velos-sur-boule-dattelage-p-line\/"]}]},{"@type":"ImageObject","inLanguage":"de","@id":"https:\/\/mecatek.eu\/produit\/porte-velos-sur-boule-dattelage-p-line\/#primaryimage","url":"https:\/\/mecatek.eu\/wp-content\/uploads\/2025\/12\/porte-velos-sur-boule-d-attelage-p-line-1.jpg","contentUrl":"https:\/\/mecatek.eu\/wp-content\/uploads\/2025\/12\/porte-velos-sur-boule-d-attelage-p-line-1.jpg","width":800,"height":800,"caption":"Porte-v\u00e9los sur boule d'attelage P-Line"},{"@type":"BreadcrumbList","@id":"https:\/\/mecatek.eu\/produit\/porte-velos-sur-boule-dattelage-p-line\/#breadcrumb","itemListElement":[{"@type":"ListItem","position":1,"name":"Accueil","item":"https:\/\/mecatek.eu\/"},{"@type":"ListItem","position":2,"name":"Catalogue","item":"https:\/\/mecatek.eu\/catalogue\/"},{"@type":"ListItem","position":3,"name":"Porte-v\u00e9los sur boule d&rsquo;attelage P-Line"}]},{"@type":"WebSite","@id":"https:\/\/mecatek.eu\/#website","url":"https:\/\/mecatek.eu\/","name":"Mecatek (ehemals Sawiko Frankreich)","description":"Hersteller von Anh\u00e4ngerkupplungen f\u00fcr Wohnmobile und Lieferwagen - Mecatek","publisher":{"@id":"https:\/\/mecatek.eu\/#organization"},"potentialAction":[{"@type":"SearchAction","target":{"@type":"EntryPoint","urlTemplate":"https:\/\/mecatek.eu\/?s={search_term_string}"},"query-input":{"@type":"PropertyValueSpecification","valueRequired":true,"valueName":"search_term_string"}}],"inLanguage":"de"},{"@type":"Organization","@id":"https:\/\/mecatek.eu\/#organization","name":"Mecatek (ehemals Sawiko Frankreich)","url":"https:\/\/mecatek.eu\/","logo":{"@type":"ImageObject","inLanguage":"de","@id":"https:\/\/mecatek.eu\/#\/schema\/logo\/image\/","url":"http:\/\/mecatek.eu\/wp-content\/uploads\/2026\/01\/Logo-Mecatek-Solutions-techniques-2025-300px.png","contentUrl":"http:\/\/mecatek.eu\/wp-content\/uploads\/2026\/01\/Logo-Mecatek-Solutions-techniques-2025-300px.png","width":400,"height":94,"caption":"Mecatek (ex-Sawiko France)"},"image":{"@id":"https:\/\/mecatek.eu\/#\/schema\/logo\/image\/"}}]}},"_links":{"self":[{"href":"https:\/\/mecatek.eu\/de\/wp-json\/wp\/v2\/product\/1080","targetHints":{"allow":["GET"]}}],"collection":[{"href":"https:\/\/mecatek.eu\/de\/wp-json\/wp\/v2\/product"}],"about":[{"href":"https:\/\/mecatek.eu\/de\/wp-json\/wp\/v2\/types\/product"}],"replies":[{"embeddable":true,"href":"https:\/\/mecatek.eu\/de\/wp-json\/wp\/v2\/comments?post=1080"}],"version-history":[{"count":5,"href":"https:\/\/mecatek.eu\/de\/wp-json\/wp\/v2\/product\/1080\/revisions"}],"predecessor-version":[{"id":2566,"href":"https:\/\/mecatek.eu\/de\/wp-json\/wp\/v2\/product\/1080\/revisions\/2566"}],"wp:featuredmedia":[{"embeddable":true,"href":"https:\/\/mecatek.eu\/de\/wp-json\/wp\/v2\/media\/1081"}],"wp:attachment":[{"href":"https:\/\/mecatek.eu\/de\/wp-json\/wp\/v2\/media?parent=1080"}],"wp:term":[{"taxonomy":"product_brand","embeddable":true,"href":"https:\/\/mecatek.eu\/de\/wp-json\/wp\/v2\/product_brand?post=1080"},{"taxonomy":"product_cat","embeddable":true,"href":"https:\/\/mecatek.eu\/de\/wp-json\/wp\/v2\/product_cat?post=1080"},{"taxonomy":"product_tag","embeddable":true,"href":"https:\/\/mecatek.eu\/de\/wp-json\/wp\/v2\/product_tag?post=1080"}],"curies":[{"name":"wp","href":"https:\/\/api.w.org\/{rel}","templated":true}]}}