{"id":1058,"date":"2025-11-08T18:06:24","date_gmt":"2025-11-08T17:06:24","guid":{"rendered":"https:\/\/mecatek.eu\/?post_type=product&#038;p=1058"},"modified":"2026-01-27T10:24:15","modified_gmt":"2026-01-27T09:24:15","slug":"fahrradtrager-auf-kugel-dattelage-st-line","status":"publish","type":"product","link":"https:\/\/mecatek.eu\/de\/produkt\/fahrradtrager-auf-kugel-dattelage-st-line\/","title":{"rendered":"Fahrradtr\u00e4ger auf der Kugel der Anh\u00e4ngerkupplung ST-Line"},"content":{"rendered":"<div data-elementor-type=\"product-post\" data-elementor-id=\"1058\" class=\"elementor elementor-1058\" data-elementor-post-type=\"product\">\n\t\t\t\t<div class=\"elementor-element elementor-element-607ea189 e-flex e-con-boxed e-con e-parent\" data-id=\"607ea189\" data-element_type=\"container\" data-e-type=\"container\">\n\t\t\t\t\t<div class=\"e-con-inner\">\n\t\t<div class=\"elementor-element elementor-element-66db0bf e-con-full e-flex e-con e-child\" data-id=\"66db0bf\" data-element_type=\"container\" data-e-type=\"container\">\n\t\t<div class=\"elementor-element elementor-element-224fe5a e-con-full e-flex e-con e-child\" data-id=\"224fe5a\" data-element_type=\"container\" data-e-type=\"container\">\n\t\t\t\t<div class=\"elementor-element elementor-element-a5f399c elementor-widget elementor-widget-text-editor\" data-id=\"a5f399c\" data-element_type=\"widget\" data-e-type=\"widget\" data-widget_type=\"text-editor.default\">\n\t\t\t\t\t\t\t\t\t<h2>Fahrradtr\u00e4ger auf der Kugel der Anh\u00e4ngerkupplung <span style=\"color: #0079b3;\">ST-Line<\/span><\/h2>\t\t\t\t\t\t\t\t<\/div>\n\t\t\t\t<div class=\"elementor-element elementor-element-bec5947 elementor-widget elementor-widget-text-editor\" data-id=\"bec5947\" data-element_type=\"widget\" data-e-type=\"widget\" data-widget_type=\"text-editor.default\">\n\t\t\t\t\t\t\t\t\t<p>Die\u00a0<strong>Fahrradtr\u00e4ger ST-Line<\/strong>\u00a0der Reihe\u00a0<strong>COMPACT-BIKE<\/strong>\u00a0wird direkt auf der\u00a0<strong>Kupplungskugel<\/strong>\u00a0Ihres Autos, Lieferwagens oder Wohnmobils ist er perfekt f\u00fcr den Transport Ihrer Elektrofahrr\u00e4der.<\/p><p class=\"my-2 [&amp;+p]:mt-4 [&amp;_strong:has(+br)]:inline-block [&amp;_strong:has(+br)]:pb-2\">Der Fahrradtr\u00e4ger ST-Line aus der COMPACT-BIKE-Reihe wurde entwickelt, um den Anforderungen der Benutzer von Elektrofahrr\u00e4dern gerecht zu werden. Er kann direkt auf der Kugel der Anh\u00e4ngerkupplung jedes Fahrzeugs - Pkw, Lieferwagen oder Wohnmobil - montiert werden. Seine robuste Konstruktion erm\u00f6glicht den Transport von 2 Elektrofahrr\u00e4dern mit einer maximalen Zuladung von 60 kg, wobei das Eigengewicht um 18 kg reduziert wird.<\/p><p class=\"my-2 [&amp;+p]:mt-4 [&amp;_strong:has(+br)]:inline-block [&amp;_strong:has(+br)]:pb-2\">Dieses Modell ist neigbar, um den Zugang zum Kofferraum zu erleichtern, und mit einer abschlie\u00dfbaren Schnellkupplung ausgestattet, die eine sichere Befestigung gew\u00e4hrleistet. Die abschlie\u00dfbaren Rahmenklemmen sorgen daf\u00fcr, dass jedes Fahrrad auch auf unebenen Stra\u00dfen stabil bleibt. Das Set ist mit einem 7\/13-poligen Kombistecker kompatibel und verf\u00fcgt \u00fcber eine europ\u00e4ische Zulassung.<\/p><p class=\"my-2 [&amp;+p]:mt-4 [&amp;_strong:has(+br)]:inline-block [&amp;_strong:has(+br)]:pb-2\">Schlichtes, elegantes Design mit schwarzem Finish. Der ST-Line bietet einen Abstand von 19 cm zwischen den Fahrr\u00e4dern und nimmt Fahrr\u00e4der mit einem maximalen Radstand von 125 cm auf. Optional kann eine Auffahrrampe hinzugef\u00fcgt werden, um das Beladen zu erleichtern.<\/p>\t\t\t\t\t\t\t\t<\/div>\n\t\t\t\t<\/div>\n\t\t<div class=\"elementor-element elementor-element-d73d0d9 e-con-full e-flex e-con e-child\" data-id=\"d73d0d9\" data-element_type=\"container\" data-e-type=\"container\" data-settings=\"{&quot;background_background&quot;:&quot;classic&quot;}\">\n\t\t\t\t<div class=\"elementor-element elementor-element-76af623 elementor-widget elementor-widget-image\" data-id=\"76af623\" data-element_type=\"widget\" data-e-type=\"widget\" data-widget_type=\"image.default\">\n\t\t\t\t\t\t\t\t\t\t\t\t\t\t\t<img fetchpriority=\"high\" decoding=\"async\" width=\"400\" height=\"200\" src=\"https:\/\/mecatek.eu\/wp-content\/uploads\/2025\/11\/Logo-porte-velos.png\" class=\"attachment-full size-full wp-image-1068\" alt=\"\" \/>\t\t\t\t\t\t\t\t\t\t\t\t\t\t\t<\/div>\n\t\t\t\t<div class=\"elementor-element elementor-element-3a664d3 elementor-widget elementor-widget-text-editor\" data-id=\"3a664d3\" data-element_type=\"widget\" data-e-type=\"widget\" data-widget_type=\"text-editor.default\">\n\t\t\t\t\t\t\t\t\t<p><strong>Technische Daten :<\/strong><\/p><ul><li>Geeignet f\u00fcr 2 Standard- oder Elektrofahrr\u00e4der (Gewicht 60 kg)<\/li><li>Neigbar<\/li><li>Ausgestattet mit einer verschlie\u00dfbaren Schnellkupplung<\/li><li>Verriegelbare Rahmenklemmen<\/li><li>7\/13-poliger Kombistecker<\/li><li>Europ\u00e4ische Zulassung<\/li><li>Optionale Aufstiegsrampe<\/li><li>Gewicht: 18 kg<\/li><li>Abstand zwischen den Fahrr\u00e4dern: 19 cm<\/li><li>Fahrrad mit maximalem Radstand: 125 cm<\/li><\/ul>\t\t\t\t\t\t\t\t<\/div>\n\t\t\t\t<\/div>\n\t\t\t\t<\/div>\n\t\t\t\t\t<\/div>\n\t\t\t\t<\/div>\n\t\t\t\t<\/div>","protected":false},"excerpt":{"rendered":"<p>Transportieren Sie Ihre Fahrr\u00e4der ganz einfach mit dem\u00a0<strong>Fahrradtr\u00e4ger ST-Line<\/strong>\u00a0der Reihe\u00a0<strong>COMPACT-BIKE<\/strong>. Einfach auf der Kugel der Anh\u00e4ngerkupplung zu montieren, bietet es eine vorbildliche Stabilit\u00e4t und tr\u00e4gt m\u00fchelos\u00a0<strong>bis zu zwei Elektrofahrr\u00e4der<\/strong>. Sein elegantes schwarzes Design mit gelben Details vereint Stil und Funktionalit\u00e4t. Er ist neigbar, abschlie\u00dfbar und in Europa zugelassen und verwandelt jede Fahrt in einen Ausflug.<\/p>","protected":false},"featured_media":1059,"comment_status":"closed","ping_status":"closed","template":"","meta":[],"product_brand":[],"product_cat":[30,57],"product_tag":[],"class_list":{"0":"post-1058","1":"product","2":"type-product","3":"status-publish","4":"has-post-thumbnail","6":"product_cat-porte-velos-camping-car","7":"product_cat-porte-velos-fourgon","9":"first","10":"instock","11":"shipping-taxable","12":"product-type-simple"},"yoast_head":"<!-- This site is optimized with the Yoast SEO plugin v26.9 - https:\/\/yoast.com\/product\/yoast-seo-wordpress\/ -->\n<title>Porte-v\u00e9los sur boule d&#039;attelage ST-Line - Mecatek (ex-Sawiko France)<\/title>\n<meta name=\"description\" content=\"Le porte-v\u00e9los ST-Line s&#039;installe directement sur la boule d&#039;attelage de votre voiture, fourgon ou camping-car, il est parfait pour transporter 2 v\u00e9los \u00e9lectriques\" \/>\n<meta name=\"robots\" content=\"index, follow, max-snippet:-1, max-image-preview:large, max-video-preview:-1\" \/>\n<link rel=\"canonical\" href=\"https:\/\/mecatek.eu\/de\/produkt\/fahrradtrager-auf-kugel-dattelage-st-line\/\" \/>\n<meta property=\"og:locale\" content=\"de_DE\" \/>\n<meta property=\"og:type\" content=\"article\" \/>\n<meta property=\"og:title\" content=\"Porte-v\u00e9los sur boule d&#039;attelage ST-Line - Mecatek (ex-Sawiko France)\" \/>\n<meta property=\"og:description\" content=\"Le porte-v\u00e9los ST-Line s&#039;installe directement sur la boule d&#039;attelage de votre voiture, fourgon ou camping-car, il est parfait pour transporter 2 v\u00e9los \u00e9lectriques\" \/>\n<meta property=\"og:url\" content=\"https:\/\/mecatek.eu\/de\/produkt\/fahrradtrager-auf-kugel-dattelage-st-line\/\" \/>\n<meta property=\"og:site_name\" content=\"Mecatek (ex-Sawiko France)\" \/>\n<meta property=\"article:modified_time\" content=\"2026-01-27T09:24:15+00:00\" \/>\n<meta property=\"og:image\" content=\"http:\/\/mecatek.eu\/wp-content\/uploads\/2025\/12\/st-line-1.jpg\" \/>\n\t<meta property=\"og:image:width\" content=\"800\" \/>\n\t<meta property=\"og:image:height\" content=\"800\" \/>\n\t<meta property=\"og:image:type\" content=\"image\/jpeg\" \/>\n<meta name=\"twitter:card\" content=\"summary_large_image\" \/>\n<meta name=\"twitter:label1\" content=\"Gesch\u00e4tzte Lesezeit\" \/>\n\t<meta name=\"twitter:data1\" content=\"2\u00a0Minuten\" \/>\n<script type=\"application\/ld+json\" class=\"yoast-schema-graph\">{\"@context\":\"https:\/\/schema.org\",\"@graph\":[{\"@type\":\"WebPage\",\"@id\":\"https:\/\/mecatek.eu\/produit\/porte-velos-sur-boule-dattelage-st-line\/\",\"url\":\"https:\/\/mecatek.eu\/produit\/porte-velos-sur-boule-dattelage-st-line\/\",\"name\":\"Porte-v\u00e9los sur boule d'attelage ST-Line - Mecatek (ex-Sawiko France)\",\"isPartOf\":{\"@id\":\"https:\/\/mecatek.eu\/#website\"},\"primaryImageOfPage\":{\"@id\":\"https:\/\/mecatek.eu\/produit\/porte-velos-sur-boule-dattelage-st-line\/#primaryimage\"},\"image\":{\"@id\":\"https:\/\/mecatek.eu\/produit\/porte-velos-sur-boule-dattelage-st-line\/#primaryimage\"},\"thumbnailUrl\":\"https:\/\/mecatek.eu\/wp-content\/uploads\/2025\/12\/st-line-1.jpg\",\"datePublished\":\"2025-11-08T17:06:24+00:00\",\"dateModified\":\"2026-01-27T09:24:15+00:00\",\"description\":\"Le porte-v\u00e9los ST-Line s'installe directement sur la boule d'attelage de votre voiture, fourgon ou camping-car, il est parfait pour transporter 2 v\u00e9los \u00e9lectriques\",\"breadcrumb\":{\"@id\":\"https:\/\/mecatek.eu\/produit\/porte-velos-sur-boule-dattelage-st-line\/#breadcrumb\"},\"inLanguage\":\"de\",\"potentialAction\":[{\"@type\":\"ReadAction\",\"target\":[\"https:\/\/mecatek.eu\/produit\/porte-velos-sur-boule-dattelage-st-line\/\"]}]},{\"@type\":\"ImageObject\",\"inLanguage\":\"de\",\"@id\":\"https:\/\/mecatek.eu\/produit\/porte-velos-sur-boule-dattelage-st-line\/#primaryimage\",\"url\":\"https:\/\/mecatek.eu\/wp-content\/uploads\/2025\/12\/st-line-1.jpg\",\"contentUrl\":\"https:\/\/mecatek.eu\/wp-content\/uploads\/2025\/12\/st-line-1.jpg\",\"width\":800,\"height\":800,\"caption\":\"Porte-v\u00e9los sur boule d'attelage ST-Line\"},{\"@type\":\"BreadcrumbList\",\"@id\":\"https:\/\/mecatek.eu\/produit\/porte-velos-sur-boule-dattelage-st-line\/#breadcrumb\",\"itemListElement\":[{\"@type\":\"ListItem\",\"position\":1,\"name\":\"Accueil\",\"item\":\"https:\/\/mecatek.eu\/\"},{\"@type\":\"ListItem\",\"position\":2,\"name\":\"Catalogue\",\"item\":\"https:\/\/mecatek.eu\/catalogue\/\"},{\"@type\":\"ListItem\",\"position\":3,\"name\":\"Porte-v\u00e9los sur boule d&rsquo;attelage ST-Line\"}]},{\"@type\":\"WebSite\",\"@id\":\"https:\/\/mecatek.eu\/#website\",\"url\":\"https:\/\/mecatek.eu\/\",\"name\":\"Mecatek (ex-Sawiko France)\",\"description\":\"Fabricant d&#039;attelages pour camping-car et fourgon - Mecatek\",\"publisher\":{\"@id\":\"https:\/\/mecatek.eu\/#organization\"},\"potentialAction\":[{\"@type\":\"SearchAction\",\"target\":{\"@type\":\"EntryPoint\",\"urlTemplate\":\"https:\/\/mecatek.eu\/?s={search_term_string}\"},\"query-input\":{\"@type\":\"PropertyValueSpecification\",\"valueRequired\":true,\"valueName\":\"search_term_string\"}}],\"inLanguage\":\"de\"},{\"@type\":\"Organization\",\"@id\":\"https:\/\/mecatek.eu\/#organization\",\"name\":\"Mecatek (ex-Sawiko France)\",\"url\":\"https:\/\/mecatek.eu\/\",\"logo\":{\"@type\":\"ImageObject\",\"inLanguage\":\"de\",\"@id\":\"https:\/\/mecatek.eu\/#\/schema\/logo\/image\/\",\"url\":\"http:\/\/mecatek.eu\/wp-content\/uploads\/2026\/01\/Logo-Mecatek-Solutions-techniques-2025-300px.png\",\"contentUrl\":\"http:\/\/mecatek.eu\/wp-content\/uploads\/2026\/01\/Logo-Mecatek-Solutions-techniques-2025-300px.png\",\"width\":400,\"height\":94,\"caption\":\"Mecatek (ex-Sawiko France)\"},\"image\":{\"@id\":\"https:\/\/mecatek.eu\/#\/schema\/logo\/image\/\"}}]}<\/script>\n<!-- \/ Yoast SEO plugin. -->","yoast_head_json":{"title":"Fahrradtr\u00e4ger auf Kugelkopfkupplung ST-Line - Mecatek (ehemals Sawiko Deutschland)","description":"Der ST-Line Fahrradtr\u00e4ger wird direkt auf die Kugel der Anh\u00e4ngerkupplung Ihres Autos, Vans oder Wohnmobils montiert und eignet sich perfekt f\u00fcr den Transport von 2 Elektrofahrr\u00e4dern.","robots":{"index":"index","follow":"follow","max-snippet":"max-snippet:-1","max-image-preview":"max-image-preview:large","max-video-preview":"max-video-preview:-1"},"canonical":"https:\/\/mecatek.eu\/de\/produkt\/fahrradtrager-auf-kugel-dattelage-st-line\/","og_locale":"de_DE","og_type":"article","og_title":"Porte-v\u00e9los sur boule d'attelage ST-Line - Mecatek (ex-Sawiko France)","og_description":"Le porte-v\u00e9los ST-Line s'installe directement sur la boule d'attelage de votre voiture, fourgon ou camping-car, il est parfait pour transporter 2 v\u00e9los \u00e9lectriques","og_url":"https:\/\/mecatek.eu\/de\/produkt\/fahrradtrager-auf-kugel-dattelage-st-line\/","og_site_name":"Mecatek (ex-Sawiko France)","article_modified_time":"2026-01-27T09:24:15+00:00","og_image":[{"width":800,"height":800,"url":"http:\/\/mecatek.eu\/wp-content\/uploads\/2025\/12\/st-line-1.jpg","type":"image\/jpeg"}],"twitter_card":"summary_large_image","twitter_misc":{"Gesch\u00e4tzte Lesezeit":"2\u00a0Minuten"},"schema":{"@context":"https:\/\/schema.org","@graph":[{"@type":"WebPage","@id":"https:\/\/mecatek.eu\/produit\/porte-velos-sur-boule-dattelage-st-line\/","url":"https:\/\/mecatek.eu\/produit\/porte-velos-sur-boule-dattelage-st-line\/","name":"Fahrradtr\u00e4ger auf Kugelkopfkupplung ST-Line - Mecatek (ehemals Sawiko Deutschland)","isPartOf":{"@id":"https:\/\/mecatek.eu\/#website"},"primaryImageOfPage":{"@id":"https:\/\/mecatek.eu\/produit\/porte-velos-sur-boule-dattelage-st-line\/#primaryimage"},"image":{"@id":"https:\/\/mecatek.eu\/produit\/porte-velos-sur-boule-dattelage-st-line\/#primaryimage"},"thumbnailUrl":"https:\/\/mecatek.eu\/wp-content\/uploads\/2025\/12\/st-line-1.jpg","datePublished":"2025-11-08T17:06:24+00:00","dateModified":"2026-01-27T09:24:15+00:00","description":"Der ST-Line Fahrradtr\u00e4ger wird direkt auf die Kugel der Anh\u00e4ngerkupplung Ihres Autos, Vans oder Wohnmobils montiert und eignet sich perfekt f\u00fcr den Transport von 2 Elektrofahrr\u00e4dern.","breadcrumb":{"@id":"https:\/\/mecatek.eu\/produit\/porte-velos-sur-boule-dattelage-st-line\/#breadcrumb"},"inLanguage":"de","potentialAction":[{"@type":"ReadAction","target":["https:\/\/mecatek.eu\/produit\/porte-velos-sur-boule-dattelage-st-line\/"]}]},{"@type":"ImageObject","inLanguage":"de","@id":"https:\/\/mecatek.eu\/produit\/porte-velos-sur-boule-dattelage-st-line\/#primaryimage","url":"https:\/\/mecatek.eu\/wp-content\/uploads\/2025\/12\/st-line-1.jpg","contentUrl":"https:\/\/mecatek.eu\/wp-content\/uploads\/2025\/12\/st-line-1.jpg","width":800,"height":800,"caption":"Porte-v\u00e9los sur boule d'attelage ST-Line"},{"@type":"BreadcrumbList","@id":"https:\/\/mecatek.eu\/produit\/porte-velos-sur-boule-dattelage-st-line\/#breadcrumb","itemListElement":[{"@type":"ListItem","position":1,"name":"Accueil","item":"https:\/\/mecatek.eu\/"},{"@type":"ListItem","position":2,"name":"Catalogue","item":"https:\/\/mecatek.eu\/catalogue\/"},{"@type":"ListItem","position":3,"name":"Porte-v\u00e9los sur boule d&rsquo;attelage ST-Line"}]},{"@type":"WebSite","@id":"https:\/\/mecatek.eu\/#website","url":"https:\/\/mecatek.eu\/","name":"Mecatek (ehemals Sawiko Frankreich)","description":"Hersteller von Anh\u00e4ngerkupplungen f\u00fcr Wohnmobile und Lieferwagen - Mecatek","publisher":{"@id":"https:\/\/mecatek.eu\/#organization"},"potentialAction":[{"@type":"SearchAction","target":{"@type":"EntryPoint","urlTemplate":"https:\/\/mecatek.eu\/?s={search_term_string}"},"query-input":{"@type":"PropertyValueSpecification","valueRequired":true,"valueName":"search_term_string"}}],"inLanguage":"de"},{"@type":"Organization","@id":"https:\/\/mecatek.eu\/#organization","name":"Mecatek (ehemals Sawiko Frankreich)","url":"https:\/\/mecatek.eu\/","logo":{"@type":"ImageObject","inLanguage":"de","@id":"https:\/\/mecatek.eu\/#\/schema\/logo\/image\/","url":"http:\/\/mecatek.eu\/wp-content\/uploads\/2026\/01\/Logo-Mecatek-Solutions-techniques-2025-300px.png","contentUrl":"http:\/\/mecatek.eu\/wp-content\/uploads\/2026\/01\/Logo-Mecatek-Solutions-techniques-2025-300px.png","width":400,"height":94,"caption":"Mecatek (ex-Sawiko France)"},"image":{"@id":"https:\/\/mecatek.eu\/#\/schema\/logo\/image\/"}}]}},"_links":{"self":[{"href":"https:\/\/mecatek.eu\/de\/wp-json\/wp\/v2\/product\/1058","targetHints":{"allow":["GET"]}}],"collection":[{"href":"https:\/\/mecatek.eu\/de\/wp-json\/wp\/v2\/product"}],"about":[{"href":"https:\/\/mecatek.eu\/de\/wp-json\/wp\/v2\/types\/product"}],"replies":[{"embeddable":true,"href":"https:\/\/mecatek.eu\/de\/wp-json\/wp\/v2\/comments?post=1058"}],"version-history":[{"count":5,"href":"https:\/\/mecatek.eu\/de\/wp-json\/wp\/v2\/product\/1058\/revisions"}],"predecessor-version":[{"id":1092,"href":"https:\/\/mecatek.eu\/de\/wp-json\/wp\/v2\/product\/1058\/revisions\/1092"}],"wp:featuredmedia":[{"embeddable":true,"href":"https:\/\/mecatek.eu\/de\/wp-json\/wp\/v2\/media\/1059"}],"wp:attachment":[{"href":"https:\/\/mecatek.eu\/de\/wp-json\/wp\/v2\/media?parent=1058"}],"wp:term":[{"taxonomy":"product_brand","embeddable":true,"href":"https:\/\/mecatek.eu\/de\/wp-json\/wp\/v2\/product_brand?post=1058"},{"taxonomy":"product_cat","embeddable":true,"href":"https:\/\/mecatek.eu\/de\/wp-json\/wp\/v2\/product_cat?post=1058"},{"taxonomy":"product_tag","embeddable":true,"href":"https:\/\/mecatek.eu\/de\/wp-json\/wp\/v2\/product_tag?post=1058"}],"curies":[{"name":"wp","href":"https:\/\/api.w.org\/{rel}","templated":true}]}}