{"id":1046,"date":"2025-11-08T17:37:52","date_gmt":"2025-11-08T16:37:52","guid":{"rendered":"https:\/\/mecatek.eu\/?post_type=product&#038;p=1046"},"modified":"2026-01-22T18:17:36","modified_gmt":"2026-01-22T17:17:36","slug":"motorrad-fahrradtrager-fur-wohnmobile-compact-line","status":"publish","type":"product","link":"https:\/\/mecatek.eu\/de\/produkt\/motorrad-fahrradtrager-fur-wohnmobile-compact-line\/","title":{"rendered":"Fahrrad- und Motorradtr\u00e4ger f\u00fcr Wohnmobile Compact-Line"},"content":{"rendered":"<div data-elementor-type=\"product-post\" data-elementor-id=\"1046\" class=\"elementor elementor-1046\" data-elementor-post-type=\"product\">\n\t\t\t\t<div class=\"elementor-element elementor-element-19baa3d7 e-flex e-con-boxed e-con e-parent\" data-id=\"19baa3d7\" data-element_type=\"container\" data-e-type=\"container\">\n\t\t\t\t\t<div class=\"e-con-inner\">\n\t\t<div class=\"elementor-element elementor-element-f3877cb e-con-full e-flex e-con e-child\" data-id=\"f3877cb\" data-element_type=\"container\" data-e-type=\"container\">\n\t\t<div class=\"elementor-element elementor-element-6b1c5bc e-con-full e-flex e-con e-child\" data-id=\"6b1c5bc\" data-element_type=\"container\" data-e-type=\"container\">\n\t\t\t\t<div class=\"elementor-element elementor-element-614d9df elementor-widget elementor-widget-text-editor\" data-id=\"614d9df\" data-element_type=\"widget\" data-e-type=\"widget\" data-widget_type=\"text-editor.default\">\n\t\t\t\t\t\t\t\t\t<h2>Motorrad- und Fahrradst\u00e4nder <span style=\"color: #0079b3;\">Compact-Line<\/span><\/h2>\t\t\t\t\t\t\t\t<\/div>\n\t\t\t\t<div class=\"elementor-element elementor-element-5bf78ea elementor-widget elementor-widget-text-editor\" data-id=\"5bf78ea\" data-element_type=\"widget\" data-e-type=\"widget\" data-widget_type=\"text-editor.default\">\n\t\t\t\t\t\t\t\t\t<h3>Die Vorteile des Compact-Line Motorrad- und Fahrradtr\u00e4gers<\/h3><p>Der Compact-Line Fahrrad- und Motorradtr\u00e4ger ist die perfekte Antwort auf die Marktnachfrage, da er mehrere wichtige Vorteile vereint:<\/p><p><strong>Kompakt :<\/strong> Denn wenn das Produkt nicht zum Transport eines Rollers oder von Fahrr\u00e4dern verwendet wird, l\u00e4sst es sich platzsparend zusammenklappen. Bei Bedarf kann er - wie der Rest der Produktreihe - ohne Werkzeug zerlegt werden.<\/p><p><strong>Robust :<\/strong> die Nutzlast von 130 kg erm\u00f6glicht es, 95% der Marktbed\u00fcrfnisse zu erf\u00fcllen (abh\u00e4ngig von den Eigenschaften des Wohnmobils)<\/p><p><strong>Leicht :<\/strong> die Compact-Line wiegt leer nur 38 kg (ohne Halterungen)<\/p><p><strong>Praktisch :<\/strong> zusammenklappbar und ohne Werkzeug zerlegbar<\/p>\t\t\t\t\t\t\t\t<\/div>\n\t\t\t\t<\/div>\n\t\t<div class=\"elementor-element elementor-element-7be3cc2 e-con-full e-flex e-con e-child\" data-id=\"7be3cc2\" data-element_type=\"container\" data-e-type=\"container\" data-settings=\"{&quot;background_background&quot;:&quot;classic&quot;}\">\n\t\t\t\t<div class=\"elementor-element elementor-element-cd2a7ed elementor-widget elementor-widget-image\" data-id=\"cd2a7ed\" data-element_type=\"widget\" data-e-type=\"widget\" data-widget_type=\"image.default\">\n\t\t\t\t\t\t\t\t\t\t\t\t\t\t\t<img fetchpriority=\"high\" decoding=\"async\" width=\"400\" height=\"200\" src=\"https:\/\/mecatek.eu\/wp-content\/uploads\/2025\/12\/Logo-Marque-MCK.png\" class=\"attachment-full size-full wp-image-983\" alt=\"MCK-Logo\" \/>\t\t\t\t\t\t\t\t\t\t\t\t\t\t\t<\/div>\n\t\t\t\t<div class=\"elementor-element elementor-element-62705fa elementor-widget elementor-widget-text-editor\" data-id=\"62705fa\" data-element_type=\"widget\" data-e-type=\"widget\" data-widget_type=\"text-editor.default\">\n\t\t\t\t\t\t\t\t\t<p><strong>Technische Daten :<\/strong><br \/>Leergewicht: 38 Kg<br \/>Nutzlast: 130 Kg<br \/>L\u00e4nge: 2000 mm<\/p><p><strong>Existiert in verschiedenen Versionen :<\/strong><\/p><ul><li>1 Motorrad<\/li><li>1 Motorrad und 1 Fahrrad<\/li><li>1 Motorrad und 2 Fahrr\u00e4der<\/li><li>2 Fahrr\u00e4der<\/li><li>3 Fahrr\u00e4der<\/li><li>4 Fahrr\u00e4der<\/li><li>5 Fahrr\u00e4der<\/li><\/ul>\t\t\t\t\t\t\t\t<\/div>\n\t\t\t\t<\/div>\n\t\t\t\t<\/div>\n\t\t\t\t\t<\/div>\n\t\t\t\t<\/div>\n\t\t\t\t<\/div>","protected":false},"excerpt":{"rendered":"<p>Mecatek ist stolz darauf, Ihnen den Champion seiner Fahrrad- und Motorradtr\u00e4ger f\u00fcr Wohnmobile vorzustellen: Den <strong>Compact-Line<\/strong><br \/>\nDieser Fahrrad-\/Motorradtr\u00e4ger wurde speziell f\u00fcr den Markt der Freizeitfahrzeuge entwickelt, da er die Einschr\u00e4nkungen dieses Bereichs kennt. Der Compact-Line tr\u00e4gt bis zu 130Kg und ist au\u00dferdem platzsparend zusammenklappbar.<\/p>","protected":false},"featured_media":1047,"comment_status":"closed","ping_status":"closed","template":"","meta":[],"product_brand":[63],"product_cat":[30,31],"product_tag":[],"class_list":{"0":"post-1046","1":"product","2":"type-product","3":"status-publish","4":"has-post-thumbnail","6":"product_brand-mck","7":"product_cat-porte-velos-camping-car","8":"product_cat-porte-motos-camping-car","10":"first","11":"instock","12":"shipping-taxable","13":"product-type-simple"},"yoast_head":"<!-- This site is optimized with the Yoast SEO plugin v26.9 - https:\/\/yoast.com\/product\/yoast-seo-wordpress\/ -->\n<title>Porte-v\u00e9los et moto pour camping-car Compact-Line - Mecatek (ex-Sawiko France)<\/title>\n<meta name=\"description\" content=\"Compact-Line : Le porte moto pour camping-car Compact-Line de Mecatek permet de transporter une moto et jusqu&#039;\u00e0 5 v\u00e9los \u00e0 l&#039;arri\u00e8re de son v\u00e9hicule.\" \/>\n<meta name=\"robots\" content=\"index, follow, max-snippet:-1, max-image-preview:large, max-video-preview:-1\" \/>\n<link rel=\"canonical\" href=\"https:\/\/mecatek.eu\/de\/produkt\/motorrad-fahrradtrager-fur-wohnmobile-compact-line\/\" \/>\n<meta property=\"og:locale\" content=\"de_DE\" \/>\n<meta property=\"og:type\" content=\"article\" \/>\n<meta property=\"og:title\" content=\"Porte-v\u00e9los et moto pour camping-car Compact-Line - Mecatek (ex-Sawiko France)\" \/>\n<meta property=\"og:description\" content=\"Compact-Line : Le porte moto pour camping-car Compact-Line de Mecatek permet de transporter une moto et jusqu&#039;\u00e0 5 v\u00e9los \u00e0 l&#039;arri\u00e8re de son v\u00e9hicule.\" \/>\n<meta property=\"og:url\" content=\"https:\/\/mecatek.eu\/de\/produkt\/motorrad-fahrradtrager-fur-wohnmobile-compact-line\/\" \/>\n<meta property=\"og:site_name\" content=\"Mecatek (ex-Sawiko France)\" \/>\n<meta property=\"article:modified_time\" content=\"2026-01-22T17:17:36+00:00\" \/>\n<meta property=\"og:image\" content=\"http:\/\/mecatek.eu\/wp-content\/uploads\/2025\/12\/Compact-Line-1moto-2-velos.png\" \/>\n\t<meta property=\"og:image:width\" content=\"800\" \/>\n\t<meta property=\"og:image:height\" content=\"800\" \/>\n\t<meta property=\"og:image:type\" content=\"image\/png\" \/>\n<meta name=\"twitter:card\" content=\"summary_large_image\" \/>\n<meta name=\"twitter:label1\" content=\"Gesch\u00e4tzte Lesezeit\" \/>\n\t<meta name=\"twitter:data1\" content=\"2\u00a0Minuten\" \/>\n<script type=\"application\/ld+json\" class=\"yoast-schema-graph\">{\"@context\":\"https:\/\/schema.org\",\"@graph\":[{\"@type\":\"WebPage\",\"@id\":\"https:\/\/mecatek.eu\/produit\/porte-velos-moto-pour-camping-car-compact-line\/\",\"url\":\"https:\/\/mecatek.eu\/produit\/porte-velos-moto-pour-camping-car-compact-line\/\",\"name\":\"Porte-v\u00e9los et moto pour camping-car Compact-Line - Mecatek (ex-Sawiko France)\",\"isPartOf\":{\"@id\":\"https:\/\/mecatek.eu\/#website\"},\"primaryImageOfPage\":{\"@id\":\"https:\/\/mecatek.eu\/produit\/porte-velos-moto-pour-camping-car-compact-line\/#primaryimage\"},\"image\":{\"@id\":\"https:\/\/mecatek.eu\/produit\/porte-velos-moto-pour-camping-car-compact-line\/#primaryimage\"},\"thumbnailUrl\":\"https:\/\/mecatek.eu\/wp-content\/uploads\/2025\/12\/Compact-Line-1moto-2-velos.png\",\"datePublished\":\"2025-11-08T16:37:52+00:00\",\"dateModified\":\"2026-01-22T17:17:36+00:00\",\"description\":\"Compact-Line : Le porte moto pour camping-car Compact-Line de Mecatek permet de transporter une moto et jusqu'\u00e0 5 v\u00e9los \u00e0 l'arri\u00e8re de son v\u00e9hicule.\",\"breadcrumb\":{\"@id\":\"https:\/\/mecatek.eu\/produit\/porte-velos-moto-pour-camping-car-compact-line\/#breadcrumb\"},\"inLanguage\":\"de\",\"potentialAction\":[{\"@type\":\"ReadAction\",\"target\":[\"https:\/\/mecatek.eu\/produit\/porte-velos-moto-pour-camping-car-compact-line\/\"]}]},{\"@type\":\"ImageObject\",\"inLanguage\":\"de\",\"@id\":\"https:\/\/mecatek.eu\/produit\/porte-velos-moto-pour-camping-car-compact-line\/#primaryimage\",\"url\":\"https:\/\/mecatek.eu\/wp-content\/uploads\/2025\/12\/Compact-Line-1moto-2-velos.png\",\"contentUrl\":\"https:\/\/mecatek.eu\/wp-content\/uploads\/2025\/12\/Compact-Line-1moto-2-velos.png\",\"width\":800,\"height\":800,\"caption\":\"Porte-moto et v\u00e9los Compact-line\"},{\"@type\":\"BreadcrumbList\",\"@id\":\"https:\/\/mecatek.eu\/produit\/porte-velos-moto-pour-camping-car-compact-line\/#breadcrumb\",\"itemListElement\":[{\"@type\":\"ListItem\",\"position\":1,\"name\":\"Accueil\",\"item\":\"https:\/\/mecatek.eu\/\"},{\"@type\":\"ListItem\",\"position\":2,\"name\":\"Catalogue\",\"item\":\"https:\/\/mecatek.eu\/catalogue\/\"},{\"@type\":\"ListItem\",\"position\":3,\"name\":\"Porte-v\u00e9los et moto pour camping-car Compact-Line\"}]},{\"@type\":\"WebSite\",\"@id\":\"https:\/\/mecatek.eu\/#website\",\"url\":\"https:\/\/mecatek.eu\/\",\"name\":\"Mecatek (ex-Sawiko France)\",\"description\":\"Fabricant d&#039;attelages pour camping-car et fourgon - Mecatek\",\"publisher\":{\"@id\":\"https:\/\/mecatek.eu\/#organization\"},\"potentialAction\":[{\"@type\":\"SearchAction\",\"target\":{\"@type\":\"EntryPoint\",\"urlTemplate\":\"https:\/\/mecatek.eu\/?s={search_term_string}\"},\"query-input\":{\"@type\":\"PropertyValueSpecification\",\"valueRequired\":true,\"valueName\":\"search_term_string\"}}],\"inLanguage\":\"de\"},{\"@type\":\"Organization\",\"@id\":\"https:\/\/mecatek.eu\/#organization\",\"name\":\"Mecatek (ex-Sawiko France)\",\"url\":\"https:\/\/mecatek.eu\/\",\"logo\":{\"@type\":\"ImageObject\",\"inLanguage\":\"de\",\"@id\":\"https:\/\/mecatek.eu\/#\/schema\/logo\/image\/\",\"url\":\"http:\/\/mecatek.eu\/wp-content\/uploads\/2026\/01\/Logo-Mecatek-Solutions-techniques-2025-300px.png\",\"contentUrl\":\"http:\/\/mecatek.eu\/wp-content\/uploads\/2026\/01\/Logo-Mecatek-Solutions-techniques-2025-300px.png\",\"width\":400,\"height\":94,\"caption\":\"Mecatek (ex-Sawiko France)\"},\"image\":{\"@id\":\"https:\/\/mecatek.eu\/#\/schema\/logo\/image\/\"}}]}<\/script>\n<!-- \/ Yoast SEO plugin. -->","yoast_head_json":{"title":"Compact-Line Fahrrad- und Motorradtr\u00e4ger f\u00fcr Wohnmobile - Mecatek (ehemals Sawiko Deutschland)","description":"Compact-Line: Mit dem Motorradtr\u00e4ger f\u00fcr Wohnmobile Compact-Line von Mecatek k\u00f6nnen Sie ein Motorrad und bis zu 5 Fahrr\u00e4der auf der R\u00fcckseite Ihres Fahrzeugs transportieren.","robots":{"index":"index","follow":"follow","max-snippet":"max-snippet:-1","max-image-preview":"max-image-preview:large","max-video-preview":"max-video-preview:-1"},"canonical":"https:\/\/mecatek.eu\/de\/produkt\/motorrad-fahrradtrager-fur-wohnmobile-compact-line\/","og_locale":"de_DE","og_type":"article","og_title":"Porte-v\u00e9los et moto pour camping-car Compact-Line - Mecatek (ex-Sawiko France)","og_description":"Compact-Line : Le porte moto pour camping-car Compact-Line de Mecatek permet de transporter une moto et jusqu'\u00e0 5 v\u00e9los \u00e0 l'arri\u00e8re de son v\u00e9hicule.","og_url":"https:\/\/mecatek.eu\/de\/produkt\/motorrad-fahrradtrager-fur-wohnmobile-compact-line\/","og_site_name":"Mecatek (ex-Sawiko France)","article_modified_time":"2026-01-22T17:17:36+00:00","og_image":[{"width":800,"height":800,"url":"http:\/\/mecatek.eu\/wp-content\/uploads\/2025\/12\/Compact-Line-1moto-2-velos.png","type":"image\/png"}],"twitter_card":"summary_large_image","twitter_misc":{"Gesch\u00e4tzte Lesezeit":"2\u00a0Minuten"},"schema":{"@context":"https:\/\/schema.org","@graph":[{"@type":"WebPage","@id":"https:\/\/mecatek.eu\/produit\/porte-velos-moto-pour-camping-car-compact-line\/","url":"https:\/\/mecatek.eu\/produit\/porte-velos-moto-pour-camping-car-compact-line\/","name":"Compact-Line Fahrrad- und Motorradtr\u00e4ger f\u00fcr Wohnmobile - Mecatek (ehemals Sawiko Deutschland)","isPartOf":{"@id":"https:\/\/mecatek.eu\/#website"},"primaryImageOfPage":{"@id":"https:\/\/mecatek.eu\/produit\/porte-velos-moto-pour-camping-car-compact-line\/#primaryimage"},"image":{"@id":"https:\/\/mecatek.eu\/produit\/porte-velos-moto-pour-camping-car-compact-line\/#primaryimage"},"thumbnailUrl":"https:\/\/mecatek.eu\/wp-content\/uploads\/2025\/12\/Compact-Line-1moto-2-velos.png","datePublished":"2025-11-08T16:37:52+00:00","dateModified":"2026-01-22T17:17:36+00:00","description":"Compact-Line: Mit dem Motorradtr\u00e4ger f\u00fcr Wohnmobile Compact-Line von Mecatek k\u00f6nnen Sie ein Motorrad und bis zu 5 Fahrr\u00e4der auf der R\u00fcckseite Ihres Fahrzeugs transportieren.","breadcrumb":{"@id":"https:\/\/mecatek.eu\/produit\/porte-velos-moto-pour-camping-car-compact-line\/#breadcrumb"},"inLanguage":"de","potentialAction":[{"@type":"ReadAction","target":["https:\/\/mecatek.eu\/produit\/porte-velos-moto-pour-camping-car-compact-line\/"]}]},{"@type":"ImageObject","inLanguage":"de","@id":"https:\/\/mecatek.eu\/produit\/porte-velos-moto-pour-camping-car-compact-line\/#primaryimage","url":"https:\/\/mecatek.eu\/wp-content\/uploads\/2025\/12\/Compact-Line-1moto-2-velos.png","contentUrl":"https:\/\/mecatek.eu\/wp-content\/uploads\/2025\/12\/Compact-Line-1moto-2-velos.png","width":800,"height":800,"caption":"Porte-moto et v\u00e9los Compact-line"},{"@type":"BreadcrumbList","@id":"https:\/\/mecatek.eu\/produit\/porte-velos-moto-pour-camping-car-compact-line\/#breadcrumb","itemListElement":[{"@type":"ListItem","position":1,"name":"Accueil","item":"https:\/\/mecatek.eu\/"},{"@type":"ListItem","position":2,"name":"Catalogue","item":"https:\/\/mecatek.eu\/catalogue\/"},{"@type":"ListItem","position":3,"name":"Porte-v\u00e9los et moto pour camping-car Compact-Line"}]},{"@type":"WebSite","@id":"https:\/\/mecatek.eu\/#website","url":"https:\/\/mecatek.eu\/","name":"Mecatek (ehemals Sawiko Frankreich)","description":"Hersteller von Anh\u00e4ngerkupplungen f\u00fcr Wohnmobile und Lieferwagen - Mecatek","publisher":{"@id":"https:\/\/mecatek.eu\/#organization"},"potentialAction":[{"@type":"SearchAction","target":{"@type":"EntryPoint","urlTemplate":"https:\/\/mecatek.eu\/?s={search_term_string}"},"query-input":{"@type":"PropertyValueSpecification","valueRequired":true,"valueName":"search_term_string"}}],"inLanguage":"de"},{"@type":"Organization","@id":"https:\/\/mecatek.eu\/#organization","name":"Mecatek (ehemals Sawiko Frankreich)","url":"https:\/\/mecatek.eu\/","logo":{"@type":"ImageObject","inLanguage":"de","@id":"https:\/\/mecatek.eu\/#\/schema\/logo\/image\/","url":"http:\/\/mecatek.eu\/wp-content\/uploads\/2026\/01\/Logo-Mecatek-Solutions-techniques-2025-300px.png","contentUrl":"http:\/\/mecatek.eu\/wp-content\/uploads\/2026\/01\/Logo-Mecatek-Solutions-techniques-2025-300px.png","width":400,"height":94,"caption":"Mecatek (ex-Sawiko France)"},"image":{"@id":"https:\/\/mecatek.eu\/#\/schema\/logo\/image\/"}}]}},"_links":{"self":[{"href":"https:\/\/mecatek.eu\/de\/wp-json\/wp\/v2\/product\/1046","targetHints":{"allow":["GET"]}}],"collection":[{"href":"https:\/\/mecatek.eu\/de\/wp-json\/wp\/v2\/product"}],"about":[{"href":"https:\/\/mecatek.eu\/de\/wp-json\/wp\/v2\/types\/product"}],"replies":[{"embeddable":true,"href":"https:\/\/mecatek.eu\/de\/wp-json\/wp\/v2\/comments?post=1046"}],"version-history":[{"count":12,"href":"https:\/\/mecatek.eu\/de\/wp-json\/wp\/v2\/product\/1046\/revisions"}],"predecessor-version":[{"id":1091,"href":"https:\/\/mecatek.eu\/de\/wp-json\/wp\/v2\/product\/1046\/revisions\/1091"}],"wp:featuredmedia":[{"embeddable":true,"href":"https:\/\/mecatek.eu\/de\/wp-json\/wp\/v2\/media\/1047"}],"wp:attachment":[{"href":"https:\/\/mecatek.eu\/de\/wp-json\/wp\/v2\/media?parent=1046"}],"wp:term":[{"taxonomy":"product_brand","embeddable":true,"href":"https:\/\/mecatek.eu\/de\/wp-json\/wp\/v2\/product_brand?post=1046"},{"taxonomy":"product_cat","embeddable":true,"href":"https:\/\/mecatek.eu\/de\/wp-json\/wp\/v2\/product_cat?post=1046"},{"taxonomy":"product_tag","embeddable":true,"href":"https:\/\/mecatek.eu\/de\/wp-json\/wp\/v2\/product_tag?post=1046"}],"curies":[{"name":"wp","href":"https:\/\/api.w.org\/{rel}","templated":true}]}}